{"id":29083,"date":"2023-02-20T16:50:18","date_gmt":"2023-02-20T15:50:18","guid":{"rendered":"https:\/\/rapideaupark.com\/?page_id=29083"},"modified":"2024-06-17T14:59:10","modified_gmt":"2024-06-17T12:59:10","slug":"accommodatie-partners","status":"publish","type":"page","link":"https:\/\/rapideaupark.com\/nl\/accommodatie-partners\/","title":{"rendered":"Partner accommodatie"},"content":{"rendered":"<div data-elementor-type=\"wp-page\" data-elementor-id=\"29083\" class=\"elementor elementor-29083\" data-elementor-post-type=\"page\">\n\t\t\t\t\t\t<section class=\"elementor-section elementor-top-section elementor-element elementor-element-8b05f39 elementor-section-full_width elementor-section-height-min-height elementor-section-height-default elementor-section-items-middle\" data-id=\"8b05f39\" data-element_type=\"section\" data-e-type=\"section\" data-settings=\"{&quot;background_background&quot;:&quot;classic&quot;,&quot;ekit_has_onepagescroll_dot&quot;:&quot;yes&quot;}\">\n\t\t\t\t\t\t\t<div class=\"elementor-background-overlay\"><\/div>\n\t\t\t\t\t\t\t<div class=\"elementor-container elementor-column-gap-no\">\n\t\t\t\t\t<div class=\"elementor-column elementor-col-100 elementor-top-column elementor-element elementor-element-f21cdf2\" data-id=\"f21cdf2\" data-element_type=\"column\" data-e-type=\"column\">\n\t\t\t<div class=\"elementor-widget-wrap elementor-element-populated\">\n\t\t\t\t\t\t<div class=\"elementor-element elementor-element-5b36336 elementor-widget elementor-widget-heading\" data-id=\"5b36336\" data-element_type=\"widget\" data-e-type=\"widget\" data-widget_type=\"heading.default\">\n\t\t\t\t<div class=\"elementor-widget-container\">\n\t\t\t\t\t<h1 class=\"elementor-heading-title elementor-size-default\">Partner gastheren<\/h1>\t\t\t\t<\/div>\n\t\t\t\t<\/div>\n\t\t\t\t<div class=\"elementor-element elementor-element-8a1b919 elementor-widget elementor-widget-heading\" data-id=\"8a1b919\" data-element_type=\"widget\" data-e-type=\"widget\" data-widget_type=\"heading.default\">\n\t\t\t\t<div class=\"elementor-widget-container\">\n\t\t\t\t\t<h2 class=\"elementor-heading-title elementor-size-default\">Lijst met kwaliteitsaccommodaties in de buurt van de basis van Rapid&#039;Eau Park<\/h2>\t\t\t\t<\/div>\n\t\t\t\t<\/div>\n\t\t\t\t\t<\/div>\n\t\t<\/div>\n\t\t\t\t\t<\/div>\n\t\t<\/section>\n\t\t\t\t<section class=\"elementor-section elementor-top-section elementor-element elementor-element-56adb6a elementor-section-boxed elementor-section-height-default elementor-section-height-default\" data-id=\"56adb6a\" data-element_type=\"section\" data-e-type=\"section\" data-settings=\"{&quot;ekit_has_onepagescroll_dot&quot;:&quot;yes&quot;}\">\n\t\t\t\t\t\t<div class=\"elementor-container elementor-column-gap-no\">\n\t\t\t\t\t<div class=\"elementor-column elementor-col-100 elementor-top-column elementor-element elementor-element-09e186a\" data-id=\"09e186a\" data-element_type=\"column\" data-e-type=\"column\">\n\t\t\t<div class=\"elementor-widget-wrap elementor-element-populated\">\n\t\t\t\t\t\t<div class=\"elementor-element elementor-element-f8d8657 elementor-widget elementor-widget-elementskit-heading\" data-id=\"f8d8657\" data-element_type=\"widget\" data-e-type=\"widget\" data-widget_type=\"elementskit-heading.default\">\n\t\t\t\t<div class=\"elementor-widget-container\">\n\t\t\t\t\t<div class=\"ekit-wid-con\" ><div class=\"ekit-heading elementskit-section-title-wraper text_left   ekit_heading_tablet-text_center   ekit_heading_mobile-text_left\"><h2 class=\"ekit-heading--title elementskit-section-title\">Camping <span><span>Rioclar<\/span><\/span> ****<\/h2><\/div><\/div>\t\t\t\t<\/div>\n\t\t\t\t<\/div>\n\t\t\t\t\t<\/div>\n\t\t<\/div>\n\t\t\t\t\t<\/div>\n\t\t<\/section>\n\t\t\t\t<section class=\"elementor-section elementor-top-section elementor-element elementor-element-c80656c elementor-section-boxed elementor-section-height-default elementor-section-height-default\" data-id=\"c80656c\" data-element_type=\"section\" data-e-type=\"section\" data-settings=\"{&quot;ekit_has_onepagescroll_dot&quot;:&quot;yes&quot;}\">\n\t\t\t\t\t\t<div class=\"elementor-container elementor-column-gap-no\">\n\t\t\t\t\t<div class=\"elementor-column elementor-col-100 elementor-top-column elementor-element elementor-element-9317f27\" data-id=\"9317f27\" data-element_type=\"column\" data-e-type=\"column\">\n\t\t\t<div class=\"elementor-widget-wrap elementor-element-populated\">\n\t\t\t\t\t\t<section class=\"elementor-section elementor-inner-section elementor-element elementor-element-0e927cb elementor-section-boxed elementor-section-height-default elementor-section-height-default\" data-id=\"0e927cb\" data-element_type=\"section\" data-e-type=\"section\" data-settings=\"{&quot;ekit_has_onepagescroll_dot&quot;:&quot;yes&quot;}\">\n\t\t\t\t\t\t<div class=\"elementor-container elementor-column-gap-no\">\n\t\t\t\t\t<div class=\"elementor-column elementor-col-100 elementor-inner-column elementor-element elementor-element-699e593\" data-id=\"699e593\" data-element_type=\"column\" data-e-type=\"column\">\n\t\t\t<div class=\"elementor-widget-wrap elementor-element-populated\">\n\t\t\t\t\t\t<div class=\"elementor-element elementor-element-2790540 elementor-skin-slideshow elementor-arrows-yes elementor-widget elementor-widget-media-carousel\" data-id=\"2790540\" data-element_type=\"widget\" data-e-type=\"widget\" data-settings=\"{&quot;skin&quot;:&quot;slideshow&quot;,&quot;lazyload&quot;:&quot;yes&quot;,&quot;effect&quot;:&quot;slide&quot;,&quot;show_arrows&quot;:&quot;yes&quot;,&quot;speed&quot;:500,&quot;autoplay&quot;:&quot;yes&quot;,&quot;autoplay_speed&quot;:5000,&quot;loop&quot;:&quot;yes&quot;,&quot;pause_on_hover&quot;:&quot;yes&quot;,&quot;pause_on_interaction&quot;:&quot;yes&quot;,&quot;space_between&quot;:{&quot;unit&quot;:&quot;px&quot;,&quot;size&quot;:10,&quot;sizes&quot;:[]},&quot;space_between_tablet&quot;:{&quot;unit&quot;:&quot;px&quot;,&quot;size&quot;:10,&quot;sizes&quot;:[]},&quot;space_between_mobile&quot;:{&quot;unit&quot;:&quot;px&quot;,&quot;size&quot;:10,&quot;sizes&quot;:[]}}\" data-widget_type=\"media-carousel.default\">\n\t\t\t\t<div class=\"elementor-widget-container\">\n\t\t\t\t\t\t\t\t\t<div class=\"elementor-swiper\">\n\t\t\t\t\t<div class=\"elementor-main-swiper swiper\" role=\"region\" aria-roledescription=\"carousel\" aria-label=\"Diapositives\">\n\t\t\t\t<div class=\"swiper-wrapper\">\n\t\t\t\t\t\t\t\t\t\t\t<div class=\"swiper-slide\" role=\"group\" aria-roledescription=\"slide\">\n\t\t\t\t\t\t\t\t\t<div class=\"elementor-carousel-image swiper-lazy\" role=\"img\" aria-label=\"Zwembad op camping Rioclar\" data-background=\"https:\/\/rapideaupark.com\/wp-content\/uploads\/2023\/04\/1.-Piscine-1536x1027.jpg\">\n\n\t\t\t\t\t\t\t<div class=\"swiper-lazy-preloader\"><\/div>\n\t\t\t\n\t\t\t\t\t<\/div>\n\t\t\t\t\t\t\t\t<\/div>\n\t\t\t\t\t\t\t\t\t\t\t<div class=\"swiper-slide\" role=\"group\" aria-roledescription=\"slide\">\n\t\t\t\t\t\t\t\t\t<div class=\"elementor-carousel-image swiper-lazy\" role=\"img\" aria-label=\"Receptie van camping Rioclar\" data-background=\"https:\/\/rapideaupark.com\/wp-content\/uploads\/2023\/04\/5.-Reception-Julie-et-Daniel-1536x1024.jpg\">\n\n\t\t\t\t\t\t\t<div class=\"swiper-lazy-preloader\"><\/div>\n\t\t\t\n\t\t\t\t\t<\/div>\n\t\t\t\t\t\t\t\t<\/div>\n\t\t\t\t\t\t\t\t\t\t\t<div class=\"swiper-slide\" role=\"group\" aria-roledescription=\"slide\">\n\t\t\t\t\t\t\t\t\t<div class=\"elementor-carousel-image swiper-lazy\" role=\"img\" aria-label=\"Stacaravan Premium op camping Rioclar\" data-background=\"https:\/\/rapideaupark.com\/wp-content\/uploads\/2023\/04\/4.-Mobil-Home-Premium-min-1536x1152.jpg\">\n\n\t\t\t\t\t\t\t<div class=\"swiper-lazy-preloader\"><\/div>\n\t\t\t\n\t\t\t\t\t<\/div>\n\t\t\t\t\t\t\t\t<\/div>\n\t\t\t\t\t\t\t\t\t\t\t<div class=\"swiper-slide\" role=\"group\" aria-roledescription=\"slide\">\n\t\t\t\t\t\t\t\t\t<div class=\"elementor-carousel-image swiper-lazy\" role=\"img\" aria-label=\"Tennisbaan op camping Rioclar\" data-background=\"https:\/\/rapideaupark.com\/wp-content\/uploads\/2023\/04\/7.-Terrain-de-Tennis-1536x895.jpg\">\n\n\t\t\t\t\t\t\t<div class=\"swiper-lazy-preloader\"><\/div>\n\t\t\t\n\t\t\t\t\t<\/div>\n\t\t\t\t\t\t\t\t<\/div>\n\t\t\t\t\t\t\t\t\t\t\t<div class=\"swiper-slide\" role=\"group\" aria-roledescription=\"slide\">\n\t\t\t\t\t\t\t\t\t<div class=\"elementor-carousel-image swiper-lazy\" role=\"img\" aria-label=\"Stacaravan op camping Rioclar\" data-background=\"https:\/\/rapideaupark.com\/wp-content\/uploads\/2023\/04\/3.-Mobil-Home-1536x1024.jpg\">\n\n\t\t\t\t\t\t\t<div class=\"swiper-lazy-preloader\"><\/div>\n\t\t\t\n\t\t\t\t\t<\/div>\n\t\t\t\t\t\t\t\t<\/div>\n\t\t\t\t\t\t\t\t\t\t\t<div class=\"swiper-slide\" role=\"group\" aria-roledescription=\"slide\">\n\t\t\t\t\t\t\t\t\t<div class=\"elementor-carousel-image swiper-lazy\" role=\"img\" aria-label=\"Restaurantsc\u00e8ne op camping Rioclar\" data-background=\"https:\/\/rapideaupark.com\/wp-content\/uploads\/2023\/04\/6.-Scene-Resto-min-1536x1152.jpg\">\n\n\t\t\t\t\t\t\t<div class=\"swiper-lazy-preloader\"><\/div>\n\t\t\t\n\t\t\t\t\t<\/div>\n\t\t\t\t\t\t\t\t<\/div>\n\t\t\t\t\t\t\t\t\t\t\t<div class=\"swiper-slide\" role=\"group\" aria-roledescription=\"slide\">\n\t\t\t\t\t\t\t\t\t<div class=\"elementor-carousel-image swiper-lazy\" role=\"img\" aria-label=\"Speeltuin camping Rioclar\" data-background=\"https:\/\/rapideaupark.com\/wp-content\/uploads\/2023\/08\/Camping-Rioclar-\u00a9-Ubaye-tourisme-nicolas-duye-8627.jpg\">\n\n\t\t\t\t\t\t\t<div class=\"swiper-lazy-preloader\"><\/div>\n\t\t\t\n\t\t\t\t\t<\/div>\n\t\t\t\t\t\t\t\t<\/div>\n\t\t\t\t\t\t\t\t\t\t\t<div class=\"swiper-slide\" role=\"group\" aria-roledescription=\"slide\">\n\t\t\t\t\t\t\t\t\t<div class=\"elementor-carousel-image swiper-lazy\" role=\"img\" aria-label=\"Locatie van camping Rioclar\" data-background=\"https:\/\/rapideaupark.com\/wp-content\/uploads\/2023\/04\/2.Emplacement-1536x1024.jpg\">\n\n\t\t\t\t\t\t\t<div class=\"swiper-lazy-preloader\"><\/div>\n\t\t\t\n\t\t\t\t\t<\/div>\n\t\t\t\t\t\t\t\t<\/div>\n\t\t\t\t\t\t\t\t\t\t\t<div class=\"swiper-slide\" role=\"group\" aria-roledescription=\"slide\">\n\t\t\t\t\t\t\t\t\t<div class=\"elementor-carousel-image swiper-lazy\" role=\"img\" aria-label=\"De Ubaye stroomt onder de camping Rioclar door\" data-background=\"https:\/\/rapideaupark.com\/wp-content\/uploads\/2023\/04\/9.-Ubaye-Riviere-qui-longe-le-camping-1536x1024.jpg\">\n\n\t\t\t\t\t\t\t<div class=\"swiper-lazy-preloader\"><\/div>\n\t\t\t\n\t\t\t\t\t<\/div>\n\t\t\t\t\t\t\t\t<\/div>\n\t\t\t\t\t\t\t\t\t\t\t<div class=\"swiper-slide\" role=\"group\" aria-roledescription=\"slide\">\n\t\t\t\t\t\t\t\t\t<div class=\"elementor-carousel-image swiper-lazy\" role=\"img\" aria-label=\"Zwembad en glijbanen op camping Rioclar\" data-background=\"https:\/\/rapideaupark.com\/wp-content\/uploads\/2023\/08\/Photo-Piscine-Bandeau-rioclar-1-1536x694.jpg\">\n\n\t\t\t\t\t\t\t<div class=\"swiper-lazy-preloader\"><\/div>\n\t\t\t\n\t\t\t\t\t<\/div>\n\t\t\t\t\t\t\t\t<\/div>\n\t\t\t\t\t\t\t\t\t<\/div>\n\t\t\t\t\t\t\t\t\t\t\t\t\t\t\t<div class=\"elementor-swiper-button elementor-swiper-button-prev\" role=\"button\" tabindex=\"0\" aria-label=\"vorig\">\n\t\t\t\t\t\t\t<i aria-hidden=\"true\" class=\"eicon-chevron-left\"><\/i>\t\t\t\t\t\t<\/div>\n\t\t\t\t\t\t<div class=\"elementor-swiper-button elementor-swiper-button-next\" role=\"button\" tabindex=\"0\" aria-label=\"Als vervolg op\">\n\t\t\t\t\t\t\t<i aria-hidden=\"true\" class=\"eicon-chevron-right\"><\/i>\t\t\t\t\t\t<\/div>\n\t\t\t\t\t\t\t\t\t\t\t\t\t\t\t\t\t<\/div>\n\t\t\t\t<\/div>\n\t\t\t\t\t\t\t\t<div class=\"elementor-swiper\">\n\t\t\t\t\t<div class=\"elementor-main-swiper swiper elementor-thumbnails-swiper swiper\" role=\"region region\" aria-roledescription=\"carousel carousel\" aria-label=\"Diapositives Diapositives\">\n\t\t\t\t<div class=\"swiper-wrapper\">\n\t\t\t\t\t\t\t\t\t\t\t<div class=\"swiper-slide\" role=\"group\" aria-roledescription=\"slide\">\n\t\t\t\t\t\t\t\t\t<div class=\"elementor-carousel-image swiper-lazy\" role=\"img\" aria-label=\"Zwembad op camping Rioclar\" data-background=\"https:\/\/rapideaupark.com\/wp-content\/uploads\/2023\/04\/1.-Piscine-1536x1027.jpg\">\n\n\t\t\t\t\t\t\t<div class=\"swiper-lazy-preloader\"><\/div>\n\t\t\t\n\t\t\t\t\t<\/div>\n\t\t\t\t\t\t\t\t<\/div>\n\t\t\t\t\t\t\t\t\t\t\t<div class=\"swiper-slide\" role=\"group\" aria-roledescription=\"slide\">\n\t\t\t\t\t\t\t\t\t<div class=\"elementor-carousel-image swiper-lazy\" role=\"img\" aria-label=\"Receptie van camping Rioclar\" data-background=\"https:\/\/rapideaupark.com\/wp-content\/uploads\/2023\/04\/5.-Reception-Julie-et-Daniel-1536x1024.jpg\">\n\n\t\t\t\t\t\t\t<div class=\"swiper-lazy-preloader\"><\/div>\n\t\t\t\n\t\t\t\t\t<\/div>\n\t\t\t\t\t\t\t\t<\/div>\n\t\t\t\t\t\t\t\t\t\t\t<div class=\"swiper-slide\" role=\"group\" aria-roledescription=\"slide\">\n\t\t\t\t\t\t\t\t\t<div class=\"elementor-carousel-image swiper-lazy\" role=\"img\" aria-label=\"Stacaravan Premium op camping Rioclar\" data-background=\"https:\/\/rapideaupark.com\/wp-content\/uploads\/2023\/04\/4.-Mobil-Home-Premium-min-1536x1152.jpg\">\n\n\t\t\t\t\t\t\t<div class=\"swiper-lazy-preloader\"><\/div>\n\t\t\t\n\t\t\t\t\t<\/div>\n\t\t\t\t\t\t\t\t<\/div>\n\t\t\t\t\t\t\t\t\t\t\t<div class=\"swiper-slide\" role=\"group\" aria-roledescription=\"slide\">\n\t\t\t\t\t\t\t\t\t<div class=\"elementor-carousel-image swiper-lazy\" role=\"img\" aria-label=\"Tennisbaan op camping Rioclar\" data-background=\"https:\/\/rapideaupark.com\/wp-content\/uploads\/2023\/04\/7.-Terrain-de-Tennis-1536x895.jpg\">\n\n\t\t\t\t\t\t\t<div class=\"swiper-lazy-preloader\"><\/div>\n\t\t\t\n\t\t\t\t\t<\/div>\n\t\t\t\t\t\t\t\t<\/div>\n\t\t\t\t\t\t\t\t\t\t\t<div class=\"swiper-slide\" role=\"group\" aria-roledescription=\"slide\">\n\t\t\t\t\t\t\t\t\t<div class=\"elementor-carousel-image swiper-lazy\" role=\"img\" aria-label=\"Stacaravan op camping Rioclar\" data-background=\"https:\/\/rapideaupark.com\/wp-content\/uploads\/2023\/04\/3.-Mobil-Home-1536x1024.jpg\">\n\n\t\t\t\t\t\t\t<div class=\"swiper-lazy-preloader\"><\/div>\n\t\t\t\n\t\t\t\t\t<\/div>\n\t\t\t\t\t\t\t\t<\/div>\n\t\t\t\t\t\t\t\t\t\t\t<div class=\"swiper-slide\" role=\"group\" aria-roledescription=\"slide\">\n\t\t\t\t\t\t\t\t\t<div class=\"elementor-carousel-image swiper-lazy\" role=\"img\" aria-label=\"Restaurantsc\u00e8ne op camping Rioclar\" data-background=\"https:\/\/rapideaupark.com\/wp-content\/uploads\/2023\/04\/6.-Scene-Resto-min-1536x1152.jpg\">\n\n\t\t\t\t\t\t\t<div class=\"swiper-lazy-preloader\"><\/div>\n\t\t\t\n\t\t\t\t\t<\/div>\n\t\t\t\t\t\t\t\t<\/div>\n\t\t\t\t\t\t\t\t\t\t\t<div class=\"swiper-slide\" role=\"group\" aria-roledescription=\"slide\">\n\t\t\t\t\t\t\t\t\t<div class=\"elementor-carousel-image swiper-lazy\" role=\"img\" aria-label=\"Speeltuin camping Rioclar\" data-background=\"https:\/\/rapideaupark.com\/wp-content\/uploads\/2023\/08\/Camping-Rioclar-\u00a9-Ubaye-tourisme-nicolas-duye-8627.jpg\">\n\n\t\t\t\t\t\t\t<div class=\"swiper-lazy-preloader\"><\/div>\n\t\t\t\n\t\t\t\t\t<\/div>\n\t\t\t\t\t\t\t\t<\/div>\n\t\t\t\t\t\t\t\t\t\t\t<div class=\"swiper-slide\" role=\"group\" aria-roledescription=\"slide\">\n\t\t\t\t\t\t\t\t\t<div class=\"elementor-carousel-image swiper-lazy\" role=\"img\" aria-label=\"Locatie van camping Rioclar\" data-background=\"https:\/\/rapideaupark.com\/wp-content\/uploads\/2023\/04\/2.Emplacement-1536x1024.jpg\">\n\n\t\t\t\t\t\t\t<div class=\"swiper-lazy-preloader\"><\/div>\n\t\t\t\n\t\t\t\t\t<\/div>\n\t\t\t\t\t\t\t\t<\/div>\n\t\t\t\t\t\t\t\t\t\t\t<div class=\"swiper-slide\" role=\"group\" aria-roledescription=\"slide\">\n\t\t\t\t\t\t\t\t\t<div class=\"elementor-carousel-image swiper-lazy\" role=\"img\" aria-label=\"De Ubaye stroomt onder de camping Rioclar door\" data-background=\"https:\/\/rapideaupark.com\/wp-content\/uploads\/2023\/04\/9.-Ubaye-Riviere-qui-longe-le-camping-1536x1024.jpg\">\n\n\t\t\t\t\t\t\t<div class=\"swiper-lazy-preloader\"><\/div>\n\t\t\t\n\t\t\t\t\t<\/div>\n\t\t\t\t\t\t\t\t<\/div>\n\t\t\t\t\t\t\t\t\t\t\t<div class=\"swiper-slide\" role=\"group\" aria-roledescription=\"slide\">\n\t\t\t\t\t\t\t\t\t<div class=\"elementor-carousel-image swiper-lazy\" role=\"img\" aria-label=\"Zwembad en glijbanen op camping Rioclar\" data-background=\"https:\/\/rapideaupark.com\/wp-content\/uploads\/2023\/08\/Photo-Piscine-Bandeau-rioclar-1-1536x694.jpg\">\n\n\t\t\t\t\t\t\t<div class=\"swiper-lazy-preloader\"><\/div>\n\t\t\t\n\t\t\t\t\t<\/div>\n\t\t\t\t\t\t\t\t<\/div>\n\t\t\t\t\t\t\t\t\t<\/div>\n\t\t\t\t\t\t\t\t\t\t\t\t\t\t\t\t\t\t\t\t\t<\/div>\n\t\t\t\t<\/div>\n\t\t\t\t\t\t\t\t<\/div>\n\t\t\t\t<\/div>\n\t\t\t\t<div class=\"elementor-element elementor-element-51ba39c elementor-tabs-view-vertical elementor-tabs-alignment-stretch elementor-widget__width-initial elementor-widget elementor-widget-tabs\" data-id=\"51ba39c\" data-element_type=\"widget\" data-e-type=\"widget\" data-widget_type=\"tabs.default\">\n\t\t\t\t<div class=\"elementor-widget-container\">\n\t\t\t\t\t\t\t<div class=\"elementor-tabs\">\n\t\t\t<div class=\"elementor-tabs-wrapper\" role=\"tablist\" >\n\t\t\t\t\t\t\t\t\t<div id=\"elementor-tab-title-8561\" class=\"elementor-tab-title elementor-tab-desktop-title\" aria-selected=\"true\" data-tab=\"1\" role=\"tab\" tabindex=\"0\" aria-controls=\"elementor-tab-content-8561\" aria-expanded=\"false\">Beschrijving<\/div>\n\t\t\t\t\t\t\t\t\t<div id=\"elementor-tab-title-8562\" class=\"elementor-tab-title elementor-tab-desktop-title\" aria-selected=\"false\" data-tab=\"2\" role=\"tab\" tabindex=\"-1\" aria-controls=\"elementor-tab-content-8562\" aria-expanded=\"false\">Activiteiten<\/div>\n\t\t\t\t\t\t\t\t\t<div id=\"elementor-tab-title-8563\" class=\"elementor-tab-title elementor-tab-desktop-title\" aria-selected=\"false\" data-tab=\"3\" role=\"tab\" tabindex=\"-1\" aria-controls=\"elementor-tab-content-8563\" aria-expanded=\"false\">Plaats<\/div>\n\t\t\t\t\t\t\t\t\t<div id=\"elementor-tab-title-8564\" class=\"elementor-tab-title elementor-tab-desktop-title\" aria-selected=\"false\" data-tab=\"4\" role=\"tab\" tabindex=\"-1\" aria-controls=\"elementor-tab-content-8564\" aria-expanded=\"false\">Contact<\/div>\n\t\t\t\t\t\t\t<\/div>\n\t\t\t<div class=\"elementor-tabs-content-wrapper\" role=\"tablist\" aria-orientation=\"vertical\">\n\t\t\t\t\t\t\t\t\t<div class=\"elementor-tab-title elementor-tab-mobile-title\" aria-selected=\"true\" data-tab=\"1\" role=\"tab\" tabindex=\"0\" aria-controls=\"elementor-tab-content-8561\" aria-expanded=\"false\">Beschrijving<\/div>\n\t\t\t\t\t<div id=\"elementor-tab-content-8561\" class=\"elementor-tab-content elementor-clearfix\" data-tab=\"1\" role=\"tabpanel\" aria-labelledby=\"elementor-tab-title-8561\" tabindex=\"0\" hidden=\"false\"><p><span style=\"font-family: Cormorant SC; font-weight: 900; color: #000000; font-size: 20px;\">Camping Rioclar ****<\/span><\/p><p style=\"text-align: left;\">Camping Rioclar, aan de oevers van de Ubaye, heet u welkom in een dennen-, sparren- en lariksbos van 8 ha op een hoogte van 1100 meter.<\/p><p style=\"text-align: left;\">Verblijf in de Rioclar in een accommodatie of op een traditionele kampeerplaats voor een verblijf gericht op natuur, ontdekking, sport en ontspanning! Kies de oplossing die bij u past: stacaravan, chalet, lodgetent, hooggelegen tent of zelfs een tent-\/camperplaats.<\/p><p style=\"text-align: left;\">Verwarmd zwembad van 200m\u00b2. Directe toegang tot de rivier &quot;Ubaye&quot; en het meer van Rioclar. Grote halfschaduwrijke plaatsen van 80 tot 150 m\u00b2. Restaurant, bar en panoramisch terras. Kruidenier en brooddepot. De was. Gratis snelle WiFi.<\/p><\/div>\n\t\t\t\t\t\t\t\t\t<div class=\"elementor-tab-title elementor-tab-mobile-title\" aria-selected=\"false\" data-tab=\"2\" role=\"tab\" tabindex=\"-1\" aria-controls=\"elementor-tab-content-8562\" aria-expanded=\"false\">Activiteiten<\/div>\n\t\t\t\t\t<div id=\"elementor-tab-content-8562\" class=\"elementor-tab-content elementor-clearfix\" data-tab=\"2\" role=\"tabpanel\" aria-labelledby=\"elementor-tab-title-8562\" tabindex=\"0\" hidden=\"hidden\"><p>Bijgebouw van de wildwaterbasis Rapid&#039;Eau op de camping, vanaf de camping kunt u uw activiteiten op de rivier uitoefenen. Verhuur van elektrische VVT&#039;s.\u00a0<\/p><p>Veel gratis activiteiten en animaties voor alle leeftijden: kinderclub, sportevenementen, nachtwaken en concerten, pingpongtafels, multisportterrein, badmintonveld, tennisveld, jeu de boulesbaan, minigolf, speeltuin kinderspelen, tafelvoetbal , biljart.<\/p><p><span style=\"text-align: justify;\">Ontdek de vele wandelpaden en probeer vele buitenactiviteiten uit: wildwatersporten, mountainbiken, fietstoerisme, paragliding, boomklimmen, klimmen, paintballen, karten, golfen, paardrijden,... zoveel mogelijkheden in de directe omgeving omgeving van de camping.<\/span><\/p><p>Aquatisch gebied van 840m2 met twee verwarmde zwembaden. Peuterbad met glijbanen voor de allerkleinsten. Directe toegang tot de rivier &quot;Ubaye&quot; en het meer van Rioclar. Grote halfschaduwrijke plaatsen van 80 tot 150 m\u00b2. Restaurant, bar en panoramisch terras. Kruidenier en brooddepot. De was. Speeltuin, tennis, multisport, minigolf, petanquebanen, Base Eaux-Vives Rapid&#039;Eau Park, animatie en kinderclub. Gratis snelle WiFi.<\/p><\/div>\n\t\t\t\t\t\t\t\t\t<div class=\"elementor-tab-title elementor-tab-mobile-title\" aria-selected=\"false\" data-tab=\"3\" role=\"tab\" tabindex=\"-1\" aria-controls=\"elementor-tab-content-8563\" aria-expanded=\"false\">Plaats<\/div>\n\t\t\t\t\t<div id=\"elementor-tab-content-8563\" class=\"elementor-tab-content elementor-clearfix\" data-tab=\"3\" role=\"tabpanel\" aria-labelledby=\"elementor-tab-title-8563\" tabindex=\"0\" hidden=\"hidden\"><p>7 minuten van Barcelonnette, 20 minuten van het meer van Serre-Pon\u00e7on en aan de poorten van het Nationaal Park Mercantour. En 15 min te voet \/ 2 min met de auto vanaf de basis van Rapid&#039;Eau Park.<\/p><p><strong>Adres :\u00a0<\/strong>Julie en Benoit \u2013 Camping Rioclar<\/p><p>D900 Route de Barcelonnette<\/p><p>04340 Meolans-Revel<\/p><\/div>\n\t\t\t\t\t\t\t\t\t<div class=\"elementor-tab-title elementor-tab-mobile-title\" aria-selected=\"false\" data-tab=\"4\" role=\"tab\" tabindex=\"-1\" aria-controls=\"elementor-tab-content-8564\" aria-expanded=\"false\">Contact<\/div>\n\t\t\t\t\t<div id=\"elementor-tab-content-8564\" class=\"elementor-tab-content elementor-clearfix\" data-tab=\"4\" role=\"tabpanel\" aria-labelledby=\"elementor-tab-title-8564\" tabindex=\"0\" hidden=\"hidden\"><p><strong>Zo een :<\/strong> 0033(0)4 92 81 10 32<\/p><p><strong>E-mail:<\/strong> hello@rioclar.com<\/p><p><strong>Website:<\/strong> <a href=\"https:\/\/rioclar.fr\/\" target=\"_blank\" rel=\"noopener\">https:\/\/rioclar.fr\/<\/a><\/p><p><strong>openen:<\/strong> eind april tot half september<\/p><p><strong>Facebook-link:<\/strong> <a href=\"https:\/\/www.facebook.com\/campingrioclar04\/\" target=\"_blank\" rel=\"nofollow noopener\">https:\/\/www.facebook.com\/campingrioclar04\/<\/a><\/p><p><strong>Instagram-link:<\/strong> <a href=\"https:\/\/www.instagram.com\/campingrioclar\/?hl=en\" target=\"_blank\" rel=\"nofollow noopener\">https:\/\/www.instagram.com\/campingrioclar\/?hl=en<\/a><\/p><\/div>\n\t\t\t\t\t\t\t<\/div>\n\t\t<\/div>\n\t\t\t\t\t\t<\/div>\n\t\t\t\t<\/div>\n\t\t\t\t<div class=\"elementor-element elementor-element-42628f2 e-transform elementor-widget-divider--separator-type-pattern elementor-widget-divider--no-spacing elementor-widget-divider--view-line elementor-widget elementor-widget-divider\" data-id=\"42628f2\" data-element_type=\"widget\" data-e-type=\"widget\" data-settings=\"{&quot;_transform_flipX_effect&quot;:&quot;transform&quot;}\" data-widget_type=\"divider.default\">\n\t\t\t\t<div class=\"elementor-widget-container\">\n\t\t\t\t\t\t\t<div class=\"elementor-divider\" style=\"--divider-pattern-url: url(&quot;data:image\/svg+xml,%3Csvg xmlns=&#039;http:\/\/www.w3.org\/2000\/svg&#039; preserveAspectRatio=&#039;xMidYMid meet&#039; overflow=&#039;visible&#039; height=&#039;100%&#039; viewBox=&#039;0 0 123 26&#039; fill=&#039;black&#039; stroke=&#039;none&#039;%3E%3Cpath d=&#039;M6.4,2l4.2,5.7H7.7v2.7l3.8,5.2l-3.8,0v7.8H4.8v-7.8H0l4.8-5.2V7.7H1.1L6.4,2z M25.6,2L31,7.7h-3.7v2.7l4.8,5.2h-4.8v7.8h-2.8v-7.8l-3.8,0l3.8-5.2V7.7h-2.9L25.6,2z M47.5,2l4.2,5.7h-3.3v2.7l3.8,5.2l-3.8,0l0.4,7.8h-2.8v-7.8H41l4.8-5.2V7.7h-3.7L47.5,2z M66.2,2l5.4,5.7h-3.7v2.7l4.8,5.2h-4.8v7.8H65v-7.8l-3.8,0l3.8-5.2V7.7h-2.9L66.2,2zM87.4,2l4.8,5.7h-2.9v3.1l3.8,4.8l-3.8,0v7.8h-2.8v-7.8h-4.8l4.8-4.8V7.7h-3.7L87.4,2z M107.3,2l5.4,5.7h-3.7v2.7l4.8,5.2h-4.8v7.8H106v-7.8l-3.8,0l3.8-5.2V7.7h-2.9L107.3,2z&#039;\/%3E%3C\/svg%3E&quot;);\">\n\t\t\t<span class=\"elementor-divider-separator\">\n\t\t\t\t\t\t<\/span>\n\t\t<\/div>\n\t\t\t\t\t\t<\/div>\n\t\t\t\t<\/div>\n\t\t\t\t\t<\/div>\n\t\t<\/div>\n\t\t\t\t\t<\/div>\n\t\t<\/section>\n\t\t\t\t<div class=\"elementor-element elementor-element-f8f3dcc elementor-widget elementor-widget-elementskit-heading\" data-id=\"f8f3dcc\" data-element_type=\"widget\" data-e-type=\"widget\" data-widget_type=\"elementskit-heading.default\">\n\t\t\t\t<div class=\"elementor-widget-container\">\n\t\t\t\t\t<div class=\"ekit-wid-con\" ><div class=\"ekit-heading elementskit-section-title-wraper text_left   ekit_heading_tablet-text_center   ekit_heading_mobile-text_left\"><h2 class=\"ekit-heading--title elementskit-section-title\">Yelloh dorp <span><span>De sneeuwster<\/span><\/span> ****<\/h2><\/div><\/div>\t\t\t\t<\/div>\n\t\t\t\t<\/div>\n\t\t\t\t<section class=\"elementor-section elementor-inner-section elementor-element elementor-element-332813a elementor-section-boxed elementor-section-height-default elementor-section-height-default\" data-id=\"332813a\" data-element_type=\"section\" data-e-type=\"section\" data-settings=\"{&quot;ekit_has_onepagescroll_dot&quot;:&quot;yes&quot;}\">\n\t\t\t\t\t\t<div class=\"elementor-container elementor-column-gap-no\">\n\t\t\t\t\t<div class=\"elementor-column elementor-col-100 elementor-inner-column elementor-element elementor-element-c425690\" data-id=\"c425690\" data-element_type=\"column\" data-e-type=\"column\">\n\t\t\t<div class=\"elementor-widget-wrap elementor-element-populated\">\n\t\t\t\t\t\t<div class=\"elementor-element elementor-element-6ba1a13 elementor-skin-slideshow elementor-arrows-yes elementor-widget elementor-widget-media-carousel\" data-id=\"6ba1a13\" data-element_type=\"widget\" data-e-type=\"widget\" data-settings=\"{&quot;skin&quot;:&quot;slideshow&quot;,&quot;lazyload&quot;:&quot;yes&quot;,&quot;effect&quot;:&quot;slide&quot;,&quot;show_arrows&quot;:&quot;yes&quot;,&quot;speed&quot;:500,&quot;autoplay&quot;:&quot;yes&quot;,&quot;autoplay_speed&quot;:5000,&quot;loop&quot;:&quot;yes&quot;,&quot;pause_on_hover&quot;:&quot;yes&quot;,&quot;pause_on_interaction&quot;:&quot;yes&quot;,&quot;space_between&quot;:{&quot;unit&quot;:&quot;px&quot;,&quot;size&quot;:10,&quot;sizes&quot;:[]},&quot;space_between_tablet&quot;:{&quot;unit&quot;:&quot;px&quot;,&quot;size&quot;:10,&quot;sizes&quot;:[]},&quot;space_between_mobile&quot;:{&quot;unit&quot;:&quot;px&quot;,&quot;size&quot;:10,&quot;sizes&quot;:[]}}\" data-widget_type=\"media-carousel.default\">\n\t\t\t\t<div class=\"elementor-widget-container\">\n\t\t\t\t\t\t\t\t\t<div class=\"elementor-swiper\">\n\t\t\t\t\t<div class=\"elementor-main-swiper swiper\" role=\"region\" aria-roledescription=\"carousel\" aria-label=\"Diapositives\">\n\t\t\t\t<div class=\"swiper-wrapper\">\n\t\t\t\t\t\t\t\t\t\t\t<div class=\"swiper-slide\" role=\"group\" aria-roledescription=\"slide\">\n\t\t\t\t\t\t\t\t\t<div class=\"elementor-carousel-image swiper-lazy\" role=\"img\" aria-label=\"Balneotherapieruimte van het Yelloh-dorp l&#039;\u00e9toile des neiges\" data-background=\"https:\/\/rapideaupark.com\/wp-content\/uploads\/2023\/04\/ESPACE-BALNEO-CAMPING-MONTAGNE-ALPES-1536x1152.jpg\">\n\n\t\t\t\t\t\t\t<div class=\"swiper-lazy-preloader\"><\/div>\n\t\t\t\n\t\t\t\t\t<\/div>\n\t\t\t\t\t\t\t\t<\/div>\n\t\t\t\t\t\t\t\t\t\t\t<div class=\"swiper-slide\" role=\"group\" aria-roledescription=\"slide\">\n\t\t\t\t\t\t\t\t\t<div class=\"elementor-carousel-image swiper-lazy\" role=\"img\" aria-label=\"Landschap van het dorp Yelloh l&#039;\u00e9toile des neiges\" data-background=\"https:\/\/rapideaupark.com\/wp-content\/uploads\/2023\/04\/e18_yelloh_village_l_eto_1430045_Etoile_des_neiges_HEBERGEMENT_Allee_03-1536x1152.jpg\">\n\n\t\t\t\t\t\t\t<div class=\"swiper-lazy-preloader\"><\/div>\n\t\t\t\n\t\t\t\t\t<\/div>\n\t\t\t\t\t\t\t\t<\/div>\n\t\t\t\t\t\t\t\t\t\t\t<div class=\"swiper-slide\" role=\"group\" aria-roledescription=\"slide\">\n\t\t\t\t\t\t\t\t\t<div class=\"elementor-carousel-image swiper-lazy\" role=\"img\" aria-label=\"Yelloh Village L&#039;Etoile des Neiges tennisbaan\" data-background=\"https:\/\/rapideaupark.com\/wp-content\/uploads\/2023\/04\/e18_yelloh_village_l_eto_1430045_Etoile_des_neiges_ACTIVITE_TENNIS_01-1536x1152.jpg\">\n\n\t\t\t\t\t\t\t<div class=\"swiper-lazy-preloader\"><\/div>\n\t\t\t\n\t\t\t\t\t<\/div>\n\t\t\t\t\t\t\t\t<\/div>\n\t\t\t\t\t\t\t\t\t\t\t<div class=\"swiper-slide\" role=\"group\" aria-roledescription=\"slide\">\n\t\t\t\t\t\t\t\t\t<div class=\"elementor-carousel-image swiper-lazy\" role=\"img\" aria-label=\"Stacaravan van het Yelloh village l&#039;\u00e9toile des neiges\" data-background=\"https:\/\/rapideaupark.com\/wp-content\/uploads\/2023\/04\/e18_yelloh_village_l_eto_1430045_Etoile_des_neiges_HEBERGEMENT_Allee_01-1536x1152.jpg\">\n\n\t\t\t\t\t\t\t<div class=\"swiper-lazy-preloader\"><\/div>\n\t\t\t\n\t\t\t\t\t<\/div>\n\t\t\t\t\t\t\t\t<\/div>\n\t\t\t\t\t\t\t\t\t\t\t<div class=\"swiper-slide\" role=\"group\" aria-roledescription=\"slide\">\n\t\t\t\t\t\t\t\t\t<div class=\"elementor-carousel-image swiper-lazy\" role=\"img\" aria-label=\"Buitenspelen voor kinderen in het Yelloh village l&#039;\u00e9toile des neiges\" data-background=\"https:\/\/rapideaupark.com\/wp-content\/uploads\/2023\/04\/e18_yelloh_village_l_eto_1430045_Etoile_des_neiges_ACTIVITE_JeuxEnfants_02-1536x1152.jpg\">\n\n\t\t\t\t\t\t\t<div class=\"swiper-lazy-preloader\"><\/div>\n\t\t\t\n\t\t\t\t\t<\/div>\n\t\t\t\t\t\t\t\t<\/div>\n\t\t\t\t\t\t\t\t\t\t\t<div class=\"swiper-slide\" role=\"group\" aria-roledescription=\"slide\">\n\t\t\t\t\t\t\t\t\t<div class=\"elementor-carousel-image swiper-lazy\" role=\"img\" aria-label=\"Sporthal van het dorp Yelloh l&#039;\u00e9toile des neiges\" data-background=\"https:\/\/rapideaupark.com\/wp-content\/uploads\/2023\/04\/e18_yelloh_village_l_eto_1430045_Etoile_des_neiges_ACTIVITE_FITNESS_03-1536x1152.jpg\">\n\n\t\t\t\t\t\t\t<div class=\"swiper-lazy-preloader\"><\/div>\n\t\t\t\n\t\t\t\t\t<\/div>\n\t\t\t\t\t\t\t\t<\/div>\n\t\t\t\t\t\t\t\t\t\t\t<div class=\"swiper-slide\" role=\"group\" aria-roledescription=\"slide\">\n\t\t\t\t\t\t\t\t\t<div class=\"elementor-carousel-image swiper-lazy\" role=\"img\" aria-label=\"Zwembaden van het dorp Yelloh l&#039;\u00e9toile des neiges\" data-background=\"https:\/\/rapideaupark.com\/wp-content\/uploads\/2023\/04\/CAMPING-FAMILLES-ALPES-LAC-SERRE-PONCON-MONTCLAR-PISCINES-1536x1152.jpg\">\n\n\t\t\t\t\t\t\t<div class=\"swiper-lazy-preloader\"><\/div>\n\t\t\t\n\t\t\t\t\t<\/div>\n\t\t\t\t\t\t\t\t<\/div>\n\t\t\t\t\t\t\t\t\t\t\t<div class=\"swiper-slide\" role=\"group\" aria-roledescription=\"slide\">\n\t\t\t\t\t\t\t\t\t<div class=\"elementor-carousel-image swiper-lazy\" role=\"img\" aria-label=\"Zwembaden van het dorp Yelloh l&#039;\u00e9toile des neiges\" data-background=\"https:\/\/rapideaupark.com\/wp-content\/uploads\/2023\/04\/CAMPING-FAMILLES-ALPES-LAC-SERRE-PONCON-MONTCLAR-PISCINES-1536x1152.jpg\">\n\n\t\t\t\t\t\t\t<div class=\"swiper-lazy-preloader\"><\/div>\n\t\t\t\n\t\t\t\t\t<\/div>\n\t\t\t\t\t\t\t\t<\/div>\n\t\t\t\t\t\t\t\t\t\t\t<div class=\"swiper-slide\" role=\"group\" aria-roledescription=\"slide\">\n\t\t\t\t\t\t\t\t\t<div class=\"elementor-carousel-image swiper-lazy\" role=\"img\" aria-label=\"Spa in het Yelloh Village l&#039;Etoile des Neiges\" data-background=\"https:\/\/rapideaupark.com\/wp-content\/uploads\/2023\/04\/e18_yelloh_village_l_eto_1430045_Etoile_des_neiges_ESPACEAQUATIQUE_25-1536x1152.jpg\">\n\n\t\t\t\t\t\t\t<div class=\"swiper-lazy-preloader\"><\/div>\n\t\t\t\n\t\t\t\t\t<\/div>\n\t\t\t\t\t\t\t\t<\/div>\n\t\t\t\t\t\t\t\t\t<\/div>\n\t\t\t\t\t\t\t\t\t\t\t\t\t\t\t<div class=\"elementor-swiper-button elementor-swiper-button-prev\" role=\"button\" tabindex=\"0\" aria-label=\"vorig\">\n\t\t\t\t\t\t\t<i aria-hidden=\"true\" class=\"eicon-chevron-left\"><\/i>\t\t\t\t\t\t<\/div>\n\t\t\t\t\t\t<div class=\"elementor-swiper-button elementor-swiper-button-next\" role=\"button\" tabindex=\"0\" aria-label=\"Als vervolg op\">\n\t\t\t\t\t\t\t<i aria-hidden=\"true\" class=\"eicon-chevron-right\"><\/i>\t\t\t\t\t\t<\/div>\n\t\t\t\t\t\t\t\t\t\t\t\t\t\t\t\t\t<\/div>\n\t\t\t\t<\/div>\n\t\t\t\t\t\t\t\t<div class=\"elementor-swiper\">\n\t\t\t\t\t<div class=\"elementor-main-swiper swiper elementor-thumbnails-swiper swiper\" role=\"region region\" aria-roledescription=\"carousel carousel\" aria-label=\"Diapositives Diapositives\">\n\t\t\t\t<div class=\"swiper-wrapper\">\n\t\t\t\t\t\t\t\t\t\t\t<div class=\"swiper-slide\" role=\"group\" aria-roledescription=\"slide\">\n\t\t\t\t\t\t\t\t\t<div class=\"elementor-carousel-image swiper-lazy\" role=\"img\" aria-label=\"Balneotherapieruimte van het Yelloh-dorp l&#039;\u00e9toile des neiges\" data-background=\"https:\/\/rapideaupark.com\/wp-content\/uploads\/2023\/04\/ESPACE-BALNEO-CAMPING-MONTAGNE-ALPES-1536x1152.jpg\">\n\n\t\t\t\t\t\t\t<div class=\"swiper-lazy-preloader\"><\/div>\n\t\t\t\n\t\t\t\t\t<\/div>\n\t\t\t\t\t\t\t\t<\/div>\n\t\t\t\t\t\t\t\t\t\t\t<div class=\"swiper-slide\" role=\"group\" aria-roledescription=\"slide\">\n\t\t\t\t\t\t\t\t\t<div class=\"elementor-carousel-image swiper-lazy\" role=\"img\" aria-label=\"Landschap van het dorp Yelloh l&#039;\u00e9toile des neiges\" data-background=\"https:\/\/rapideaupark.com\/wp-content\/uploads\/2023\/04\/e18_yelloh_village_l_eto_1430045_Etoile_des_neiges_HEBERGEMENT_Allee_03-1536x1152.jpg\">\n\n\t\t\t\t\t\t\t<div class=\"swiper-lazy-preloader\"><\/div>\n\t\t\t\n\t\t\t\t\t<\/div>\n\t\t\t\t\t\t\t\t<\/div>\n\t\t\t\t\t\t\t\t\t\t\t<div class=\"swiper-slide\" role=\"group\" aria-roledescription=\"slide\">\n\t\t\t\t\t\t\t\t\t<div class=\"elementor-carousel-image swiper-lazy\" role=\"img\" aria-label=\"Yelloh Village L&#039;Etoile des Neiges tennisbaan\" data-background=\"https:\/\/rapideaupark.com\/wp-content\/uploads\/2023\/04\/e18_yelloh_village_l_eto_1430045_Etoile_des_neiges_ACTIVITE_TENNIS_01-1536x1152.jpg\">\n\n\t\t\t\t\t\t\t<div class=\"swiper-lazy-preloader\"><\/div>\n\t\t\t\n\t\t\t\t\t<\/div>\n\t\t\t\t\t\t\t\t<\/div>\n\t\t\t\t\t\t\t\t\t\t\t<div class=\"swiper-slide\" role=\"group\" aria-roledescription=\"slide\">\n\t\t\t\t\t\t\t\t\t<div class=\"elementor-carousel-image swiper-lazy\" role=\"img\" aria-label=\"Stacaravan van het Yelloh village l&#039;\u00e9toile des neiges\" data-background=\"https:\/\/rapideaupark.com\/wp-content\/uploads\/2023\/04\/e18_yelloh_village_l_eto_1430045_Etoile_des_neiges_HEBERGEMENT_Allee_01-1536x1152.jpg\">\n\n\t\t\t\t\t\t\t<div class=\"swiper-lazy-preloader\"><\/div>\n\t\t\t\n\t\t\t\t\t<\/div>\n\t\t\t\t\t\t\t\t<\/div>\n\t\t\t\t\t\t\t\t\t\t\t<div class=\"swiper-slide\" role=\"group\" aria-roledescription=\"slide\">\n\t\t\t\t\t\t\t\t\t<div class=\"elementor-carousel-image swiper-lazy\" role=\"img\" aria-label=\"Buitenspelen voor kinderen in het Yelloh village l&#039;\u00e9toile des neiges\" data-background=\"https:\/\/rapideaupark.com\/wp-content\/uploads\/2023\/04\/e18_yelloh_village_l_eto_1430045_Etoile_des_neiges_ACTIVITE_JeuxEnfants_02-1536x1152.jpg\">\n\n\t\t\t\t\t\t\t<div class=\"swiper-lazy-preloader\"><\/div>\n\t\t\t\n\t\t\t\t\t<\/div>\n\t\t\t\t\t\t\t\t<\/div>\n\t\t\t\t\t\t\t\t\t\t\t<div class=\"swiper-slide\" role=\"group\" aria-roledescription=\"slide\">\n\t\t\t\t\t\t\t\t\t<div class=\"elementor-carousel-image swiper-lazy\" role=\"img\" aria-label=\"Sporthal van het dorp Yelloh l&#039;\u00e9toile des neiges\" data-background=\"https:\/\/rapideaupark.com\/wp-content\/uploads\/2023\/04\/e18_yelloh_village_l_eto_1430045_Etoile_des_neiges_ACTIVITE_FITNESS_03-1536x1152.jpg\">\n\n\t\t\t\t\t\t\t<div class=\"swiper-lazy-preloader\"><\/div>\n\t\t\t\n\t\t\t\t\t<\/div>\n\t\t\t\t\t\t\t\t<\/div>\n\t\t\t\t\t\t\t\t\t\t\t<div class=\"swiper-slide\" role=\"group\" aria-roledescription=\"slide\">\n\t\t\t\t\t\t\t\t\t<div class=\"elementor-carousel-image swiper-lazy\" role=\"img\" aria-label=\"Zwembaden van het dorp Yelloh l&#039;\u00e9toile des neiges\" data-background=\"https:\/\/rapideaupark.com\/wp-content\/uploads\/2023\/04\/CAMPING-FAMILLES-ALPES-LAC-SERRE-PONCON-MONTCLAR-PISCINES-1536x1152.jpg\">\n\n\t\t\t\t\t\t\t<div class=\"swiper-lazy-preloader\"><\/div>\n\t\t\t\n\t\t\t\t\t<\/div>\n\t\t\t\t\t\t\t\t<\/div>\n\t\t\t\t\t\t\t\t\t\t\t<div class=\"swiper-slide\" role=\"group\" aria-roledescription=\"slide\">\n\t\t\t\t\t\t\t\t\t<div class=\"elementor-carousel-image swiper-lazy\" role=\"img\" aria-label=\"Zwembaden van het dorp Yelloh l&#039;\u00e9toile des neiges\" data-background=\"https:\/\/rapideaupark.com\/wp-content\/uploads\/2023\/04\/CAMPING-FAMILLES-ALPES-LAC-SERRE-PONCON-MONTCLAR-PISCINES-1536x1152.jpg\">\n\n\t\t\t\t\t\t\t<div class=\"swiper-lazy-preloader\"><\/div>\n\t\t\t\n\t\t\t\t\t<\/div>\n\t\t\t\t\t\t\t\t<\/div>\n\t\t\t\t\t\t\t\t\t\t\t<div class=\"swiper-slide\" role=\"group\" aria-roledescription=\"slide\">\n\t\t\t\t\t\t\t\t\t<div class=\"elementor-carousel-image swiper-lazy\" role=\"img\" aria-label=\"Spa in het Yelloh Village l&#039;Etoile des Neiges\" data-background=\"https:\/\/rapideaupark.com\/wp-content\/uploads\/2023\/04\/e18_yelloh_village_l_eto_1430045_Etoile_des_neiges_ESPACEAQUATIQUE_25-1536x1152.jpg\">\n\n\t\t\t\t\t\t\t<div class=\"swiper-lazy-preloader\"><\/div>\n\t\t\t\n\t\t\t\t\t<\/div>\n\t\t\t\t\t\t\t\t<\/div>\n\t\t\t\t\t\t\t\t\t<\/div>\n\t\t\t\t\t\t\t\t\t\t\t\t\t\t\t\t\t\t\t\t\t<\/div>\n\t\t\t\t<\/div>\n\t\t\t\t\t\t\t\t<\/div>\n\t\t\t\t<\/div>\n\t\t\t\t<div class=\"elementor-element elementor-element-177e897 elementor-tabs-view-vertical elementor-tabs-alignment-stretch elementor-widget__width-initial elementor-widget elementor-widget-tabs\" data-id=\"177e897\" data-element_type=\"widget\" data-e-type=\"widget\" data-widget_type=\"tabs.default\">\n\t\t\t\t<div class=\"elementor-widget-container\">\n\t\t\t\t\t\t\t<div class=\"elementor-tabs\">\n\t\t\t<div class=\"elementor-tabs-wrapper\" role=\"tablist\" >\n\t\t\t\t\t\t\t\t\t<div id=\"elementor-tab-title-2461\" class=\"elementor-tab-title elementor-tab-desktop-title\" aria-selected=\"true\" data-tab=\"1\" role=\"tab\" tabindex=\"0\" aria-controls=\"elementor-tab-content-2461\" aria-expanded=\"false\">Beschrijving<\/div>\n\t\t\t\t\t\t\t\t\t<div id=\"elementor-tab-title-2462\" class=\"elementor-tab-title elementor-tab-desktop-title\" aria-selected=\"false\" data-tab=\"2\" role=\"tab\" tabindex=\"-1\" aria-controls=\"elementor-tab-content-2462\" aria-expanded=\"false\">Activiteiten<\/div>\n\t\t\t\t\t\t\t\t\t<div id=\"elementor-tab-title-2463\" class=\"elementor-tab-title elementor-tab-desktop-title\" aria-selected=\"false\" data-tab=\"3\" role=\"tab\" tabindex=\"-1\" aria-controls=\"elementor-tab-content-2463\" aria-expanded=\"false\">Plaats<\/div>\n\t\t\t\t\t\t\t\t\t<div id=\"elementor-tab-title-2464\" class=\"elementor-tab-title elementor-tab-desktop-title\" aria-selected=\"false\" data-tab=\"4\" role=\"tab\" tabindex=\"-1\" aria-controls=\"elementor-tab-content-2464\" aria-expanded=\"false\">Contact<\/div>\n\t\t\t\t\t\t\t<\/div>\n\t\t\t<div class=\"elementor-tabs-content-wrapper\" role=\"tablist\" aria-orientation=\"vertical\">\n\t\t\t\t\t\t\t\t\t<div class=\"elementor-tab-title elementor-tab-mobile-title\" aria-selected=\"true\" data-tab=\"1\" role=\"tab\" tabindex=\"0\" aria-controls=\"elementor-tab-content-2461\" aria-expanded=\"false\">Beschrijving<\/div>\n\t\t\t\t\t<div id=\"elementor-tab-content-2461\" class=\"elementor-tab-content elementor-clearfix\" data-tab=\"1\" role=\"tabpanel\" aria-labelledby=\"elementor-tab-title-2461\" tabindex=\"0\" hidden=\"false\"><p><span style=\"font-family: Cormorant SC; font-weight: 900; color: #000000; font-size: 20px;\">Yelloh village l&#039;Etoile des neiges *****\u00a0<\/span><\/p><p style=\"text-align: left;\">Yelloh Village L&#039;\u00c9toile des Neiges, genesteld in een klein bergdorpje, heet u welkom voor uw kampeervakantie.<\/p><p style=\"text-align: left;\">Het is de ideale bestemming voor uw zomer- of wintervakantie in de bergen. De Etoile des Neiges heet u welkom op een kampeerplaats of bij het huren van een stacaravan, cottage of chalet in een ongerepte natuur.<\/p><\/div>\n\t\t\t\t\t\t\t\t\t<div class=\"elementor-tab-title elementor-tab-mobile-title\" aria-selected=\"false\" data-tab=\"2\" role=\"tab\" tabindex=\"-1\" aria-controls=\"elementor-tab-content-2462\" aria-expanded=\"false\">Activiteiten<\/div>\n\t\t\t\t\t<div id=\"elementor-tab-content-2462\" class=\"elementor-tab-content elementor-clearfix\" data-tab=\"2\" role=\"tabpanel\" aria-labelledby=\"elementor-tab-title-2462\" tabindex=\"0\" hidden=\"hidden\"><p>Deze camping biedt u alle comfort om tijdens uw verblijf te ontspannen: een overdekte balneotherapieruimte met SPA, sauna en hammam, een fitnessruimte, een verwarmd openluchtzwembad met glijbanen en een stromende rivier, evenals een leuk overdekt en verwarmd peuterbad met miniglijbanen, tennisbaan, multisportterrein, restaurant, bar, miniclub en ander vermaak voor jong en oud.<\/p><\/div>\n\t\t\t\t\t\t\t\t\t<div class=\"elementor-tab-title elementor-tab-mobile-title\" aria-selected=\"false\" data-tab=\"3\" role=\"tab\" tabindex=\"-1\" aria-controls=\"elementor-tab-content-2463\" aria-expanded=\"false\">Plaats<\/div>\n\t\t\t\t\t<div id=\"elementor-tab-content-2463\" class=\"elementor-tab-content elementor-clearfix\" data-tab=\"3\" role=\"tabpanel\" aria-labelledby=\"elementor-tab-title-2463\" tabindex=\"0\" hidden=\"hidden\"><p>Deze camping in de Alpes de Haute Provence, gelegen in de Zuidelijke Alpen, is geopend voor het winterseizoen en het zomerseizoen en ligt zeer dicht bij het meer van Serre Pon\u00e7on met zijn stranden en kreken, maar ook de skiliften op 200 meter afstand om te ski\u00ebn. maak meerdere wandelingen en ontmoet in de zomer marmotten.<\/p><p><b>Adres :\u00a0<\/b>Yellow! Village L'Etoile des Neiges 04140 Saint Jean Montclar FRANKRIJK\u00a0<\/p><\/div>\n\t\t\t\t\t\t\t\t\t<div class=\"elementor-tab-title elementor-tab-mobile-title\" aria-selected=\"false\" data-tab=\"4\" role=\"tab\" tabindex=\"-1\" aria-controls=\"elementor-tab-content-2464\" aria-expanded=\"false\">Contact<\/div>\n\t\t\t\t\t<div id=\"elementor-tab-content-2464\" class=\"elementor-tab-content elementor-clearfix\" data-tab=\"4\" role=\"tabpanel\" aria-labelledby=\"elementor-tab-title-2464\" tabindex=\"0\" hidden=\"hidden\"><p><b>openen:\u00a0<\/b> Open van 18\/12\/2021 tot 13\/03\/2022 &amp; Open van 25\/05\/2022 tot 07\/09\/2022<\/p><p><b>Adres :\u00a0<\/b>Yellow! Village L'Etoile des Neiges 04140 Saint Jean Montclar FRANKRIJK\u00a0<\/p><p><b>Website:<\/b> <a href=\"http:\/\/www.etoile-des-neiges.com\" target=\"_blank\" rel=\"nofollow noopener\">www.etoile-des-neiges.com<\/a><\/p><p><b>Receptie van de camping:<\/b> +33 (0)4 92 35 07 08<\/p><\/div>\n\t\t\t\t\t\t\t<\/div>\n\t\t<\/div>\n\t\t\t\t\t\t<\/div>\n\t\t\t\t<\/div>\n\t\t\t\t<div class=\"elementor-element elementor-element-fd1af90 e-transform elementor-widget-divider--separator-type-pattern elementor-widget-divider--no-spacing elementor-widget-divider--view-line elementor-widget elementor-widget-divider\" data-id=\"fd1af90\" data-element_type=\"widget\" data-e-type=\"widget\" data-settings=\"{&quot;_transform_flipX_effect&quot;:&quot;transform&quot;}\" data-widget_type=\"divider.default\">\n\t\t\t\t<div class=\"elementor-widget-container\">\n\t\t\t\t\t\t\t<div class=\"elementor-divider\" style=\"--divider-pattern-url: url(&quot;data:image\/svg+xml,%3Csvg xmlns=&#039;http:\/\/www.w3.org\/2000\/svg&#039; preserveAspectRatio=&#039;xMidYMid meet&#039; overflow=&#039;visible&#039; height=&#039;100%&#039; viewBox=&#039;0 0 123 26&#039; fill=&#039;black&#039; stroke=&#039;none&#039;%3E%3Cpath d=&#039;M6.4,2l4.2,5.7H7.7v2.7l3.8,5.2l-3.8,0v7.8H4.8v-7.8H0l4.8-5.2V7.7H1.1L6.4,2z M25.6,2L31,7.7h-3.7v2.7l4.8,5.2h-4.8v7.8h-2.8v-7.8l-3.8,0l3.8-5.2V7.7h-2.9L25.6,2z M47.5,2l4.2,5.7h-3.3v2.7l3.8,5.2l-3.8,0l0.4,7.8h-2.8v-7.8H41l4.8-5.2V7.7h-3.7L47.5,2z M66.2,2l5.4,5.7h-3.7v2.7l4.8,5.2h-4.8v7.8H65v-7.8l-3.8,0l3.8-5.2V7.7h-2.9L66.2,2zM87.4,2l4.8,5.7h-2.9v3.1l3.8,4.8l-3.8,0v7.8h-2.8v-7.8h-4.8l4.8-4.8V7.7h-3.7L87.4,2z M107.3,2l5.4,5.7h-3.7v2.7l4.8,5.2h-4.8v7.8H106v-7.8l-3.8,0l3.8-5.2V7.7h-2.9L107.3,2z&#039;\/%3E%3C\/svg%3E&quot;);\">\n\t\t\t<span class=\"elementor-divider-separator\">\n\t\t\t\t\t\t<\/span>\n\t\t<\/div>\n\t\t\t\t\t\t<\/div>\n\t\t\t\t<\/div>\n\t\t\t\t\t<\/div>\n\t\t<\/div>\n\t\t\t\t\t<\/div>\n\t\t<\/section>\n\t\t\t\t\t<\/div>\n\t\t<\/div>\n\t\t\t\t\t<\/div>\n\t\t<\/section>\n\t\t\t\t<section class=\"elementor-section elementor-top-section elementor-element elementor-element-a53ba45 elementor-section-boxed elementor-section-height-default elementor-section-height-default\" data-id=\"a53ba45\" data-element_type=\"section\" data-e-type=\"section\" data-settings=\"{&quot;ekit_has_onepagescroll_dot&quot;:&quot;yes&quot;}\">\n\t\t\t\t\t\t<div class=\"elementor-container elementor-column-gap-no\">\n\t\t\t\t\t<div class=\"elementor-column elementor-col-100 elementor-top-column elementor-element elementor-element-f4f3fcd\" data-id=\"f4f3fcd\" data-element_type=\"column\" data-e-type=\"column\">\n\t\t\t<div class=\"elementor-widget-wrap elementor-element-populated\">\n\t\t\t\t\t\t<div class=\"elementor-element elementor-element-e9cae20 elementor-widget elementor-widget-elementskit-heading\" data-id=\"e9cae20\" data-element_type=\"widget\" data-e-type=\"widget\" data-widget_type=\"elementskit-heading.default\">\n\t\t\t\t<div class=\"elementor-widget-container\">\n\t\t\t\t\t<div class=\"ekit-wid-con\" ><div class=\"ekit-heading elementskit-section-title-wraper text_left   ekit_heading_tablet-text_center   ekit_heading_mobile-text_left\"><h2 class=\"ekit-heading--title elementskit-section-title\">Gasthuis <span><span>De middelen<\/span><\/span><\/h2><\/div><\/div>\t\t\t\t<\/div>\n\t\t\t\t<\/div>\n\t\t\t\t<section class=\"elementor-section elementor-inner-section elementor-element elementor-element-379520b elementor-section-boxed elementor-section-height-default elementor-section-height-default\" data-id=\"379520b\" data-element_type=\"section\" data-e-type=\"section\" data-settings=\"{&quot;ekit_has_onepagescroll_dot&quot;:&quot;yes&quot;}\">\n\t\t\t\t\t\t<div class=\"elementor-container elementor-column-gap-no\">\n\t\t\t\t\t<div class=\"elementor-column elementor-col-100 elementor-inner-column elementor-element elementor-element-fefe859\" data-id=\"fefe859\" data-element_type=\"column\" data-e-type=\"column\">\n\t\t\t<div class=\"elementor-widget-wrap elementor-element-populated\">\n\t\t\t\t\t\t<div class=\"elementor-element elementor-element-152fc1b elementor-skin-slideshow elementor-arrows-yes elementor-widget elementor-widget-media-carousel\" data-id=\"152fc1b\" data-element_type=\"widget\" data-e-type=\"widget\" data-settings=\"{&quot;skin&quot;:&quot;slideshow&quot;,&quot;lazyload&quot;:&quot;yes&quot;,&quot;effect&quot;:&quot;slide&quot;,&quot;show_arrows&quot;:&quot;yes&quot;,&quot;speed&quot;:500,&quot;autoplay&quot;:&quot;yes&quot;,&quot;autoplay_speed&quot;:5000,&quot;loop&quot;:&quot;yes&quot;,&quot;pause_on_hover&quot;:&quot;yes&quot;,&quot;pause_on_interaction&quot;:&quot;yes&quot;,&quot;space_between&quot;:{&quot;unit&quot;:&quot;px&quot;,&quot;size&quot;:10,&quot;sizes&quot;:[]},&quot;space_between_tablet&quot;:{&quot;unit&quot;:&quot;px&quot;,&quot;size&quot;:10,&quot;sizes&quot;:[]},&quot;space_between_mobile&quot;:{&quot;unit&quot;:&quot;px&quot;,&quot;size&quot;:10,&quot;sizes&quot;:[]}}\" data-widget_type=\"media-carousel.default\">\n\t\t\t\t<div class=\"elementor-widget-container\">\n\t\t\t\t\t\t\t\t\t<div class=\"elementor-swiper\">\n\t\t\t\t\t<div class=\"elementor-main-swiper swiper\" role=\"region\" aria-roledescription=\"carousel\" aria-label=\"Diapositives\">\n\t\t\t\t<div class=\"swiper-wrapper\">\n\t\t\t\t\t\t\t\t\t\t\t<div class=\"swiper-slide\" role=\"group\" aria-roledescription=\"slide\">\n\t\t\t\t\t\t\t\t\t<div class=\"elementor-carousel-image swiper-lazy\" role=\"img\" aria-label=\"Gastenverblijf les means (5)\" data-background=\"https:\/\/rapideaupark.com\/wp-content\/uploads\/2023\/04\/Maison-dhote-les-means-5-1536x1152.jpg\">\n\n\t\t\t\t\t\t\t<div class=\"swiper-lazy-preloader\"><\/div>\n\t\t\t\n\t\t\t\t\t<\/div>\n\t\t\t\t\t\t\t\t<\/div>\n\t\t\t\t\t\t\t\t\t\t\t<div class=\"swiper-slide\" role=\"group\" aria-roledescription=\"slide\">\n\t\t\t\t\t\t\t\t\t<div class=\"elementor-carousel-image swiper-lazy\" role=\"img\" aria-label=\"Tuin Gastenverblijf les means\" data-background=\"https:\/\/rapideaupark.com\/wp-content\/uploads\/2023\/04\/Maison-dhote-les-means-4-1536x1152.jpg\">\n\n\t\t\t\t\t\t\t<div class=\"swiper-lazy-preloader\"><\/div>\n\t\t\t\n\t\t\t\t\t<\/div>\n\t\t\t\t\t\t\t\t<\/div>\n\t\t\t\t\t\t\t\t\t\t\t<div class=\"swiper-slide\" role=\"group\" aria-roledescription=\"slide\">\n\t\t\t\t\t\t\t\t\t<div class=\"elementor-carousel-image swiper-lazy\" role=\"img\" aria-label=\"Groene ruimte Gastenverblijf les means\" data-background=\"https:\/\/rapideaupark.com\/wp-content\/uploads\/2023\/04\/Maison-dhote-les-means-3-1536x1152.jpg\">\n\n\t\t\t\t\t\t\t<div class=\"swiper-lazy-preloader\"><\/div>\n\t\t\t\n\t\t\t\t\t<\/div>\n\t\t\t\t\t\t\t\t<\/div>\n\t\t\t\t\t\t\t\t\t\t\t<div class=\"swiper-slide\" role=\"group\" aria-roledescription=\"slide\">\n\t\t\t\t\t\t\t\t\t<div class=\"elementor-carousel-image swiper-lazy\" role=\"img\" aria-label=\"Zomerlounge Gastenverblijf les means\" data-background=\"https:\/\/rapideaupark.com\/wp-content\/uploads\/2023\/04\/Maison-dhote-les-means-1.jpeg\">\n\n\t\t\t\t\t\t\t<div class=\"swiper-lazy-preloader\"><\/div>\n\t\t\t\n\t\t\t\t\t<\/div>\n\t\t\t\t\t\t\t\t<\/div>\n\t\t\t\t\t\t\t\t\t\t\t<div class=\"swiper-slide\" role=\"group\" aria-roledescription=\"slide\">\n\t\t\t\t\t\t\t\t\t<div class=\"elementor-carousel-image swiper-lazy\" role=\"img\" aria-label=\"Gastenverblijf les means\" data-background=\"https:\/\/rapideaupark.com\/wp-content\/uploads\/2023\/04\/Maison-dhote-les-means-2-1536x1152.jpg\">\n\n\t\t\t\t\t\t\t<div class=\"swiper-lazy-preloader\"><\/div>\n\t\t\t\n\t\t\t\t\t<\/div>\n\t\t\t\t\t\t\t\t<\/div>\n\t\t\t\t\t\t\t\t\t\t\t<div class=\"swiper-slide\" role=\"group\" aria-roledescription=\"slide\">\n\t\t\t\t\t\t\t\t\t<div class=\"elementor-carousel-image swiper-lazy\" role=\"img\" aria-label=\"Uitzicht op het gastenverblijf les means\" data-background=\"https:\/\/rapideaupark.com\/wp-content\/uploads\/2023\/04\/Maison-dhote-les-means-1-1536x1152.jpg\">\n\n\t\t\t\t\t\t\t<div class=\"swiper-lazy-preloader\"><\/div>\n\t\t\t\n\t\t\t\t\t<\/div>\n\t\t\t\t\t\t\t\t<\/div>\n\t\t\t\t\t\t\t\t\t<\/div>\n\t\t\t\t\t\t\t\t\t\t\t\t\t\t\t<div class=\"elementor-swiper-button elementor-swiper-button-prev\" role=\"button\" tabindex=\"0\" aria-label=\"vorig\">\n\t\t\t\t\t\t\t<i aria-hidden=\"true\" class=\"eicon-chevron-left\"><\/i>\t\t\t\t\t\t<\/div>\n\t\t\t\t\t\t<div class=\"elementor-swiper-button elementor-swiper-button-next\" role=\"button\" tabindex=\"0\" aria-label=\"Als vervolg op\">\n\t\t\t\t\t\t\t<i aria-hidden=\"true\" class=\"eicon-chevron-right\"><\/i>\t\t\t\t\t\t<\/div>\n\t\t\t\t\t\t\t\t\t\t\t\t\t\t\t\t\t<\/div>\n\t\t\t\t<\/div>\n\t\t\t\t\t\t\t\t<div class=\"elementor-swiper\">\n\t\t\t\t\t<div class=\"elementor-main-swiper swiper elementor-thumbnails-swiper swiper\" role=\"region region\" aria-roledescription=\"carousel carousel\" aria-label=\"Diapositives Diapositives\">\n\t\t\t\t<div class=\"swiper-wrapper\">\n\t\t\t\t\t\t\t\t\t\t\t<div class=\"swiper-slide\" role=\"group\" aria-roledescription=\"slide\">\n\t\t\t\t\t\t\t\t\t<div class=\"elementor-carousel-image swiper-lazy\" role=\"img\" aria-label=\"Gastenverblijf les means (5)\" data-background=\"https:\/\/rapideaupark.com\/wp-content\/uploads\/2023\/04\/Maison-dhote-les-means-5-1536x1152.jpg\">\n\n\t\t\t\t\t\t\t<div class=\"swiper-lazy-preloader\"><\/div>\n\t\t\t\n\t\t\t\t\t<\/div>\n\t\t\t\t\t\t\t\t<\/div>\n\t\t\t\t\t\t\t\t\t\t\t<div class=\"swiper-slide\" role=\"group\" aria-roledescription=\"slide\">\n\t\t\t\t\t\t\t\t\t<div class=\"elementor-carousel-image swiper-lazy\" role=\"img\" aria-label=\"Tuin Gastenverblijf les means\" data-background=\"https:\/\/rapideaupark.com\/wp-content\/uploads\/2023\/04\/Maison-dhote-les-means-4-1536x1152.jpg\">\n\n\t\t\t\t\t\t\t<div class=\"swiper-lazy-preloader\"><\/div>\n\t\t\t\n\t\t\t\t\t<\/div>\n\t\t\t\t\t\t\t\t<\/div>\n\t\t\t\t\t\t\t\t\t\t\t<div class=\"swiper-slide\" role=\"group\" aria-roledescription=\"slide\">\n\t\t\t\t\t\t\t\t\t<div class=\"elementor-carousel-image swiper-lazy\" role=\"img\" aria-label=\"Groene ruimte Gastenverblijf les means\" data-background=\"https:\/\/rapideaupark.com\/wp-content\/uploads\/2023\/04\/Maison-dhote-les-means-3-1536x1152.jpg\">\n\n\t\t\t\t\t\t\t<div class=\"swiper-lazy-preloader\"><\/div>\n\t\t\t\n\t\t\t\t\t<\/div>\n\t\t\t\t\t\t\t\t<\/div>\n\t\t\t\t\t\t\t\t\t\t\t<div class=\"swiper-slide\" role=\"group\" aria-roledescription=\"slide\">\n\t\t\t\t\t\t\t\t\t<div class=\"elementor-carousel-image swiper-lazy\" role=\"img\" aria-label=\"Zomerlounge Gastenverblijf les means\" data-background=\"https:\/\/rapideaupark.com\/wp-content\/uploads\/2023\/04\/Maison-dhote-les-means-1.jpeg\">\n\n\t\t\t\t\t\t\t<div class=\"swiper-lazy-preloader\"><\/div>\n\t\t\t\n\t\t\t\t\t<\/div>\n\t\t\t\t\t\t\t\t<\/div>\n\t\t\t\t\t\t\t\t\t\t\t<div class=\"swiper-slide\" role=\"group\" aria-roledescription=\"slide\">\n\t\t\t\t\t\t\t\t\t<div class=\"elementor-carousel-image swiper-lazy\" role=\"img\" aria-label=\"Gastenverblijf les means\" data-background=\"https:\/\/rapideaupark.com\/wp-content\/uploads\/2023\/04\/Maison-dhote-les-means-2-1536x1152.jpg\">\n\n\t\t\t\t\t\t\t<div class=\"swiper-lazy-preloader\"><\/div>\n\t\t\t\n\t\t\t\t\t<\/div>\n\t\t\t\t\t\t\t\t<\/div>\n\t\t\t\t\t\t\t\t\t\t\t<div class=\"swiper-slide\" role=\"group\" aria-roledescription=\"slide\">\n\t\t\t\t\t\t\t\t\t<div class=\"elementor-carousel-image swiper-lazy\" role=\"img\" aria-label=\"Uitzicht op het gastenverblijf les means\" data-background=\"https:\/\/rapideaupark.com\/wp-content\/uploads\/2023\/04\/Maison-dhote-les-means-1-1536x1152.jpg\">\n\n\t\t\t\t\t\t\t<div class=\"swiper-lazy-preloader\"><\/div>\n\t\t\t\n\t\t\t\t\t<\/div>\n\t\t\t\t\t\t\t\t<\/div>\n\t\t\t\t\t\t\t\t\t<\/div>\n\t\t\t\t\t\t\t\t\t\t\t\t\t\t\t\t\t\t\t\t\t<\/div>\n\t\t\t\t<\/div>\n\t\t\t\t\t\t\t\t<\/div>\n\t\t\t\t<\/div>\n\t\t\t\t<div class=\"elementor-element elementor-element-2da8e58 elementor-tabs-view-vertical elementor-tabs-alignment-stretch elementor-widget__width-initial elementor-widget elementor-widget-tabs\" data-id=\"2da8e58\" data-element_type=\"widget\" data-e-type=\"widget\" data-widget_type=\"tabs.default\">\n\t\t\t\t<div class=\"elementor-widget-container\">\n\t\t\t\t\t\t\t<div class=\"elementor-tabs\">\n\t\t\t<div class=\"elementor-tabs-wrapper\" role=\"tablist\" >\n\t\t\t\t\t\t\t\t\t<div id=\"elementor-tab-title-4781\" class=\"elementor-tab-title elementor-tab-desktop-title\" aria-selected=\"true\" data-tab=\"1\" role=\"tab\" tabindex=\"0\" aria-controls=\"elementor-tab-content-4781\" aria-expanded=\"false\">Beschrijving<\/div>\n\t\t\t\t\t\t\t\t\t<div id=\"elementor-tab-title-4782\" class=\"elementor-tab-title elementor-tab-desktop-title\" aria-selected=\"false\" data-tab=\"2\" role=\"tab\" tabindex=\"-1\" aria-controls=\"elementor-tab-content-4782\" aria-expanded=\"false\">Plaats<\/div>\n\t\t\t\t\t\t\t\t\t<div id=\"elementor-tab-title-4783\" class=\"elementor-tab-title elementor-tab-desktop-title\" aria-selected=\"false\" data-tab=\"3\" role=\"tab\" tabindex=\"-1\" aria-controls=\"elementor-tab-content-4783\" aria-expanded=\"false\">Contact<\/div>\n\t\t\t\t\t\t\t<\/div>\n\t\t\t<div class=\"elementor-tabs-content-wrapper\" role=\"tablist\" aria-orientation=\"vertical\">\n\t\t\t\t\t\t\t\t\t<div class=\"elementor-tab-title elementor-tab-mobile-title\" aria-selected=\"true\" data-tab=\"1\" role=\"tab\" tabindex=\"0\" aria-controls=\"elementor-tab-content-4781\" aria-expanded=\"false\">Beschrijving<\/div>\n\t\t\t\t\t<div id=\"elementor-tab-content-4781\" class=\"elementor-tab-content elementor-clearfix\" data-tab=\"1\" role=\"tabpanel\" aria-labelledby=\"elementor-tab-title-4781\" tabindex=\"0\" hidden=\"false\"><p><span style=\"font-family: Cormorant SC; font-weight: 900; color: #000000; font-size: 20px;\">Gastenverblijf \u201cLes M\u00e9ans\u201d\u00a0<\/span><\/p><p>Deze historische residentie uit de 12e eeuw werd oorspronkelijk bewoond door monniken van de Chalaisische orde. Bij de renovatie van deze voormalige pastorie werd de voorkeur gegeven aan ecologische materialen zoals: steen, kalk, hout\u2026; met inbegrip van de nieuwste milieutechnologie\u00ebn, zoals het gebruik van houtpelletverwarming en zonne-energie.<\/p><p>De kamers en suites zijn smaakvol ingericht. Met een oppervlakte van ongeveer 25 m\u00b2 hebben ze stuk voor stuk een nette en warme inrichting. Elke kamer heeft een vrij uitzicht op de bergen. De grote woonkamer op de begane grond heeft prachtige gewelven met een grote open haard. Dit gaat gepaard met een ontbijtruimte ook onder gewelven, het hele huis wordt bediend door een centrale trap in origineel larikshout en andere individuele ingangen...<\/p><\/div>\n\t\t\t\t\t\t\t\t\t<div class=\"elementor-tab-title elementor-tab-mobile-title\" aria-selected=\"false\" data-tab=\"2\" role=\"tab\" tabindex=\"-1\" aria-controls=\"elementor-tab-content-4782\" aria-expanded=\"false\">Plaats<\/div>\n\t\t\t\t\t<div id=\"elementor-tab-content-4782\" class=\"elementor-tab-content elementor-clearfix\" data-tab=\"2\" role=\"tabpanel\" aria-labelledby=\"elementor-tab-title-4782\" tabindex=\"0\" hidden=\"hidden\"><p>Het ligt in een gehucht in de Ubaye-vallei en wordt omgeven door bergen en bossen. Het landgoed garandeert u, vanwege de geografische ligging, een rustig verblijf midden in de natuur. Beschut door zijn oude stenen met een zeer zonnige ligging, inclusief een prachtige tuin van ongeveer 3000 m\u00b2, is het hele pand er om u comfort, rust en kalmte te bieden.<\/p><p><b>Adres :\u00a0<\/b>Frederic en Diane Brunet<\/p><p>490 de Middelen<\/p><p>04340 Meolans-Revel<\/p><\/div>\n\t\t\t\t\t\t\t\t\t<div class=\"elementor-tab-title elementor-tab-mobile-title\" aria-selected=\"false\" data-tab=\"3\" role=\"tab\" tabindex=\"-1\" aria-controls=\"elementor-tab-content-4783\" aria-expanded=\"false\">Contact<\/div>\n\t\t\t\t\t<div id=\"elementor-tab-content-4783\" class=\"elementor-tab-content elementor-clearfix\" data-tab=\"3\" role=\"tabpanel\" aria-labelledby=\"elementor-tab-title-4783\" tabindex=\"0\" hidden=\"hidden\"><p><strong>Adres :<\/strong> Frederic en Diane Brunet<br \/>490 de Middelen<br \/>04340 Meolans-Revel<\/p><p><strong>Telefoon:<\/strong> 06 19 25 93 45<\/p><p><strong>Website:<\/strong> <a href=\"https:\/\/www.les-means.com\/fr\" target=\"_blank\" rel=\"nofollow noopener\">https:\/\/www.les-means.com\/<\/a><\/p><\/div>\n\t\t\t\t\t\t\t<\/div>\n\t\t<\/div>\n\t\t\t\t\t\t<\/div>\n\t\t\t\t<\/div>\n\t\t\t\t<div class=\"elementor-element elementor-element-e3f66fb e-transform elementor-widget-divider--separator-type-pattern elementor-widget-divider--no-spacing elementor-widget-divider--view-line elementor-widget elementor-widget-divider\" data-id=\"e3f66fb\" data-element_type=\"widget\" data-e-type=\"widget\" data-settings=\"{&quot;_transform_flipX_effect&quot;:&quot;transform&quot;}\" data-widget_type=\"divider.default\">\n\t\t\t\t<div class=\"elementor-widget-container\">\n\t\t\t\t\t\t\t<div class=\"elementor-divider\" style=\"--divider-pattern-url: url(&quot;data:image\/svg+xml,%3Csvg xmlns=&#039;http:\/\/www.w3.org\/2000\/svg&#039; preserveAspectRatio=&#039;xMidYMid meet&#039; overflow=&#039;visible&#039; height=&#039;100%&#039; viewBox=&#039;0 0 123 26&#039; fill=&#039;black&#039; stroke=&#039;none&#039;%3E%3Cpath d=&#039;M6.4,2l4.2,5.7H7.7v2.7l3.8,5.2l-3.8,0v7.8H4.8v-7.8H0l4.8-5.2V7.7H1.1L6.4,2z M25.6,2L31,7.7h-3.7v2.7l4.8,5.2h-4.8v7.8h-2.8v-7.8l-3.8,0l3.8-5.2V7.7h-2.9L25.6,2z M47.5,2l4.2,5.7h-3.3v2.7l3.8,5.2l-3.8,0l0.4,7.8h-2.8v-7.8H41l4.8-5.2V7.7h-3.7L47.5,2z M66.2,2l5.4,5.7h-3.7v2.7l4.8,5.2h-4.8v7.8H65v-7.8l-3.8,0l3.8-5.2V7.7h-2.9L66.2,2zM87.4,2l4.8,5.7h-2.9v3.1l3.8,4.8l-3.8,0v7.8h-2.8v-7.8h-4.8l4.8-4.8V7.7h-3.7L87.4,2z M107.3,2l5.4,5.7h-3.7v2.7l4.8,5.2h-4.8v7.8H106v-7.8l-3.8,0l3.8-5.2V7.7h-2.9L107.3,2z&#039;\/%3E%3C\/svg%3E&quot;);\">\n\t\t\t<span class=\"elementor-divider-separator\">\n\t\t\t\t\t\t<\/span>\n\t\t<\/div>\n\t\t\t\t\t\t<\/div>\n\t\t\t\t<\/div>\n\t\t\t\t\t<\/div>\n\t\t<\/div>\n\t\t\t\t\t<\/div>\n\t\t<\/section>\n\t\t\t\t\t<\/div>\n\t\t<\/div>\n\t\t\t\t\t<\/div>\n\t\t<\/section>\n\t\t\t\t<section class=\"elementor-section elementor-top-section elementor-element elementor-element-cf5aacc elementor-section-boxed elementor-section-height-default elementor-section-height-default\" data-id=\"cf5aacc\" data-element_type=\"section\" data-e-type=\"section\" data-settings=\"{&quot;ekit_has_onepagescroll_dot&quot;:&quot;yes&quot;}\">\n\t\t\t\t\t\t<div class=\"elementor-container elementor-column-gap-no\">\n\t\t\t\t\t<div class=\"elementor-column elementor-col-100 elementor-top-column elementor-element elementor-element-89bb5eb\" data-id=\"89bb5eb\" data-element_type=\"column\" data-e-type=\"column\">\n\t\t\t<div class=\"elementor-widget-wrap elementor-element-populated\">\n\t\t\t\t\t\t<div class=\"elementor-element elementor-element-d79ca7f elementor-widget elementor-widget-elementskit-heading\" data-id=\"d79ca7f\" data-element_type=\"widget\" data-e-type=\"widget\" data-widget_type=\"elementskit-heading.default\">\n\t\t\t\t<div class=\"elementor-widget-container\">\n\t\t\t\t\t<div class=\"ekit-wid-con\" ><div class=\"ekit-heading elementskit-section-title-wraper text_left   ekit_heading_tablet-text_center   ekit_heading_mobile-text_left\"><h2 class=\"ekit-heading--title elementskit-section-title\">Cottage herberg <span><span>De Witte Landen<\/span><\/span><\/h2><\/div><\/div>\t\t\t\t<\/div>\n\t\t\t\t<\/div>\n\t\t\t\t<section class=\"elementor-section elementor-inner-section elementor-element elementor-element-69d8bbd elementor-section-boxed elementor-section-height-default elementor-section-height-default\" data-id=\"69d8bbd\" data-element_type=\"section\" data-e-type=\"section\" data-settings=\"{&quot;ekit_has_onepagescroll_dot&quot;:&quot;yes&quot;}\">\n\t\t\t\t\t\t<div class=\"elementor-container elementor-column-gap-no\">\n\t\t\t\t\t<div class=\"elementor-column elementor-col-100 elementor-inner-column elementor-element elementor-element-ec6694b\" data-id=\"ec6694b\" data-element_type=\"column\" data-e-type=\"column\">\n\t\t\t<div class=\"elementor-widget-wrap elementor-element-populated\">\n\t\t\t\t\t\t<div class=\"elementor-element elementor-element-59e215b elementor-skin-slideshow elementor-arrows-yes elementor-widget elementor-widget-media-carousel\" data-id=\"59e215b\" data-element_type=\"widget\" data-e-type=\"widget\" data-settings=\"{&quot;skin&quot;:&quot;slideshow&quot;,&quot;lazyload&quot;:&quot;yes&quot;,&quot;effect&quot;:&quot;slide&quot;,&quot;show_arrows&quot;:&quot;yes&quot;,&quot;speed&quot;:500,&quot;autoplay&quot;:&quot;yes&quot;,&quot;autoplay_speed&quot;:5000,&quot;loop&quot;:&quot;yes&quot;,&quot;pause_on_hover&quot;:&quot;yes&quot;,&quot;pause_on_interaction&quot;:&quot;yes&quot;,&quot;space_between&quot;:{&quot;unit&quot;:&quot;px&quot;,&quot;size&quot;:10,&quot;sizes&quot;:[]},&quot;space_between_tablet&quot;:{&quot;unit&quot;:&quot;px&quot;,&quot;size&quot;:10,&quot;sizes&quot;:[]},&quot;space_between_mobile&quot;:{&quot;unit&quot;:&quot;px&quot;,&quot;size&quot;:10,&quot;sizes&quot;:[]}}\" data-widget_type=\"media-carousel.default\">\n\t\t\t\t<div class=\"elementor-widget-container\">\n\t\t\t\t\t\t\t\t\t<div class=\"elementor-swiper\">\n\t\t\t\t\t<div class=\"elementor-main-swiper swiper\" role=\"region\" aria-roledescription=\"carousel\" aria-label=\"Diapositives\">\n\t\t\t\t<div class=\"swiper-wrapper\">\n\t\t\t\t\t\t\t\t\t\t\t<div class=\"swiper-slide\" role=\"group\" aria-roledescription=\"slide\">\n\t\t\t\t\t\t\t\t\t<div class=\"elementor-carousel-image swiper-lazy\" role=\"img\" aria-label=\"Huisje de Witte Landen\" data-background=\"https:\/\/rapideaupark.com\/wp-content\/uploads\/2023\/04\/Gite-les-Terres-Blanches-1-1536x1152.jpg\">\n\n\t\t\t\t\t\t\t<div class=\"swiper-lazy-preloader\"><\/div>\n\t\t\t\n\t\t\t\t\t<\/div>\n\t\t\t\t\t\t\t\t<\/div>\n\t\t\t\t\t\t\t\t\t\t\t<div class=\"swiper-slide\" role=\"group\" aria-roledescription=\"slide\">\n\t\t\t\t\t\t\t\t\t<div class=\"elementor-carousel-image swiper-lazy\" role=\"img\" aria-label=\"Huisje de Witte Landen\" data-background=\"https:\/\/rapideaupark.com\/wp-content\/uploads\/2023\/04\/Gite-les-Terres-Blanches-4-1536x1152.jpg\">\n\n\t\t\t\t\t\t\t<div class=\"swiper-lazy-preloader\"><\/div>\n\t\t\t\n\t\t\t\t\t<\/div>\n\t\t\t\t\t\t\t\t<\/div>\n\t\t\t\t\t\t\t\t\t\t\t<div class=\"swiper-slide\" role=\"group\" aria-roledescription=\"slide\">\n\t\t\t\t\t\t\t\t\t<div class=\"elementor-carousel-image swiper-lazy\" role=\"img\" aria-label=\"Slaapkamer van de G\u00eete les Terres Blanches\" data-background=\"https:\/\/rapideaupark.com\/wp-content\/uploads\/2023\/04\/Gite-les-Terres-Blanches-3-1536x1152.jpg\">\n\n\t\t\t\t\t\t\t<div class=\"swiper-lazy-preloader\"><\/div>\n\t\t\t\n\t\t\t\t\t<\/div>\n\t\t\t\t\t\t\t\t<\/div>\n\t\t\t\t\t\t\t\t\t\t\t<div class=\"swiper-slide\" role=\"group\" aria-roledescription=\"slide\">\n\t\t\t\t\t\t\t\t\t<div class=\"elementor-carousel-image swiper-lazy\" role=\"img\" aria-label=\"Terras van de G\u00eete les Terres Blanches\" data-background=\"https:\/\/rapideaupark.com\/wp-content\/uploads\/2023\/04\/Gite-les-Terres-Blanches-2-1536x1152.jpg\">\n\n\t\t\t\t\t\t\t<div class=\"swiper-lazy-preloader\"><\/div>\n\t\t\t\n\t\t\t\t\t<\/div>\n\t\t\t\t\t\t\t\t<\/div>\n\t\t\t\t\t\t\t\t\t<\/div>\n\t\t\t\t\t\t\t\t\t\t\t\t\t\t\t<div class=\"elementor-swiper-button elementor-swiper-button-prev\" role=\"button\" tabindex=\"0\" aria-label=\"vorig\">\n\t\t\t\t\t\t\t<i aria-hidden=\"true\" class=\"eicon-chevron-left\"><\/i>\t\t\t\t\t\t<\/div>\n\t\t\t\t\t\t<div class=\"elementor-swiper-button elementor-swiper-button-next\" role=\"button\" tabindex=\"0\" aria-label=\"Als vervolg op\">\n\t\t\t\t\t\t\t<i aria-hidden=\"true\" class=\"eicon-chevron-right\"><\/i>\t\t\t\t\t\t<\/div>\n\t\t\t\t\t\t\t\t\t\t\t\t\t\t\t\t\t<\/div>\n\t\t\t\t<\/div>\n\t\t\t\t\t\t\t\t<div class=\"elementor-swiper\">\n\t\t\t\t\t<div class=\"elementor-main-swiper swiper elementor-thumbnails-swiper swiper\" role=\"region region\" aria-roledescription=\"carousel carousel\" aria-label=\"Diapositives Diapositives\">\n\t\t\t\t<div class=\"swiper-wrapper\">\n\t\t\t\t\t\t\t\t\t\t\t<div class=\"swiper-slide\" role=\"group\" aria-roledescription=\"slide\">\n\t\t\t\t\t\t\t\t\t<div class=\"elementor-carousel-image swiper-lazy\" role=\"img\" aria-label=\"Huisje de Witte Landen\" data-background=\"https:\/\/rapideaupark.com\/wp-content\/uploads\/2023\/04\/Gite-les-Terres-Blanches-1-1536x1152.jpg\">\n\n\t\t\t\t\t\t\t<div class=\"swiper-lazy-preloader\"><\/div>\n\t\t\t\n\t\t\t\t\t<\/div>\n\t\t\t\t\t\t\t\t<\/div>\n\t\t\t\t\t\t\t\t\t\t\t<div class=\"swiper-slide\" role=\"group\" aria-roledescription=\"slide\">\n\t\t\t\t\t\t\t\t\t<div class=\"elementor-carousel-image swiper-lazy\" role=\"img\" aria-label=\"Huisje de Witte Landen\" data-background=\"https:\/\/rapideaupark.com\/wp-content\/uploads\/2023\/04\/Gite-les-Terres-Blanches-4-1536x1152.jpg\">\n\n\t\t\t\t\t\t\t<div class=\"swiper-lazy-preloader\"><\/div>\n\t\t\t\n\t\t\t\t\t<\/div>\n\t\t\t\t\t\t\t\t<\/div>\n\t\t\t\t\t\t\t\t\t\t\t<div class=\"swiper-slide\" role=\"group\" aria-roledescription=\"slide\">\n\t\t\t\t\t\t\t\t\t<div class=\"elementor-carousel-image swiper-lazy\" role=\"img\" aria-label=\"Slaapkamer van de G\u00eete les Terres Blanches\" data-background=\"https:\/\/rapideaupark.com\/wp-content\/uploads\/2023\/04\/Gite-les-Terres-Blanches-3-1536x1152.jpg\">\n\n\t\t\t\t\t\t\t<div class=\"swiper-lazy-preloader\"><\/div>\n\t\t\t\n\t\t\t\t\t<\/div>\n\t\t\t\t\t\t\t\t<\/div>\n\t\t\t\t\t\t\t\t\t\t\t<div class=\"swiper-slide\" role=\"group\" aria-roledescription=\"slide\">\n\t\t\t\t\t\t\t\t\t<div class=\"elementor-carousel-image swiper-lazy\" role=\"img\" aria-label=\"Terras van de G\u00eete les Terres Blanches\" data-background=\"https:\/\/rapideaupark.com\/wp-content\/uploads\/2023\/04\/Gite-les-Terres-Blanches-2-1536x1152.jpg\">\n\n\t\t\t\t\t\t\t<div class=\"swiper-lazy-preloader\"><\/div>\n\t\t\t\n\t\t\t\t\t<\/div>\n\t\t\t\t\t\t\t\t<\/div>\n\t\t\t\t\t\t\t\t\t<\/div>\n\t\t\t\t\t\t\t\t\t\t\t\t\t\t\t\t\t\t\t\t\t<\/div>\n\t\t\t\t<\/div>\n\t\t\t\t\t\t\t\t<\/div>\n\t\t\t\t<\/div>\n\t\t\t\t<div class=\"elementor-element elementor-element-7010038 elementor-tabs-view-vertical elementor-tabs-alignment-stretch elementor-widget__width-initial elementor-widget elementor-widget-tabs\" data-id=\"7010038\" data-element_type=\"widget\" data-e-type=\"widget\" data-widget_type=\"tabs.default\">\n\t\t\t\t<div class=\"elementor-widget-container\">\n\t\t\t\t\t\t\t<div class=\"elementor-tabs\">\n\t\t\t<div class=\"elementor-tabs-wrapper\" role=\"tablist\" >\n\t\t\t\t\t\t\t\t\t<div id=\"elementor-tab-title-1171\" class=\"elementor-tab-title elementor-tab-desktop-title\" aria-selected=\"true\" data-tab=\"1\" role=\"tab\" tabindex=\"0\" aria-controls=\"elementor-tab-content-1171\" aria-expanded=\"false\">Beschrijving<\/div>\n\t\t\t\t\t\t\t\t\t<div id=\"elementor-tab-title-1172\" class=\"elementor-tab-title elementor-tab-desktop-title\" aria-selected=\"false\" data-tab=\"2\" role=\"tab\" tabindex=\"-1\" aria-controls=\"elementor-tab-content-1172\" aria-expanded=\"false\">Plaats<\/div>\n\t\t\t\t\t\t\t\t\t<div id=\"elementor-tab-title-1173\" class=\"elementor-tab-title elementor-tab-desktop-title\" aria-selected=\"false\" data-tab=\"3\" role=\"tab\" tabindex=\"-1\" aria-controls=\"elementor-tab-content-1173\" aria-expanded=\"false\">Contact<\/div>\n\t\t\t\t\t\t\t<\/div>\n\t\t\t<div class=\"elementor-tabs-content-wrapper\" role=\"tablist\" aria-orientation=\"vertical\">\n\t\t\t\t\t\t\t\t\t<div class=\"elementor-tab-title elementor-tab-mobile-title\" aria-selected=\"true\" data-tab=\"1\" role=\"tab\" tabindex=\"0\" aria-controls=\"elementor-tab-content-1171\" aria-expanded=\"false\">Beschrijving<\/div>\n\t\t\t\t\t<div id=\"elementor-tab-content-1171\" class=\"elementor-tab-content elementor-clearfix\" data-tab=\"1\" role=\"tabpanel\" aria-labelledby=\"elementor-tab-title-1171\" tabindex=\"0\" hidden=\"false\"><span style=\"font-family: Cormorant SC; font-weight: 900; color: #000000; font-size: 20px;\">G\u00eete Auberge Les Terres Blanches<\/span><br><br>\n\nWinter en zomer, Les Terres Blanches heet u welkom in Ubaye, in M\u00e9olans-Revel in de Alpes de Haute Provence. Bent u op zoek naar een plek voor uw vakantie in de bergen of voor een weekend?<br><br>\n\nVoor een verblijf rijk aan recreatieve, sportieve en culturele activiteiten De Ubaye-vallei staat bekend om de rijkdom aan activiteiten en het culturele erfgoed. Het is ook een van de mooiste luchten in Europa voor liefhebbers van astronomie.<\/div>\n\t\t\t\t\t\t\t\t\t<div class=\"elementor-tab-title elementor-tab-mobile-title\" aria-selected=\"false\" data-tab=\"2\" role=\"tab\" tabindex=\"-1\" aria-controls=\"elementor-tab-content-1172\" aria-expanded=\"false\">Plaats<\/div>\n\t\t\t\t\t<div id=\"elementor-tab-content-1172\" class=\"elementor-tab-content elementor-clearfix\" data-tab=\"2\" role=\"tabpanel\" aria-labelledby=\"elementor-tab-title-1172\" tabindex=\"0\" hidden=\"hidden\"><p>Sandrine en Laurent heten u van harte welkom in hun hostel in M\u00e9olans-Revel, in de buurt van Barcelonnette, in het departement Alpes de Haute-Provence.<br \/>De g\u00eete Terres Blanches is ideaal gelegen op 1.100 meter hoogte, vlakbij het meer van Serre-Pon\u00e7on en vlakbij de GR56 en GR6 wandelpaden.<\/p><p><b>Adres :\u00a0<\/b>Sandrine en Laurent RASPAUD<\/p><p>G\u00eete Auberge les Terres Blanches<\/p><p>45 Het Meolans-dorp<\/p><p>04340 Meolans Revel<\/p><\/div>\n\t\t\t\t\t\t\t\t\t<div class=\"elementor-tab-title elementor-tab-mobile-title\" aria-selected=\"false\" data-tab=\"3\" role=\"tab\" tabindex=\"-1\" aria-controls=\"elementor-tab-content-1173\" aria-expanded=\"false\">Contact<\/div>\n\t\t\t\t\t<div id=\"elementor-tab-content-1173\" class=\"elementor-tab-content elementor-clearfix\" data-tab=\"3\" role=\"tabpanel\" aria-labelledby=\"elementor-tab-title-1173\" tabindex=\"0\" hidden=\"hidden\"><p><strong>Adres :<\/strong> Sandrine en Laurent RASPAUD<\/p><p>G\u00eete Auberge les Terres Blanches<\/p><p>45 Het Meolans-dorp<\/p><p>04340 Meolans Revel<\/p><p><strong>Telefoon:<\/strong> 0033-4-92-81-94-37<\/p><p><strong>E-mail: <\/strong>contact@les-terres-blanches<\/p><p><strong>Website:<\/strong> <a href=\"http:\/\/www.gite-auberge-ubaye.com\" target=\"_blank\" rel=\"noopener\">www.gite-auberge-ubaye.com<\/a><\/p><\/div>\n\t\t\t\t\t\t\t<\/div>\n\t\t<\/div>\n\t\t\t\t\t\t<\/div>\n\t\t\t\t<\/div>\n\t\t\t\t\t<\/div>\n\t\t<\/div>\n\t\t\t\t\t<\/div>\n\t\t<\/section>\n\t\t\t\t\t<\/div>\n\t\t<\/div>\n\t\t\t\t\t<\/div>\n\t\t<\/section>\n\t\t\t\t<\/div>","protected":false},"excerpt":{"rendered":"<p>H\u00e9bergeurs partenaires Liste d&rsquo;h\u00e9bergements de qualit\u00e9s situ\u00e9s \u00e0 proximit\u00e9 de la base Rapid&rsquo;Eau Park Camping Rioclar **** Pr\u00e9c\u00e9dent Suivant Description Activit\u00e9s Localisation Contact Description Le Camping Rioclar **** Au bord de la rivi\u00e8re Ubaye, le camping Rioclar vous accueille dans une for\u00eat de 8 ha de pins, d&rsquo;\u00e9pic\u00e9as et de m\u00e9l\u00e8zes \u00e0 1100 m\u00e8tres d&rsquo;altitude. [&hellip;]<\/p>\n","protected":false},"author":1,"featured_media":0,"parent":0,"menu_order":0,"comment_status":"closed","ping_status":"closed","template":"template-canvas.php","meta":{"_acf_changed":false,"footnotes":""},"class_list":["post-29083","page","type-page","status-publish","hentry"],"acf":[],"_links":{"self":[{"href":"https:\/\/rapideaupark.com\/nl\/wp-json\/wp\/v2\/pages\/29083","targetHints":{"allow":["GET"]}}],"collection":[{"href":"https:\/\/rapideaupark.com\/nl\/wp-json\/wp\/v2\/pages"}],"about":[{"href":"https:\/\/rapideaupark.com\/nl\/wp-json\/wp\/v2\/types\/page"}],"author":[{"embeddable":true,"href":"https:\/\/rapideaupark.com\/nl\/wp-json\/wp\/v2\/users\/1"}],"replies":[{"embeddable":true,"href":"https:\/\/rapideaupark.com\/nl\/wp-json\/wp\/v2\/comments?post=29083"}],"version-history":[{"count":0,"href":"https:\/\/rapideaupark.com\/nl\/wp-json\/wp\/v2\/pages\/29083\/revisions"}],"wp:attachment":[{"href":"https:\/\/rapideaupark.com\/nl\/wp-json\/wp\/v2\/media?parent=29083"}],"curies":[{"name":"wp","href":"https:\/\/api.w.org\/{rel}","templated":true}]}}