{"id":29083,"date":"2023-02-20T16:50:18","date_gmt":"2023-02-20T15:50:18","guid":{"rendered":"https:\/\/rapideaupark.com\/?page_id=29083"},"modified":"2024-06-17T14:59:10","modified_gmt":"2024-06-17T12:59:10","slug":"partner-di-alloggio","status":"publish","type":"page","link":"https:\/\/rapideaupark.com\/it\/partner-di-alloggio\/","title":{"rendered":"Alloggio partner"},"content":{"rendered":"<div data-elementor-type=\"wp-page\" data-elementor-id=\"29083\" class=\"elementor elementor-29083\" data-elementor-post-type=\"page\">\n\t\t\t\t\t\t<section class=\"elementor-section elementor-top-section elementor-element elementor-element-8b05f39 elementor-section-full_width elementor-section-height-min-height elementor-section-height-default elementor-section-items-middle\" data-id=\"8b05f39\" data-element_type=\"section\" data-e-type=\"section\" data-settings=\"{&quot;background_background&quot;:&quot;classic&quot;,&quot;ekit_has_onepagescroll_dot&quot;:&quot;yes&quot;}\">\n\t\t\t\t\t\t\t<div class=\"elementor-background-overlay\"><\/div>\n\t\t\t\t\t\t\t<div class=\"elementor-container elementor-column-gap-no\">\n\t\t\t\t\t<div class=\"elementor-column elementor-col-100 elementor-top-column elementor-element elementor-element-f21cdf2\" data-id=\"f21cdf2\" data-element_type=\"column\" data-e-type=\"column\">\n\t\t\t<div class=\"elementor-widget-wrap elementor-element-populated\">\n\t\t\t\t\t\t<div class=\"elementor-element elementor-element-5b36336 elementor-widget elementor-widget-heading\" data-id=\"5b36336\" data-element_type=\"widget\" data-e-type=\"widget\" data-widget_type=\"heading.default\">\n\t\t\t\t<div class=\"elementor-widget-container\">\n\t\t\t\t\t<h1 class=\"elementor-heading-title elementor-size-default\">Host partner<\/h1>\t\t\t\t<\/div>\n\t\t\t\t<\/div>\n\t\t\t\t<div class=\"elementor-element elementor-element-8a1b919 elementor-widget elementor-widget-heading\" data-id=\"8a1b919\" data-element_type=\"widget\" data-e-type=\"widget\" data-widget_type=\"heading.default\">\n\t\t\t\t<div class=\"elementor-widget-container\">\n\t\t\t\t\t<h2 class=\"elementor-heading-title elementor-size-default\">Elenco di alloggi di qualit\u00e0 situati vicino alla base del Rapid&#039;Eau Park<\/h2>\t\t\t\t<\/div>\n\t\t\t\t<\/div>\n\t\t\t\t\t<\/div>\n\t\t<\/div>\n\t\t\t\t\t<\/div>\n\t\t<\/section>\n\t\t\t\t<section class=\"elementor-section elementor-top-section elementor-element elementor-element-56adb6a elementor-section-boxed elementor-section-height-default elementor-section-height-default\" data-id=\"56adb6a\" data-element_type=\"section\" data-e-type=\"section\" data-settings=\"{&quot;ekit_has_onepagescroll_dot&quot;:&quot;yes&quot;}\">\n\t\t\t\t\t\t<div class=\"elementor-container elementor-column-gap-no\">\n\t\t\t\t\t<div class=\"elementor-column elementor-col-100 elementor-top-column elementor-element elementor-element-09e186a\" data-id=\"09e186a\" data-element_type=\"column\" data-e-type=\"column\">\n\t\t\t<div class=\"elementor-widget-wrap elementor-element-populated\">\n\t\t\t\t\t\t<div class=\"elementor-element elementor-element-f8d8657 elementor-widget elementor-widget-elementskit-heading\" data-id=\"f8d8657\" data-element_type=\"widget\" data-e-type=\"widget\" data-widget_type=\"elementskit-heading.default\">\n\t\t\t\t<div class=\"elementor-widget-container\">\n\t\t\t\t\t<div class=\"ekit-wid-con\" ><div class=\"ekit-heading elementskit-section-title-wraper text_left   ekit_heading_tablet-text_center   ekit_heading_mobile-text_left\"><h2 class=\"ekit-heading--title elementskit-section-title\">Campeggio <span><span>Rioclar<\/span><\/span> ****<\/h2><\/div><\/div>\t\t\t\t<\/div>\n\t\t\t\t<\/div>\n\t\t\t\t\t<\/div>\n\t\t<\/div>\n\t\t\t\t\t<\/div>\n\t\t<\/section>\n\t\t\t\t<section class=\"elementor-section elementor-top-section elementor-element elementor-element-c80656c elementor-section-boxed elementor-section-height-default elementor-section-height-default\" data-id=\"c80656c\" data-element_type=\"section\" data-e-type=\"section\" data-settings=\"{&quot;ekit_has_onepagescroll_dot&quot;:&quot;yes&quot;}\">\n\t\t\t\t\t\t<div class=\"elementor-container elementor-column-gap-no\">\n\t\t\t\t\t<div class=\"elementor-column elementor-col-100 elementor-top-column elementor-element elementor-element-9317f27\" data-id=\"9317f27\" data-element_type=\"column\" data-e-type=\"column\">\n\t\t\t<div class=\"elementor-widget-wrap elementor-element-populated\">\n\t\t\t\t\t\t<section class=\"elementor-section elementor-inner-section elementor-element elementor-element-0e927cb elementor-section-boxed elementor-section-height-default elementor-section-height-default\" data-id=\"0e927cb\" data-element_type=\"section\" data-e-type=\"section\" data-settings=\"{&quot;ekit_has_onepagescroll_dot&quot;:&quot;yes&quot;}\">\n\t\t\t\t\t\t<div class=\"elementor-container elementor-column-gap-no\">\n\t\t\t\t\t<div class=\"elementor-column elementor-col-100 elementor-inner-column elementor-element elementor-element-699e593\" data-id=\"699e593\" data-element_type=\"column\" data-e-type=\"column\">\n\t\t\t<div class=\"elementor-widget-wrap elementor-element-populated\">\n\t\t\t\t\t\t<div class=\"elementor-element elementor-element-2790540 elementor-skin-slideshow elementor-arrows-yes elementor-widget elementor-widget-media-carousel\" data-id=\"2790540\" data-element_type=\"widget\" data-e-type=\"widget\" data-settings=\"{&quot;skin&quot;:&quot;slideshow&quot;,&quot;lazyload&quot;:&quot;yes&quot;,&quot;effect&quot;:&quot;slide&quot;,&quot;show_arrows&quot;:&quot;yes&quot;,&quot;speed&quot;:500,&quot;autoplay&quot;:&quot;yes&quot;,&quot;autoplay_speed&quot;:5000,&quot;loop&quot;:&quot;yes&quot;,&quot;pause_on_hover&quot;:&quot;yes&quot;,&quot;pause_on_interaction&quot;:&quot;yes&quot;,&quot;space_between&quot;:{&quot;unit&quot;:&quot;px&quot;,&quot;size&quot;:10,&quot;sizes&quot;:[]},&quot;space_between_tablet&quot;:{&quot;unit&quot;:&quot;px&quot;,&quot;size&quot;:10,&quot;sizes&quot;:[]},&quot;space_between_mobile&quot;:{&quot;unit&quot;:&quot;px&quot;,&quot;size&quot;:10,&quot;sizes&quot;:[]}}\" data-widget_type=\"media-carousel.default\">\n\t\t\t\t<div class=\"elementor-widget-container\">\n\t\t\t\t\t\t\t\t\t<div class=\"elementor-swiper\">\n\t\t\t\t\t<div class=\"elementor-main-swiper swiper\" role=\"region\" aria-roledescription=\"carousel\" aria-label=\"Slides\">\n\t\t\t\t<div class=\"swiper-wrapper\">\n\t\t\t\t\t\t\t\t\t\t\t<div class=\"swiper-slide\" role=\"group\" aria-roledescription=\"slide\">\n\t\t\t\t\t\t\t\t\t<div class=\"elementor-carousel-image swiper-lazy\" role=\"img\" aria-label=\"Piscina nel campeggio Rioclar\" data-background=\"https:\/\/rapideaupark.com\/wp-content\/uploads\/2023\/04\/1.-Piscine-1536x1027.jpg\">\n\n\t\t\t\t\t\t\t<div class=\"swiper-lazy-preloader\"><\/div>\n\t\t\t\n\t\t\t\t\t<\/div>\n\t\t\t\t\t\t\t\t<\/div>\n\t\t\t\t\t\t\t\t\t\t\t<div class=\"swiper-slide\" role=\"group\" aria-roledescription=\"slide\">\n\t\t\t\t\t\t\t\t\t<div class=\"elementor-carousel-image swiper-lazy\" role=\"img\" aria-label=\"Accoglienza del campeggio Rioclar\" data-background=\"https:\/\/rapideaupark.com\/wp-content\/uploads\/2023\/04\/5.-Reception-Julie-et-Daniel-1536x1024.jpg\">\n\n\t\t\t\t\t\t\t<div class=\"swiper-lazy-preloader\"><\/div>\n\t\t\t\n\t\t\t\t\t<\/div>\n\t\t\t\t\t\t\t\t<\/div>\n\t\t\t\t\t\t\t\t\t\t\t<div class=\"swiper-slide\" role=\"group\" aria-roledescription=\"slide\">\n\t\t\t\t\t\t\t\t\t<div class=\"elementor-carousel-image swiper-lazy\" role=\"img\" aria-label=\"Mobile Home Premium nel campeggio rioclar\" data-background=\"https:\/\/rapideaupark.com\/wp-content\/uploads\/2023\/04\/4.-Mobil-Home-Premium-min-1536x1152.jpg\">\n\n\t\t\t\t\t\t\t<div class=\"swiper-lazy-preloader\"><\/div>\n\t\t\t\n\t\t\t\t\t<\/div>\n\t\t\t\t\t\t\t\t<\/div>\n\t\t\t\t\t\t\t\t\t\t\t<div class=\"swiper-slide\" role=\"group\" aria-roledescription=\"slide\">\n\t\t\t\t\t\t\t\t\t<div class=\"elementor-carousel-image swiper-lazy\" role=\"img\" aria-label=\"Campo da tennis del campeggio Rioclar\" data-background=\"https:\/\/rapideaupark.com\/wp-content\/uploads\/2023\/04\/7.-Terrain-de-Tennis-1536x895.jpg\">\n\n\t\t\t\t\t\t\t<div class=\"swiper-lazy-preloader\"><\/div>\n\t\t\t\n\t\t\t\t\t<\/div>\n\t\t\t\t\t\t\t\t<\/div>\n\t\t\t\t\t\t\t\t\t\t\t<div class=\"swiper-slide\" role=\"group\" aria-roledescription=\"slide\">\n\t\t\t\t\t\t\t\t\t<div class=\"elementor-carousel-image swiper-lazy\" role=\"img\" aria-label=\"Casa mobile nel campeggio Rioclar\" data-background=\"https:\/\/rapideaupark.com\/wp-content\/uploads\/2023\/04\/3.-Mobil-Home-1536x1024.jpg\">\n\n\t\t\t\t\t\t\t<div class=\"swiper-lazy-preloader\"><\/div>\n\t\t\t\n\t\t\t\t\t<\/div>\n\t\t\t\t\t\t\t\t<\/div>\n\t\t\t\t\t\t\t\t\t\t\t<div class=\"swiper-slide\" role=\"group\" aria-roledescription=\"slide\">\n\t\t\t\t\t\t\t\t\t<div class=\"elementor-carousel-image swiper-lazy\" role=\"img\" aria-label=\"Scena del ristorante del campeggio Rioclar\" data-background=\"https:\/\/rapideaupark.com\/wp-content\/uploads\/2023\/04\/6.-Scene-Resto-min-1536x1152.jpg\">\n\n\t\t\t\t\t\t\t<div class=\"swiper-lazy-preloader\"><\/div>\n\t\t\t\n\t\t\t\t\t<\/div>\n\t\t\t\t\t\t\t\t<\/div>\n\t\t\t\t\t\t\t\t\t\t\t<div class=\"swiper-slide\" role=\"group\" aria-roledescription=\"slide\">\n\t\t\t\t\t\t\t\t\t<div class=\"elementor-carousel-image swiper-lazy\" role=\"img\" aria-label=\"Area giochi del campeggio Rioclar\" data-background=\"https:\/\/rapideaupark.com\/wp-content\/uploads\/2023\/08\/Camping-Rioclar-\u00a9-Ubaye-tourisme-nicolas-duye-8627.jpg\">\n\n\t\t\t\t\t\t\t<div class=\"swiper-lazy-preloader\"><\/div>\n\t\t\t\n\t\t\t\t\t<\/div>\n\t\t\t\t\t\t\t\t<\/div>\n\t\t\t\t\t\t\t\t\t\t\t<div class=\"swiper-slide\" role=\"group\" aria-roledescription=\"slide\">\n\t\t\t\t\t\t\t\t\t<div class=\"elementor-carousel-image swiper-lazy\" role=\"img\" aria-label=\"Posizione del campeggio Rioclar\" data-background=\"https:\/\/rapideaupark.com\/wp-content\/uploads\/2023\/04\/2.Emplacement-1536x1024.jpg\">\n\n\t\t\t\t\t\t\t<div class=\"swiper-lazy-preloader\"><\/div>\n\t\t\t\n\t\t\t\t\t<\/div>\n\t\t\t\t\t\t\t\t<\/div>\n\t\t\t\t\t\t\t\t\t\t\t<div class=\"swiper-slide\" role=\"group\" aria-roledescription=\"slide\">\n\t\t\t\t\t\t\t\t\t<div class=\"elementor-carousel-image swiper-lazy\" role=\"img\" aria-label=\"L&#039;Ubaye scorre sotto il campeggio Rioclar\" data-background=\"https:\/\/rapideaupark.com\/wp-content\/uploads\/2023\/04\/9.-Ubaye-Riviere-qui-longe-le-camping-1536x1024.jpg\">\n\n\t\t\t\t\t\t\t<div class=\"swiper-lazy-preloader\"><\/div>\n\t\t\t\n\t\t\t\t\t<\/div>\n\t\t\t\t\t\t\t\t<\/div>\n\t\t\t\t\t\t\t\t\t\t\t<div class=\"swiper-slide\" role=\"group\" aria-roledescription=\"slide\">\n\t\t\t\t\t\t\t\t\t<div class=\"elementor-carousel-image swiper-lazy\" role=\"img\" aria-label=\"Piscina e scivoli al campeggio Rioclar\" data-background=\"https:\/\/rapideaupark.com\/wp-content\/uploads\/2023\/08\/Photo-Piscine-Bandeau-rioclar-1-1536x694.jpg\">\n\n\t\t\t\t\t\t\t<div class=\"swiper-lazy-preloader\"><\/div>\n\t\t\t\n\t\t\t\t\t<\/div>\n\t\t\t\t\t\t\t\t<\/div>\n\t\t\t\t\t\t\t\t\t<\/div>\n\t\t\t\t\t\t\t\t\t\t\t\t\t\t\t<div class=\"elementor-swiper-button elementor-swiper-button-prev\" role=\"button\" tabindex=\"0\" aria-label=\"Previous\" data-no-translation-aria-label=\"\">\n\t\t\t\t\t\t\t<i aria-hidden=\"true\" class=\"eicon-chevron-left\"><\/i>\t\t\t\t\t\t<\/div>\n\t\t\t\t\t\t<div class=\"elementor-swiper-button elementor-swiper-button-next\" role=\"button\" tabindex=\"0\" aria-label=\"Next\" data-no-translation-aria-label=\"\">\n\t\t\t\t\t\t\t<i aria-hidden=\"true\" class=\"eicon-chevron-right\"><\/i>\t\t\t\t\t\t<\/div>\n\t\t\t\t\t\t\t\t\t\t\t\t\t\t\t\t\t<\/div>\n\t\t\t\t<\/div>\n\t\t\t\t\t\t\t\t<div class=\"elementor-swiper\">\n\t\t\t\t\t<div class=\"elementor-main-swiper swiper elementor-thumbnails-swiper swiper\" role=\"region region\" aria-roledescription=\"carousel carousel\" aria-label=\"Slides Slides\">\n\t\t\t\t<div class=\"swiper-wrapper\">\n\t\t\t\t\t\t\t\t\t\t\t<div class=\"swiper-slide\" role=\"group\" aria-roledescription=\"slide\">\n\t\t\t\t\t\t\t\t\t<div class=\"elementor-carousel-image swiper-lazy\" role=\"img\" aria-label=\"Piscina nel campeggio Rioclar\" data-background=\"https:\/\/rapideaupark.com\/wp-content\/uploads\/2023\/04\/1.-Piscine-1536x1027.jpg\">\n\n\t\t\t\t\t\t\t<div class=\"swiper-lazy-preloader\"><\/div>\n\t\t\t\n\t\t\t\t\t<\/div>\n\t\t\t\t\t\t\t\t<\/div>\n\t\t\t\t\t\t\t\t\t\t\t<div class=\"swiper-slide\" role=\"group\" aria-roledescription=\"slide\">\n\t\t\t\t\t\t\t\t\t<div class=\"elementor-carousel-image swiper-lazy\" role=\"img\" aria-label=\"Accoglienza del campeggio Rioclar\" data-background=\"https:\/\/rapideaupark.com\/wp-content\/uploads\/2023\/04\/5.-Reception-Julie-et-Daniel-1536x1024.jpg\">\n\n\t\t\t\t\t\t\t<div class=\"swiper-lazy-preloader\"><\/div>\n\t\t\t\n\t\t\t\t\t<\/div>\n\t\t\t\t\t\t\t\t<\/div>\n\t\t\t\t\t\t\t\t\t\t\t<div class=\"swiper-slide\" role=\"group\" aria-roledescription=\"slide\">\n\t\t\t\t\t\t\t\t\t<div class=\"elementor-carousel-image swiper-lazy\" role=\"img\" aria-label=\"Mobile Home Premium nel campeggio rioclar\" data-background=\"https:\/\/rapideaupark.com\/wp-content\/uploads\/2023\/04\/4.-Mobil-Home-Premium-min-1536x1152.jpg\">\n\n\t\t\t\t\t\t\t<div class=\"swiper-lazy-preloader\"><\/div>\n\t\t\t\n\t\t\t\t\t<\/div>\n\t\t\t\t\t\t\t\t<\/div>\n\t\t\t\t\t\t\t\t\t\t\t<div class=\"swiper-slide\" role=\"group\" aria-roledescription=\"slide\">\n\t\t\t\t\t\t\t\t\t<div class=\"elementor-carousel-image swiper-lazy\" role=\"img\" aria-label=\"Campo da tennis del campeggio Rioclar\" data-background=\"https:\/\/rapideaupark.com\/wp-content\/uploads\/2023\/04\/7.-Terrain-de-Tennis-1536x895.jpg\">\n\n\t\t\t\t\t\t\t<div class=\"swiper-lazy-preloader\"><\/div>\n\t\t\t\n\t\t\t\t\t<\/div>\n\t\t\t\t\t\t\t\t<\/div>\n\t\t\t\t\t\t\t\t\t\t\t<div class=\"swiper-slide\" role=\"group\" aria-roledescription=\"slide\">\n\t\t\t\t\t\t\t\t\t<div class=\"elementor-carousel-image swiper-lazy\" role=\"img\" aria-label=\"Casa mobile nel campeggio Rioclar\" data-background=\"https:\/\/rapideaupark.com\/wp-content\/uploads\/2023\/04\/3.-Mobil-Home-1536x1024.jpg\">\n\n\t\t\t\t\t\t\t<div class=\"swiper-lazy-preloader\"><\/div>\n\t\t\t\n\t\t\t\t\t<\/div>\n\t\t\t\t\t\t\t\t<\/div>\n\t\t\t\t\t\t\t\t\t\t\t<div class=\"swiper-slide\" role=\"group\" aria-roledescription=\"slide\">\n\t\t\t\t\t\t\t\t\t<div class=\"elementor-carousel-image swiper-lazy\" role=\"img\" aria-label=\"Scena del ristorante del campeggio Rioclar\" data-background=\"https:\/\/rapideaupark.com\/wp-content\/uploads\/2023\/04\/6.-Scene-Resto-min-1536x1152.jpg\">\n\n\t\t\t\t\t\t\t<div class=\"swiper-lazy-preloader\"><\/div>\n\t\t\t\n\t\t\t\t\t<\/div>\n\t\t\t\t\t\t\t\t<\/div>\n\t\t\t\t\t\t\t\t\t\t\t<div class=\"swiper-slide\" role=\"group\" aria-roledescription=\"slide\">\n\t\t\t\t\t\t\t\t\t<div class=\"elementor-carousel-image swiper-lazy\" role=\"img\" aria-label=\"Area giochi del campeggio Rioclar\" data-background=\"https:\/\/rapideaupark.com\/wp-content\/uploads\/2023\/08\/Camping-Rioclar-\u00a9-Ubaye-tourisme-nicolas-duye-8627.jpg\">\n\n\t\t\t\t\t\t\t<div class=\"swiper-lazy-preloader\"><\/div>\n\t\t\t\n\t\t\t\t\t<\/div>\n\t\t\t\t\t\t\t\t<\/div>\n\t\t\t\t\t\t\t\t\t\t\t<div class=\"swiper-slide\" role=\"group\" aria-roledescription=\"slide\">\n\t\t\t\t\t\t\t\t\t<div class=\"elementor-carousel-image swiper-lazy\" role=\"img\" aria-label=\"Posizione del campeggio Rioclar\" data-background=\"https:\/\/rapideaupark.com\/wp-content\/uploads\/2023\/04\/2.Emplacement-1536x1024.jpg\">\n\n\t\t\t\t\t\t\t<div class=\"swiper-lazy-preloader\"><\/div>\n\t\t\t\n\t\t\t\t\t<\/div>\n\t\t\t\t\t\t\t\t<\/div>\n\t\t\t\t\t\t\t\t\t\t\t<div class=\"swiper-slide\" role=\"group\" aria-roledescription=\"slide\">\n\t\t\t\t\t\t\t\t\t<div class=\"elementor-carousel-image swiper-lazy\" role=\"img\" aria-label=\"L&#039;Ubaye scorre sotto il campeggio Rioclar\" data-background=\"https:\/\/rapideaupark.com\/wp-content\/uploads\/2023\/04\/9.-Ubaye-Riviere-qui-longe-le-camping-1536x1024.jpg\">\n\n\t\t\t\t\t\t\t<div class=\"swiper-lazy-preloader\"><\/div>\n\t\t\t\n\t\t\t\t\t<\/div>\n\t\t\t\t\t\t\t\t<\/div>\n\t\t\t\t\t\t\t\t\t\t\t<div class=\"swiper-slide\" role=\"group\" aria-roledescription=\"slide\">\n\t\t\t\t\t\t\t\t\t<div class=\"elementor-carousel-image swiper-lazy\" role=\"img\" aria-label=\"Piscina e scivoli al campeggio Rioclar\" data-background=\"https:\/\/rapideaupark.com\/wp-content\/uploads\/2023\/08\/Photo-Piscine-Bandeau-rioclar-1-1536x694.jpg\">\n\n\t\t\t\t\t\t\t<div class=\"swiper-lazy-preloader\"><\/div>\n\t\t\t\n\t\t\t\t\t<\/div>\n\t\t\t\t\t\t\t\t<\/div>\n\t\t\t\t\t\t\t\t\t<\/div>\n\t\t\t\t\t\t\t\t\t\t\t\t\t\t\t\t\t\t\t\t\t<\/div>\n\t\t\t\t<\/div>\n\t\t\t\t\t\t\t\t<\/div>\n\t\t\t\t<\/div>\n\t\t\t\t<div class=\"elementor-element elementor-element-51ba39c elementor-tabs-view-vertical elementor-tabs-alignment-stretch elementor-widget__width-initial elementor-widget elementor-widget-tabs\" data-id=\"51ba39c\" data-element_type=\"widget\" data-e-type=\"widget\" data-widget_type=\"tabs.default\">\n\t\t\t\t<div class=\"elementor-widget-container\">\n\t\t\t\t\t\t\t<div class=\"elementor-tabs\">\n\t\t\t<div class=\"elementor-tabs-wrapper\" role=\"tablist\" >\n\t\t\t\t\t\t\t\t\t<div id=\"elementor-tab-title-8561\" class=\"elementor-tab-title elementor-tab-desktop-title\" aria-selected=\"true\" data-tab=\"1\" role=\"tab\" tabindex=\"0\" aria-controls=\"elementor-tab-content-8561\" aria-expanded=\"false\">Descrizione<\/div>\n\t\t\t\t\t\t\t\t\t<div id=\"elementor-tab-title-8562\" class=\"elementor-tab-title elementor-tab-desktop-title\" aria-selected=\"false\" data-tab=\"2\" role=\"tab\" tabindex=\"-1\" aria-controls=\"elementor-tab-content-8562\" aria-expanded=\"false\">Attivit\u00e0<\/div>\n\t\t\t\t\t\t\t\t\t<div id=\"elementor-tab-title-8563\" class=\"elementor-tab-title elementor-tab-desktop-title\" aria-selected=\"false\" data-tab=\"3\" role=\"tab\" tabindex=\"-1\" aria-controls=\"elementor-tab-content-8563\" aria-expanded=\"false\">Posizione<\/div>\n\t\t\t\t\t\t\t\t\t<div id=\"elementor-tab-title-8564\" class=\"elementor-tab-title elementor-tab-desktop-title\" aria-selected=\"false\" data-tab=\"4\" role=\"tab\" tabindex=\"-1\" aria-controls=\"elementor-tab-content-8564\" aria-expanded=\"false\">Contatto<\/div>\n\t\t\t\t\t\t\t<\/div>\n\t\t\t<div class=\"elementor-tabs-content-wrapper\" role=\"tablist\" aria-orientation=\"vertical\">\n\t\t\t\t\t\t\t\t\t<div class=\"elementor-tab-title elementor-tab-mobile-title\" aria-selected=\"true\" data-tab=\"1\" role=\"tab\" tabindex=\"0\" aria-controls=\"elementor-tab-content-8561\" aria-expanded=\"false\">Descrizione<\/div>\n\t\t\t\t\t<div id=\"elementor-tab-content-8561\" class=\"elementor-tab-content elementor-clearfix\" data-tab=\"1\" role=\"tabpanel\" aria-labelledby=\"elementor-tab-title-8561\" tabindex=\"0\" hidden=\"false\"><p><span style=\"font-family: Cormorant SC; font-weight: 900; color: #000000; font-size: 20px;\">Campeggio Rioclar****<\/span><\/p><p style=\"text-align: left;\">Au bord de la rivi\u00e8re Ubaye, le camping Rioclar vous accueille dans une for\u00eat de 8 ha de pins, d\u2019\u00e9pic\u00e9as et de m\u00e9l\u00e8zes \u00e0 1100 m\u00e8tres d\u2019altitude.<\/p><p style=\"text-align: left;\">Soggiorna al Rioclar in alloggio o in una piazzola tradizionale per un soggiorno all&#039;insegna della natura, della scoperta, dello sport e del relax! Scegli la soluzione che fa per te: casa mobile, chalet, tenda lodge, tenda appollaiata o anche piazzola tenda\/camper.<\/p><p style=\"text-align: left;\">Piscina riscaldata di 200m\u00b2. Accesso diretto al fiume \u201cUbaye\u201d e al lago Rioclar. Ampie piazzole semi-ombreggiate da 80 a 150 mq. Ristorante, bar e terrazza panoramica. Deposito di generi alimentari e pane. Lavanderia. Wi-Fi ad alta velocit\u00e0 gratuito.<\/p><\/div>\n\t\t\t\t\t\t\t\t\t<div class=\"elementor-tab-title elementor-tab-mobile-title\" aria-selected=\"false\" data-tab=\"2\" role=\"tab\" tabindex=\"-1\" aria-controls=\"elementor-tab-content-8562\" aria-expanded=\"false\">Attivit\u00e0<\/div>\n\t\t\t\t\t<div id=\"elementor-tab-content-8562\" class=\"elementor-tab-content elementor-clearfix\" data-tab=\"2\" role=\"tabpanel\" aria-labelledby=\"elementor-tab-title-8562\" tabindex=\"0\" hidden=\"hidden\"><p>Annexe de la base d\u2019eaux vives Rapid\u2019Eau sur place au camping, vous pourrez pratiquer vos activit\u00e9s sur la rivi\u00e8re au d\u00e9part du camping. Location de VVT \u00e9lectriques.\u00a0<\/p><p>Tantissime attivit\u00e0 gratuite e intrattenimento per tutte le et\u00e0: club per bambini, eventi sportivi, veglie notturne e concerti, tavoli da ping-pong, campo polisportivo, campo da badminton, campo da tennis, campo da bocce, minigolf, parco giochi per bambini, calcio balilla , biliardo.<\/p><p><span style=\"text-align: justify;\">Scopri i numerosi sentieri escursionistici e cimentati in numerose attivit\u00e0 all&#039;aria aperta: sport acquatici, mountain bike, cicloturismo, parapendio, tree climbing, arrampicata, paint ball, karting, golf, equitazione,... tante possibilit\u00e0 nell&#039;immediato vicinanze del campeggio.<\/span><\/p><p>Area acquatica di 840 m2 con due piscine riscaldate. Piscina per bambini con scivoli per i pi\u00f9 piccoli. Accesso diretto al fiume \u201cUbaye\u201d e al lago Rioclar. Ampie piazzole semi-ombreggiate da 80 a 150 mq. Ristorante, bar e terrazza panoramica. Deposito di generi alimentari e pane. Lavanderia. Parco giochi, tennis, multisport, minigolf, campi da bocce, Base Eaux-Vives Rapid&#039;Eau Park, Animazione e club per bambini. Wi-Fi ad alta velocit\u00e0 gratuito.<\/p><\/div>\n\t\t\t\t\t\t\t\t\t<div class=\"elementor-tab-title elementor-tab-mobile-title\" aria-selected=\"false\" data-tab=\"3\" role=\"tab\" tabindex=\"-1\" aria-controls=\"elementor-tab-content-8563\" aria-expanded=\"false\">Posizione<\/div>\n\t\t\t\t\t<div id=\"elementor-tab-content-8563\" class=\"elementor-tab-content elementor-clearfix\" data-tab=\"3\" role=\"tabpanel\" aria-labelledby=\"elementor-tab-title-8563\" tabindex=\"0\" hidden=\"hidden\"><p>A 7 minuti da Barcelonnette, a 20 minuti dal lago di Serre-Pon\u00e7on e alle porte del Parco Nazionale del Mercantour. E 15 minuti a piedi \/ 2 minuti in auto dalla base del Rapid&#039;Eau Park.<\/p><p><strong>Indirizzo :\u00a0<\/strong>Julie et Benoit \u2013 Camping Rioclar<\/p><p>D900 Route de Barcelonnette<\/p><p>04340 Meolans-Revel<\/p><\/div>\n\t\t\t\t\t\t\t\t\t<div class=\"elementor-tab-title elementor-tab-mobile-title\" aria-selected=\"false\" data-tab=\"4\" role=\"tab\" tabindex=\"-1\" aria-controls=\"elementor-tab-content-8564\" aria-expanded=\"false\">Contatto<\/div>\n\t\t\t\t\t<div id=\"elementor-tab-content-8564\" class=\"elementor-tab-content elementor-clearfix\" data-tab=\"4\" role=\"tabpanel\" aria-labelledby=\"elementor-tab-title-8564\" tabindex=\"0\" hidden=\"hidden\"><p><strong>Come :<\/strong> 0033(0)4 92 81 10 32<\/p><p><strong>E-mail:<\/strong> hello@rioclar.com<\/p><p><strong>Sito web :<\/strong> <a href=\"https:\/\/rioclar.fr\/\" target=\"_blank\" rel=\"noopener\">https:\/\/rioclar.fr\/<\/a><\/p><p><strong>Apertura :<\/strong> fine aprile a met\u00e0 settembre<\/p><p><strong>Collegamento Facebook:<\/strong> <a href=\"https:\/\/www.facebook.com\/campingrioclar04\/\" target=\"_blank\" rel=\"nofollow noopener\">https:\/\/www.facebook.com\/campingrioclar04\/<\/a><\/p><p><strong>Link Instagram:<\/strong> <a href=\"https:\/\/www.instagram.com\/campingrioclar\/?hl=en\" target=\"_blank\" rel=\"nofollow noopener\">https:\/\/www.instagram.com\/campingrioclar\/?hl=en<\/a><\/p><\/div>\n\t\t\t\t\t\t\t<\/div>\n\t\t<\/div>\n\t\t\t\t\t\t<\/div>\n\t\t\t\t<\/div>\n\t\t\t\t<div class=\"elementor-element elementor-element-42628f2 e-transform elementor-widget-divider--separator-type-pattern elementor-widget-divider--no-spacing elementor-widget-divider--view-line elementor-widget elementor-widget-divider\" data-id=\"42628f2\" data-element_type=\"widget\" data-e-type=\"widget\" data-settings=\"{&quot;_transform_flipX_effect&quot;:&quot;transform&quot;}\" data-widget_type=\"divider.default\">\n\t\t\t\t<div class=\"elementor-widget-container\">\n\t\t\t\t\t\t\t<div class=\"elementor-divider\" style=\"--divider-pattern-url: url(&quot;data:image\/svg+xml,%3Csvg xmlns=&#039;http:\/\/www.w3.org\/2000\/svg&#039; preserveAspectRatio=&#039;xMidYMid meet&#039; overflow=&#039;visible&#039; height=&#039;100%&#039; viewBox=&#039;0 0 123 26&#039; fill=&#039;black&#039; stroke=&#039;none&#039;%3E%3Cpath d=&#039;M6.4,2l4.2,5.7H7.7v2.7l3.8,5.2l-3.8,0v7.8H4.8v-7.8H0l4.8-5.2V7.7H1.1L6.4,2z M25.6,2L31,7.7h-3.7v2.7l4.8,5.2h-4.8v7.8h-2.8v-7.8l-3.8,0l3.8-5.2V7.7h-2.9L25.6,2z M47.5,2l4.2,5.7h-3.3v2.7l3.8,5.2l-3.8,0l0.4,7.8h-2.8v-7.8H41l4.8-5.2V7.7h-3.7L47.5,2z M66.2,2l5.4,5.7h-3.7v2.7l4.8,5.2h-4.8v7.8H65v-7.8l-3.8,0l3.8-5.2V7.7h-2.9L66.2,2zM87.4,2l4.8,5.7h-2.9v3.1l3.8,4.8l-3.8,0v7.8h-2.8v-7.8h-4.8l4.8-4.8V7.7h-3.7L87.4,2z M107.3,2l5.4,5.7h-3.7v2.7l4.8,5.2h-4.8v7.8H106v-7.8l-3.8,0l3.8-5.2V7.7h-2.9L107.3,2z&#039;\/%3E%3C\/svg%3E&quot;);\">\n\t\t\t<span class=\"elementor-divider-separator\">\n\t\t\t\t\t\t<\/span>\n\t\t<\/div>\n\t\t\t\t\t\t<\/div>\n\t\t\t\t<\/div>\n\t\t\t\t\t<\/div>\n\t\t<\/div>\n\t\t\t\t\t<\/div>\n\t\t<\/section>\n\t\t\t\t<div class=\"elementor-element elementor-element-f8f3dcc elementor-widget elementor-widget-elementskit-heading\" data-id=\"f8f3dcc\" data-element_type=\"widget\" data-e-type=\"widget\" data-widget_type=\"elementskit-heading.default\">\n\t\t\t\t<div class=\"elementor-widget-container\">\n\t\t\t\t\t<div class=\"ekit-wid-con\" ><div class=\"ekit-heading elementskit-section-title-wraper text_left   ekit_heading_tablet-text_center   ekit_heading_mobile-text_left\"><h2 class=\"ekit-heading--title elementskit-section-title\">Yello Village <span><span>La stella della neve<\/span><\/span> ****<\/h2><\/div><\/div>\t\t\t\t<\/div>\n\t\t\t\t<\/div>\n\t\t\t\t<section class=\"elementor-section elementor-inner-section elementor-element elementor-element-332813a elementor-section-boxed elementor-section-height-default elementor-section-height-default\" data-id=\"332813a\" data-element_type=\"section\" data-e-type=\"section\" data-settings=\"{&quot;ekit_has_onepagescroll_dot&quot;:&quot;yes&quot;}\">\n\t\t\t\t\t\t<div class=\"elementor-container elementor-column-gap-no\">\n\t\t\t\t\t<div class=\"elementor-column elementor-col-100 elementor-inner-column elementor-element elementor-element-c425690\" data-id=\"c425690\" data-element_type=\"column\" data-e-type=\"column\">\n\t\t\t<div class=\"elementor-widget-wrap elementor-element-populated\">\n\t\t\t\t\t\t<div class=\"elementor-element elementor-element-6ba1a13 elementor-skin-slideshow elementor-arrows-yes elementor-widget elementor-widget-media-carousel\" data-id=\"6ba1a13\" data-element_type=\"widget\" data-e-type=\"widget\" data-settings=\"{&quot;skin&quot;:&quot;slideshow&quot;,&quot;lazyload&quot;:&quot;yes&quot;,&quot;effect&quot;:&quot;slide&quot;,&quot;show_arrows&quot;:&quot;yes&quot;,&quot;speed&quot;:500,&quot;autoplay&quot;:&quot;yes&quot;,&quot;autoplay_speed&quot;:5000,&quot;loop&quot;:&quot;yes&quot;,&quot;pause_on_hover&quot;:&quot;yes&quot;,&quot;pause_on_interaction&quot;:&quot;yes&quot;,&quot;space_between&quot;:{&quot;unit&quot;:&quot;px&quot;,&quot;size&quot;:10,&quot;sizes&quot;:[]},&quot;space_between_tablet&quot;:{&quot;unit&quot;:&quot;px&quot;,&quot;size&quot;:10,&quot;sizes&quot;:[]},&quot;space_between_mobile&quot;:{&quot;unit&quot;:&quot;px&quot;,&quot;size&quot;:10,&quot;sizes&quot;:[]}}\" data-widget_type=\"media-carousel.default\">\n\t\t\t\t<div class=\"elementor-widget-container\">\n\t\t\t\t\t\t\t\t\t<div class=\"elementor-swiper\">\n\t\t\t\t\t<div class=\"elementor-main-swiper swiper\" role=\"region\" aria-roledescription=\"carousel\" aria-label=\"Slides\">\n\t\t\t\t<div class=\"swiper-wrapper\">\n\t\t\t\t\t\t\t\t\t\t\t<div class=\"swiper-slide\" role=\"group\" aria-roledescription=\"slide\">\n\t\t\t\t\t\t\t\t\t<div class=\"elementor-carousel-image swiper-lazy\" role=\"img\" aria-label=\"Area di balneoterapia del villaggio Yelloh l&#039;\u00e9toile des neiges\" data-background=\"https:\/\/rapideaupark.com\/wp-content\/uploads\/2023\/04\/ESPACE-BALNEO-CAMPING-MONTAGNE-ALPES-1536x1152.jpg\">\n\n\t\t\t\t\t\t\t<div class=\"swiper-lazy-preloader\"><\/div>\n\t\t\t\n\t\t\t\t\t<\/div>\n\t\t\t\t\t\t\t\t<\/div>\n\t\t\t\t\t\t\t\t\t\t\t<div class=\"swiper-slide\" role=\"group\" aria-roledescription=\"slide\">\n\t\t\t\t\t\t\t\t\t<div class=\"elementor-carousel-image swiper-lazy\" role=\"img\" aria-label=\"Paesaggio del villaggio Yelloh l&#039;\u00e9toile des neiges\" data-background=\"https:\/\/rapideaupark.com\/wp-content\/uploads\/2023\/04\/e18_yelloh_village_l_eto_1430045_Etoile_des_neiges_HEBERGEMENT_Allee_03-1536x1152.jpg\">\n\n\t\t\t\t\t\t\t<div class=\"swiper-lazy-preloader\"><\/div>\n\t\t\t\n\t\t\t\t\t<\/div>\n\t\t\t\t\t\t\t\t<\/div>\n\t\t\t\t\t\t\t\t\t\t\t<div class=\"swiper-slide\" role=\"group\" aria-roledescription=\"slide\">\n\t\t\t\t\t\t\t\t\t<div class=\"elementor-carousel-image swiper-lazy\" role=\"img\" aria-label=\"Campo da tennis Yelloh Village L&#039;Etoile des Neiges\" data-background=\"https:\/\/rapideaupark.com\/wp-content\/uploads\/2023\/04\/e18_yelloh_village_l_eto_1430045_Etoile_des_neiges_ACTIVITE_TENNIS_01-1536x1152.jpg\">\n\n\t\t\t\t\t\t\t<div class=\"swiper-lazy-preloader\"><\/div>\n\t\t\t\n\t\t\t\t\t<\/div>\n\t\t\t\t\t\t\t\t<\/div>\n\t\t\t\t\t\t\t\t\t\t\t<div class=\"swiper-slide\" role=\"group\" aria-roledescription=\"slide\">\n\t\t\t\t\t\t\t\t\t<div class=\"elementor-carousel-image swiper-lazy\" role=\"img\" aria-label=\"Casa mobile del villaggio Yelloh l&#039;\u00e9toile des neiges\" data-background=\"https:\/\/rapideaupark.com\/wp-content\/uploads\/2023\/04\/e18_yelloh_village_l_eto_1430045_Etoile_des_neiges_HEBERGEMENT_Allee_01-1536x1152.jpg\">\n\n\t\t\t\t\t\t\t<div class=\"swiper-lazy-preloader\"><\/div>\n\t\t\t\n\t\t\t\t\t<\/div>\n\t\t\t\t\t\t\t\t<\/div>\n\t\t\t\t\t\t\t\t\t\t\t<div class=\"swiper-slide\" role=\"group\" aria-roledescription=\"slide\">\n\t\t\t\t\t\t\t\t\t<div class=\"elementor-carousel-image swiper-lazy\" role=\"img\" aria-label=\"Giochi all&#039;aperto per bambini nel villaggio Yelloh l&#039;\u00e9toile des neiges\" data-background=\"https:\/\/rapideaupark.com\/wp-content\/uploads\/2023\/04\/e18_yelloh_village_l_eto_1430045_Etoile_des_neiges_ACTIVITE_JeuxEnfants_02-1536x1152.jpg\">\n\n\t\t\t\t\t\t\t<div class=\"swiper-lazy-preloader\"><\/div>\n\t\t\t\n\t\t\t\t\t<\/div>\n\t\t\t\t\t\t\t\t<\/div>\n\t\t\t\t\t\t\t\t\t\t\t<div class=\"swiper-slide\" role=\"group\" aria-roledescription=\"slide\">\n\t\t\t\t\t\t\t\t\t<div class=\"elementor-carousel-image swiper-lazy\" role=\"img\" aria-label=\"Palazzetto dello sport del villaggio Yelloh l&#039;\u00e9toile des neiges\" data-background=\"https:\/\/rapideaupark.com\/wp-content\/uploads\/2023\/04\/e18_yelloh_village_l_eto_1430045_Etoile_des_neiges_ACTIVITE_FITNESS_03-1536x1152.jpg\">\n\n\t\t\t\t\t\t\t<div class=\"swiper-lazy-preloader\"><\/div>\n\t\t\t\n\t\t\t\t\t<\/div>\n\t\t\t\t\t\t\t\t<\/div>\n\t\t\t\t\t\t\t\t\t\t\t<div class=\"swiper-slide\" role=\"group\" aria-roledescription=\"slide\">\n\t\t\t\t\t\t\t\t\t<div class=\"elementor-carousel-image swiper-lazy\" role=\"img\" aria-label=\"Piscine del villaggio Yelloh l&#039;\u00e9toile des neiges\" data-background=\"https:\/\/rapideaupark.com\/wp-content\/uploads\/2023\/04\/CAMPING-FAMILLES-ALPES-LAC-SERRE-PONCON-MONTCLAR-PISCINES-1536x1152.jpg\">\n\n\t\t\t\t\t\t\t<div class=\"swiper-lazy-preloader\"><\/div>\n\t\t\t\n\t\t\t\t\t<\/div>\n\t\t\t\t\t\t\t\t<\/div>\n\t\t\t\t\t\t\t\t\t\t\t<div class=\"swiper-slide\" role=\"group\" aria-roledescription=\"slide\">\n\t\t\t\t\t\t\t\t\t<div class=\"elementor-carousel-image swiper-lazy\" role=\"img\" aria-label=\"Piscine del villaggio Yelloh l&#039;\u00e9toile des neiges\" data-background=\"https:\/\/rapideaupark.com\/wp-content\/uploads\/2023\/04\/CAMPING-FAMILLES-ALPES-LAC-SERRE-PONCON-MONTCLAR-PISCINES-1536x1152.jpg\">\n\n\t\t\t\t\t\t\t<div class=\"swiper-lazy-preloader\"><\/div>\n\t\t\t\n\t\t\t\t\t<\/div>\n\t\t\t\t\t\t\t\t<\/div>\n\t\t\t\t\t\t\t\t\t\t\t<div class=\"swiper-slide\" role=\"group\" aria-roledescription=\"slide\">\n\t\t\t\t\t\t\t\t\t<div class=\"elementor-carousel-image swiper-lazy\" role=\"img\" aria-label=\"Spa allo Yelloh Village l&#039;Etoile des Neiges\" data-background=\"https:\/\/rapideaupark.com\/wp-content\/uploads\/2023\/04\/e18_yelloh_village_l_eto_1430045_Etoile_des_neiges_ESPACEAQUATIQUE_25-1536x1152.jpg\">\n\n\t\t\t\t\t\t\t<div class=\"swiper-lazy-preloader\"><\/div>\n\t\t\t\n\t\t\t\t\t<\/div>\n\t\t\t\t\t\t\t\t<\/div>\n\t\t\t\t\t\t\t\t\t<\/div>\n\t\t\t\t\t\t\t\t\t\t\t\t\t\t\t<div class=\"elementor-swiper-button elementor-swiper-button-prev\" role=\"button\" tabindex=\"0\" aria-label=\"Previous\" data-no-translation-aria-label=\"\">\n\t\t\t\t\t\t\t<i aria-hidden=\"true\" class=\"eicon-chevron-left\"><\/i>\t\t\t\t\t\t<\/div>\n\t\t\t\t\t\t<div class=\"elementor-swiper-button elementor-swiper-button-next\" role=\"button\" tabindex=\"0\" aria-label=\"Next\" data-no-translation-aria-label=\"\">\n\t\t\t\t\t\t\t<i aria-hidden=\"true\" class=\"eicon-chevron-right\"><\/i>\t\t\t\t\t\t<\/div>\n\t\t\t\t\t\t\t\t\t\t\t\t\t\t\t\t\t<\/div>\n\t\t\t\t<\/div>\n\t\t\t\t\t\t\t\t<div class=\"elementor-swiper\">\n\t\t\t\t\t<div class=\"elementor-main-swiper swiper elementor-thumbnails-swiper swiper\" role=\"region region\" aria-roledescription=\"carousel carousel\" aria-label=\"Slides Slides\">\n\t\t\t\t<div class=\"swiper-wrapper\">\n\t\t\t\t\t\t\t\t\t\t\t<div class=\"swiper-slide\" role=\"group\" aria-roledescription=\"slide\">\n\t\t\t\t\t\t\t\t\t<div class=\"elementor-carousel-image swiper-lazy\" role=\"img\" aria-label=\"Area di balneoterapia del villaggio Yelloh l&#039;\u00e9toile des neiges\" data-background=\"https:\/\/rapideaupark.com\/wp-content\/uploads\/2023\/04\/ESPACE-BALNEO-CAMPING-MONTAGNE-ALPES-1536x1152.jpg\">\n\n\t\t\t\t\t\t\t<div class=\"swiper-lazy-preloader\"><\/div>\n\t\t\t\n\t\t\t\t\t<\/div>\n\t\t\t\t\t\t\t\t<\/div>\n\t\t\t\t\t\t\t\t\t\t\t<div class=\"swiper-slide\" role=\"group\" aria-roledescription=\"slide\">\n\t\t\t\t\t\t\t\t\t<div class=\"elementor-carousel-image swiper-lazy\" role=\"img\" aria-label=\"Paesaggio del villaggio Yelloh l&#039;\u00e9toile des neiges\" data-background=\"https:\/\/rapideaupark.com\/wp-content\/uploads\/2023\/04\/e18_yelloh_village_l_eto_1430045_Etoile_des_neiges_HEBERGEMENT_Allee_03-1536x1152.jpg\">\n\n\t\t\t\t\t\t\t<div class=\"swiper-lazy-preloader\"><\/div>\n\t\t\t\n\t\t\t\t\t<\/div>\n\t\t\t\t\t\t\t\t<\/div>\n\t\t\t\t\t\t\t\t\t\t\t<div class=\"swiper-slide\" role=\"group\" aria-roledescription=\"slide\">\n\t\t\t\t\t\t\t\t\t<div class=\"elementor-carousel-image swiper-lazy\" role=\"img\" aria-label=\"Campo da tennis Yelloh Village L&#039;Etoile des Neiges\" data-background=\"https:\/\/rapideaupark.com\/wp-content\/uploads\/2023\/04\/e18_yelloh_village_l_eto_1430045_Etoile_des_neiges_ACTIVITE_TENNIS_01-1536x1152.jpg\">\n\n\t\t\t\t\t\t\t<div class=\"swiper-lazy-preloader\"><\/div>\n\t\t\t\n\t\t\t\t\t<\/div>\n\t\t\t\t\t\t\t\t<\/div>\n\t\t\t\t\t\t\t\t\t\t\t<div class=\"swiper-slide\" role=\"group\" aria-roledescription=\"slide\">\n\t\t\t\t\t\t\t\t\t<div class=\"elementor-carousel-image swiper-lazy\" role=\"img\" aria-label=\"Casa mobile del villaggio Yelloh l&#039;\u00e9toile des neiges\" data-background=\"https:\/\/rapideaupark.com\/wp-content\/uploads\/2023\/04\/e18_yelloh_village_l_eto_1430045_Etoile_des_neiges_HEBERGEMENT_Allee_01-1536x1152.jpg\">\n\n\t\t\t\t\t\t\t<div class=\"swiper-lazy-preloader\"><\/div>\n\t\t\t\n\t\t\t\t\t<\/div>\n\t\t\t\t\t\t\t\t<\/div>\n\t\t\t\t\t\t\t\t\t\t\t<div class=\"swiper-slide\" role=\"group\" aria-roledescription=\"slide\">\n\t\t\t\t\t\t\t\t\t<div class=\"elementor-carousel-image swiper-lazy\" role=\"img\" aria-label=\"Giochi all&#039;aperto per bambini nel villaggio Yelloh l&#039;\u00e9toile des neiges\" data-background=\"https:\/\/rapideaupark.com\/wp-content\/uploads\/2023\/04\/e18_yelloh_village_l_eto_1430045_Etoile_des_neiges_ACTIVITE_JeuxEnfants_02-1536x1152.jpg\">\n\n\t\t\t\t\t\t\t<div class=\"swiper-lazy-preloader\"><\/div>\n\t\t\t\n\t\t\t\t\t<\/div>\n\t\t\t\t\t\t\t\t<\/div>\n\t\t\t\t\t\t\t\t\t\t\t<div class=\"swiper-slide\" role=\"group\" aria-roledescription=\"slide\">\n\t\t\t\t\t\t\t\t\t<div class=\"elementor-carousel-image swiper-lazy\" role=\"img\" aria-label=\"Palazzetto dello sport del villaggio Yelloh l&#039;\u00e9toile des neiges\" data-background=\"https:\/\/rapideaupark.com\/wp-content\/uploads\/2023\/04\/e18_yelloh_village_l_eto_1430045_Etoile_des_neiges_ACTIVITE_FITNESS_03-1536x1152.jpg\">\n\n\t\t\t\t\t\t\t<div class=\"swiper-lazy-preloader\"><\/div>\n\t\t\t\n\t\t\t\t\t<\/div>\n\t\t\t\t\t\t\t\t<\/div>\n\t\t\t\t\t\t\t\t\t\t\t<div class=\"swiper-slide\" role=\"group\" aria-roledescription=\"slide\">\n\t\t\t\t\t\t\t\t\t<div class=\"elementor-carousel-image swiper-lazy\" role=\"img\" aria-label=\"Piscine del villaggio Yelloh l&#039;\u00e9toile des neiges\" data-background=\"https:\/\/rapideaupark.com\/wp-content\/uploads\/2023\/04\/CAMPING-FAMILLES-ALPES-LAC-SERRE-PONCON-MONTCLAR-PISCINES-1536x1152.jpg\">\n\n\t\t\t\t\t\t\t<div class=\"swiper-lazy-preloader\"><\/div>\n\t\t\t\n\t\t\t\t\t<\/div>\n\t\t\t\t\t\t\t\t<\/div>\n\t\t\t\t\t\t\t\t\t\t\t<div class=\"swiper-slide\" role=\"group\" aria-roledescription=\"slide\">\n\t\t\t\t\t\t\t\t\t<div class=\"elementor-carousel-image swiper-lazy\" role=\"img\" aria-label=\"Piscine del villaggio Yelloh l&#039;\u00e9toile des neiges\" data-background=\"https:\/\/rapideaupark.com\/wp-content\/uploads\/2023\/04\/CAMPING-FAMILLES-ALPES-LAC-SERRE-PONCON-MONTCLAR-PISCINES-1536x1152.jpg\">\n\n\t\t\t\t\t\t\t<div class=\"swiper-lazy-preloader\"><\/div>\n\t\t\t\n\t\t\t\t\t<\/div>\n\t\t\t\t\t\t\t\t<\/div>\n\t\t\t\t\t\t\t\t\t\t\t<div class=\"swiper-slide\" role=\"group\" aria-roledescription=\"slide\">\n\t\t\t\t\t\t\t\t\t<div class=\"elementor-carousel-image swiper-lazy\" role=\"img\" aria-label=\"Spa allo Yelloh Village l&#039;Etoile des Neiges\" data-background=\"https:\/\/rapideaupark.com\/wp-content\/uploads\/2023\/04\/e18_yelloh_village_l_eto_1430045_Etoile_des_neiges_ESPACEAQUATIQUE_25-1536x1152.jpg\">\n\n\t\t\t\t\t\t\t<div class=\"swiper-lazy-preloader\"><\/div>\n\t\t\t\n\t\t\t\t\t<\/div>\n\t\t\t\t\t\t\t\t<\/div>\n\t\t\t\t\t\t\t\t\t<\/div>\n\t\t\t\t\t\t\t\t\t\t\t\t\t\t\t\t\t\t\t\t\t<\/div>\n\t\t\t\t<\/div>\n\t\t\t\t\t\t\t\t<\/div>\n\t\t\t\t<\/div>\n\t\t\t\t<div class=\"elementor-element elementor-element-177e897 elementor-tabs-view-vertical elementor-tabs-alignment-stretch elementor-widget__width-initial elementor-widget elementor-widget-tabs\" data-id=\"177e897\" data-element_type=\"widget\" data-e-type=\"widget\" data-widget_type=\"tabs.default\">\n\t\t\t\t<div class=\"elementor-widget-container\">\n\t\t\t\t\t\t\t<div class=\"elementor-tabs\">\n\t\t\t<div class=\"elementor-tabs-wrapper\" role=\"tablist\" >\n\t\t\t\t\t\t\t\t\t<div id=\"elementor-tab-title-2461\" class=\"elementor-tab-title elementor-tab-desktop-title\" aria-selected=\"true\" data-tab=\"1\" role=\"tab\" tabindex=\"0\" aria-controls=\"elementor-tab-content-2461\" aria-expanded=\"false\">Descrizione<\/div>\n\t\t\t\t\t\t\t\t\t<div id=\"elementor-tab-title-2462\" class=\"elementor-tab-title elementor-tab-desktop-title\" aria-selected=\"false\" data-tab=\"2\" role=\"tab\" tabindex=\"-1\" aria-controls=\"elementor-tab-content-2462\" aria-expanded=\"false\">Attivit\u00e0<\/div>\n\t\t\t\t\t\t\t\t\t<div id=\"elementor-tab-title-2463\" class=\"elementor-tab-title elementor-tab-desktop-title\" aria-selected=\"false\" data-tab=\"3\" role=\"tab\" tabindex=\"-1\" aria-controls=\"elementor-tab-content-2463\" aria-expanded=\"false\">Posizione<\/div>\n\t\t\t\t\t\t\t\t\t<div id=\"elementor-tab-title-2464\" class=\"elementor-tab-title elementor-tab-desktop-title\" aria-selected=\"false\" data-tab=\"4\" role=\"tab\" tabindex=\"-1\" aria-controls=\"elementor-tab-content-2464\" aria-expanded=\"false\">Contatto<\/div>\n\t\t\t\t\t\t\t<\/div>\n\t\t\t<div class=\"elementor-tabs-content-wrapper\" role=\"tablist\" aria-orientation=\"vertical\">\n\t\t\t\t\t\t\t\t\t<div class=\"elementor-tab-title elementor-tab-mobile-title\" aria-selected=\"true\" data-tab=\"1\" role=\"tab\" tabindex=\"0\" aria-controls=\"elementor-tab-content-2461\" aria-expanded=\"false\">Descrizione<\/div>\n\t\t\t\t\t<div id=\"elementor-tab-content-2461\" class=\"elementor-tab-content elementor-clearfix\" data-tab=\"1\" role=\"tabpanel\" aria-labelledby=\"elementor-tab-title-2461\" tabindex=\"0\" hidden=\"false\"><p><span style=\"font-family: Cormorant SC; font-weight: 900; color: #000000; font-size: 20px;\">Yelloh village l&#039;Etoile des neiges *****\u00a0<\/span><\/p><p style=\"text-align: left;\">Immerso in un piccolo villaggio di montagna, lo Yelloh Village L&#039;\u00c9toile des Neiges ti accoglie per le tue vacanze in campeggio.<\/p><p style=\"text-align: left;\">\u00c8 la meta ideale per le tue vacanze estive o invernali in montagna. L&#039;Etoile des Neiges vi accoglie in una piazzola o in affitto in una casa mobile, in un cottage o in uno chalet in una natura incontaminata.<\/p><\/div>\n\t\t\t\t\t\t\t\t\t<div class=\"elementor-tab-title elementor-tab-mobile-title\" aria-selected=\"false\" data-tab=\"2\" role=\"tab\" tabindex=\"-1\" aria-controls=\"elementor-tab-content-2462\" aria-expanded=\"false\">Attivit\u00e0<\/div>\n\t\t\t\t\t<div id=\"elementor-tab-content-2462\" class=\"elementor-tab-content elementor-clearfix\" data-tab=\"2\" role=\"tabpanel\" aria-labelledby=\"elementor-tab-title-2462\" tabindex=\"0\" hidden=\"hidden\"><p>Questo campeggio ti offre tutti i comfort per rilassarti durante il tuo soggiorno: un&#039;area balneoterapica coperta con SPA, sauna e hammam, una palestra, un&#039;area acquatica all&#039;aperto riscaldata con scivoli e un fiume che scorre, oltre a una divertente piscina per bambini coperta e riscaldata con mini scivoli, campo da tennis, campo polisportivo, ristorante, bar, mini club e altri divertimenti per grandi e piccini.<\/p><\/div>\n\t\t\t\t\t\t\t\t\t<div class=\"elementor-tab-title elementor-tab-mobile-title\" aria-selected=\"false\" data-tab=\"3\" role=\"tab\" tabindex=\"-1\" aria-controls=\"elementor-tab-content-2463\" aria-expanded=\"false\">Posizione<\/div>\n\t\t\t\t\t<div id=\"elementor-tab-content-2463\" class=\"elementor-tab-content elementor-clearfix\" data-tab=\"3\" role=\"tabpanel\" aria-labelledby=\"elementor-tab-title-2463\" tabindex=\"0\" hidden=\"hidden\"><p>Situato nelle Alpi del Sud, questo campeggio nelle Alpi dell&#039;Alta Provenza aperto per la stagione invernale e la stagione estiva \u00e8 molto vicino al lago di Serre Pon\u00e7on con le sue spiagge e insenature, ma anche agli impianti di risalita situati a 200 metri per sciare. fai pi\u00f9 escursioni e incontra le marmotte in estate.<\/p><p><b>Indirizzo :\u00a0<\/b>Yelloh! Village L&#039;Etoile des Neiges 04140 Saint Jean Montclar FRANCIA\u00a0<\/p><\/div>\n\t\t\t\t\t\t\t\t\t<div class=\"elementor-tab-title elementor-tab-mobile-title\" aria-selected=\"false\" data-tab=\"4\" role=\"tab\" tabindex=\"-1\" aria-controls=\"elementor-tab-content-2464\" aria-expanded=\"false\">Contatto<\/div>\n\t\t\t\t\t<div id=\"elementor-tab-content-2464\" class=\"elementor-tab-content elementor-clearfix\" data-tab=\"4\" role=\"tabpanel\" aria-labelledby=\"elementor-tab-title-2464\" tabindex=\"0\" hidden=\"hidden\"><p><b>Apertura :\u00a0<\/b> Aperto dal 18\/12\/2021 al 13\/03\/2022 &amp; Aperto dal 25\/05\/2022 al 07\/09\/2022<\/p><p><b>Indirizzo :\u00a0<\/b>Yelloh! Village L&#039;Etoile des Neiges 04140 Saint Jean Montclar FRANCIA\u00a0<\/p><p><b>Sito web :<\/b> <a href=\"http:\/\/www.etoile-des-neiges.com\" target=\"_blank\" rel=\"nofollow noopener\">www.etoile-des-neiges.com<\/a><\/p><p><b>Accoglienza del campeggio:<\/b> +33 (0)4 92 35 07 08<\/p><\/div>\n\t\t\t\t\t\t\t<\/div>\n\t\t<\/div>\n\t\t\t\t\t\t<\/div>\n\t\t\t\t<\/div>\n\t\t\t\t<div class=\"elementor-element elementor-element-fd1af90 e-transform elementor-widget-divider--separator-type-pattern elementor-widget-divider--no-spacing elementor-widget-divider--view-line elementor-widget elementor-widget-divider\" data-id=\"fd1af90\" data-element_type=\"widget\" data-e-type=\"widget\" data-settings=\"{&quot;_transform_flipX_effect&quot;:&quot;transform&quot;}\" data-widget_type=\"divider.default\">\n\t\t\t\t<div class=\"elementor-widget-container\">\n\t\t\t\t\t\t\t<div class=\"elementor-divider\" style=\"--divider-pattern-url: url(&quot;data:image\/svg+xml,%3Csvg xmlns=&#039;http:\/\/www.w3.org\/2000\/svg&#039; preserveAspectRatio=&#039;xMidYMid meet&#039; overflow=&#039;visible&#039; height=&#039;100%&#039; viewBox=&#039;0 0 123 26&#039; fill=&#039;black&#039; stroke=&#039;none&#039;%3E%3Cpath d=&#039;M6.4,2l4.2,5.7H7.7v2.7l3.8,5.2l-3.8,0v7.8H4.8v-7.8H0l4.8-5.2V7.7H1.1L6.4,2z M25.6,2L31,7.7h-3.7v2.7l4.8,5.2h-4.8v7.8h-2.8v-7.8l-3.8,0l3.8-5.2V7.7h-2.9L25.6,2z M47.5,2l4.2,5.7h-3.3v2.7l3.8,5.2l-3.8,0l0.4,7.8h-2.8v-7.8H41l4.8-5.2V7.7h-3.7L47.5,2z M66.2,2l5.4,5.7h-3.7v2.7l4.8,5.2h-4.8v7.8H65v-7.8l-3.8,0l3.8-5.2V7.7h-2.9L66.2,2zM87.4,2l4.8,5.7h-2.9v3.1l3.8,4.8l-3.8,0v7.8h-2.8v-7.8h-4.8l4.8-4.8V7.7h-3.7L87.4,2z M107.3,2l5.4,5.7h-3.7v2.7l4.8,5.2h-4.8v7.8H106v-7.8l-3.8,0l3.8-5.2V7.7h-2.9L107.3,2z&#039;\/%3E%3C\/svg%3E&quot;);\">\n\t\t\t<span class=\"elementor-divider-separator\">\n\t\t\t\t\t\t<\/span>\n\t\t<\/div>\n\t\t\t\t\t\t<\/div>\n\t\t\t\t<\/div>\n\t\t\t\t\t<\/div>\n\t\t<\/div>\n\t\t\t\t\t<\/div>\n\t\t<\/section>\n\t\t\t\t\t<\/div>\n\t\t<\/div>\n\t\t\t\t\t<\/div>\n\t\t<\/section>\n\t\t\t\t<section class=\"elementor-section elementor-top-section elementor-element elementor-element-a53ba45 elementor-section-boxed elementor-section-height-default elementor-section-height-default\" data-id=\"a53ba45\" data-element_type=\"section\" data-e-type=\"section\" data-settings=\"{&quot;ekit_has_onepagescroll_dot&quot;:&quot;yes&quot;}\">\n\t\t\t\t\t\t<div class=\"elementor-container elementor-column-gap-no\">\n\t\t\t\t\t<div class=\"elementor-column elementor-col-100 elementor-top-column elementor-element elementor-element-f4f3fcd\" data-id=\"f4f3fcd\" data-element_type=\"column\" data-e-type=\"column\">\n\t\t\t<div class=\"elementor-widget-wrap elementor-element-populated\">\n\t\t\t\t\t\t<div class=\"elementor-element elementor-element-e9cae20 elementor-widget elementor-widget-elementskit-heading\" data-id=\"e9cae20\" data-element_type=\"widget\" data-e-type=\"widget\" data-widget_type=\"elementskit-heading.default\">\n\t\t\t\t<div class=\"elementor-widget-container\">\n\t\t\t\t\t<div class=\"ekit-wid-con\" ><div class=\"ekit-heading elementskit-section-title-wraper text_left   ekit_heading_tablet-text_center   ekit_heading_mobile-text_left\"><h2 class=\"ekit-heading--title elementskit-section-title\">Pensione <span><span>I significati<\/span><\/span><\/h2><\/div><\/div>\t\t\t\t<\/div>\n\t\t\t\t<\/div>\n\t\t\t\t<section class=\"elementor-section elementor-inner-section elementor-element elementor-element-379520b elementor-section-boxed elementor-section-height-default elementor-section-height-default\" data-id=\"379520b\" data-element_type=\"section\" data-e-type=\"section\" data-settings=\"{&quot;ekit_has_onepagescroll_dot&quot;:&quot;yes&quot;}\">\n\t\t\t\t\t\t<div class=\"elementor-container elementor-column-gap-no\">\n\t\t\t\t\t<div class=\"elementor-column elementor-col-100 elementor-inner-column elementor-element elementor-element-fefe859\" data-id=\"fefe859\" data-element_type=\"column\" data-e-type=\"column\">\n\t\t\t<div class=\"elementor-widget-wrap elementor-element-populated\">\n\t\t\t\t\t\t<div class=\"elementor-element elementor-element-152fc1b elementor-skin-slideshow elementor-arrows-yes elementor-widget elementor-widget-media-carousel\" data-id=\"152fc1b\" data-element_type=\"widget\" data-e-type=\"widget\" data-settings=\"{&quot;skin&quot;:&quot;slideshow&quot;,&quot;lazyload&quot;:&quot;yes&quot;,&quot;effect&quot;:&quot;slide&quot;,&quot;show_arrows&quot;:&quot;yes&quot;,&quot;speed&quot;:500,&quot;autoplay&quot;:&quot;yes&quot;,&quot;autoplay_speed&quot;:5000,&quot;loop&quot;:&quot;yes&quot;,&quot;pause_on_hover&quot;:&quot;yes&quot;,&quot;pause_on_interaction&quot;:&quot;yes&quot;,&quot;space_between&quot;:{&quot;unit&quot;:&quot;px&quot;,&quot;size&quot;:10,&quot;sizes&quot;:[]},&quot;space_between_tablet&quot;:{&quot;unit&quot;:&quot;px&quot;,&quot;size&quot;:10,&quot;sizes&quot;:[]},&quot;space_between_mobile&quot;:{&quot;unit&quot;:&quot;px&quot;,&quot;size&quot;:10,&quot;sizes&quot;:[]}}\" data-widget_type=\"media-carousel.default\">\n\t\t\t\t<div class=\"elementor-widget-container\">\n\t\t\t\t\t\t\t\t\t<div class=\"elementor-swiper\">\n\t\t\t\t\t<div class=\"elementor-main-swiper swiper\" role=\"region\" aria-roledescription=\"carousel\" aria-label=\"Slides\">\n\t\t\t\t<div class=\"swiper-wrapper\">\n\t\t\t\t\t\t\t\t\t\t\t<div class=\"swiper-slide\" role=\"group\" aria-roledescription=\"slide\">\n\t\t\t\t\t\t\t\t\t<div class=\"elementor-carousel-image swiper-lazy\" role=\"img\" aria-label=\"Affittacamere les m\u00e9ans (5)\" data-background=\"https:\/\/rapideaupark.com\/wp-content\/uploads\/2023\/04\/Maison-dhote-les-means-5-1536x1152.jpg\">\n\n\t\t\t\t\t\t\t<div class=\"swiper-lazy-preloader\"><\/div>\n\t\t\t\n\t\t\t\t\t<\/div>\n\t\t\t\t\t\t\t\t<\/div>\n\t\t\t\t\t\t\t\t\t\t\t<div class=\"swiper-slide\" role=\"group\" aria-roledescription=\"slide\">\n\t\t\t\t\t\t\t\t\t<div class=\"elementor-carousel-image swiper-lazy\" role=\"img\" aria-label=\"Giardino Pensione les m\u00e9ans\" data-background=\"https:\/\/rapideaupark.com\/wp-content\/uploads\/2023\/04\/Maison-dhote-les-means-4-1536x1152.jpg\">\n\n\t\t\t\t\t\t\t<div class=\"swiper-lazy-preloader\"><\/div>\n\t\t\t\n\t\t\t\t\t<\/div>\n\t\t\t\t\t\t\t\t<\/div>\n\t\t\t\t\t\t\t\t\t\t\t<div class=\"swiper-slide\" role=\"group\" aria-roledescription=\"slide\">\n\t\t\t\t\t\t\t\t\t<div class=\"elementor-carousel-image swiper-lazy\" role=\"img\" aria-label=\"Spazio verde Guest house les m\u00e9ans\" data-background=\"https:\/\/rapideaupark.com\/wp-content\/uploads\/2023\/04\/Maison-dhote-les-means-3-1536x1152.jpg\">\n\n\t\t\t\t\t\t\t<div class=\"swiper-lazy-preloader\"><\/div>\n\t\t\t\n\t\t\t\t\t<\/div>\n\t\t\t\t\t\t\t\t<\/div>\n\t\t\t\t\t\t\t\t\t\t\t<div class=\"swiper-slide\" role=\"group\" aria-roledescription=\"slide\">\n\t\t\t\t\t\t\t\t\t<div class=\"elementor-carousel-image swiper-lazy\" role=\"img\" aria-label=\"Salone estivo Guest house les m\u00e9ans\" data-background=\"https:\/\/rapideaupark.com\/wp-content\/uploads\/2023\/04\/Maison-dhote-les-means-1.jpeg\">\n\n\t\t\t\t\t\t\t<div class=\"swiper-lazy-preloader\"><\/div>\n\t\t\t\n\t\t\t\t\t<\/div>\n\t\t\t\t\t\t\t\t<\/div>\n\t\t\t\t\t\t\t\t\t\t\t<div class=\"swiper-slide\" role=\"group\" aria-roledescription=\"slide\">\n\t\t\t\t\t\t\t\t\t<div class=\"elementor-carousel-image swiper-lazy\" role=\"img\" aria-label=\"Pensione les m\u00e9ans\" data-background=\"https:\/\/rapideaupark.com\/wp-content\/uploads\/2023\/04\/Maison-dhote-les-means-2-1536x1152.jpg\">\n\n\t\t\t\t\t\t\t<div class=\"swiper-lazy-preloader\"><\/div>\n\t\t\t\n\t\t\t\t\t<\/div>\n\t\t\t\t\t\t\t\t<\/div>\n\t\t\t\t\t\t\t\t\t\t\t<div class=\"swiper-slide\" role=\"group\" aria-roledescription=\"slide\">\n\t\t\t\t\t\t\t\t\t<div class=\"elementor-carousel-image swiper-lazy\" role=\"img\" aria-label=\"Veduta della pensione les m\u00e9ans\" data-background=\"https:\/\/rapideaupark.com\/wp-content\/uploads\/2023\/04\/Maison-dhote-les-means-1-1536x1152.jpg\">\n\n\t\t\t\t\t\t\t<div class=\"swiper-lazy-preloader\"><\/div>\n\t\t\t\n\t\t\t\t\t<\/div>\n\t\t\t\t\t\t\t\t<\/div>\n\t\t\t\t\t\t\t\t\t<\/div>\n\t\t\t\t\t\t\t\t\t\t\t\t\t\t\t<div class=\"elementor-swiper-button elementor-swiper-button-prev\" role=\"button\" tabindex=\"0\" aria-label=\"Previous\" data-no-translation-aria-label=\"\">\n\t\t\t\t\t\t\t<i aria-hidden=\"true\" class=\"eicon-chevron-left\"><\/i>\t\t\t\t\t\t<\/div>\n\t\t\t\t\t\t<div class=\"elementor-swiper-button elementor-swiper-button-next\" role=\"button\" tabindex=\"0\" aria-label=\"Next\" data-no-translation-aria-label=\"\">\n\t\t\t\t\t\t\t<i aria-hidden=\"true\" class=\"eicon-chevron-right\"><\/i>\t\t\t\t\t\t<\/div>\n\t\t\t\t\t\t\t\t\t\t\t\t\t\t\t\t\t<\/div>\n\t\t\t\t<\/div>\n\t\t\t\t\t\t\t\t<div class=\"elementor-swiper\">\n\t\t\t\t\t<div class=\"elementor-main-swiper swiper elementor-thumbnails-swiper swiper\" role=\"region region\" aria-roledescription=\"carousel carousel\" aria-label=\"Slides Slides\">\n\t\t\t\t<div class=\"swiper-wrapper\">\n\t\t\t\t\t\t\t\t\t\t\t<div class=\"swiper-slide\" role=\"group\" aria-roledescription=\"slide\">\n\t\t\t\t\t\t\t\t\t<div class=\"elementor-carousel-image swiper-lazy\" role=\"img\" aria-label=\"Affittacamere les m\u00e9ans (5)\" data-background=\"https:\/\/rapideaupark.com\/wp-content\/uploads\/2023\/04\/Maison-dhote-les-means-5-1536x1152.jpg\">\n\n\t\t\t\t\t\t\t<div class=\"swiper-lazy-preloader\"><\/div>\n\t\t\t\n\t\t\t\t\t<\/div>\n\t\t\t\t\t\t\t\t<\/div>\n\t\t\t\t\t\t\t\t\t\t\t<div class=\"swiper-slide\" role=\"group\" aria-roledescription=\"slide\">\n\t\t\t\t\t\t\t\t\t<div class=\"elementor-carousel-image swiper-lazy\" role=\"img\" aria-label=\"Giardino Pensione les m\u00e9ans\" data-background=\"https:\/\/rapideaupark.com\/wp-content\/uploads\/2023\/04\/Maison-dhote-les-means-4-1536x1152.jpg\">\n\n\t\t\t\t\t\t\t<div class=\"swiper-lazy-preloader\"><\/div>\n\t\t\t\n\t\t\t\t\t<\/div>\n\t\t\t\t\t\t\t\t<\/div>\n\t\t\t\t\t\t\t\t\t\t\t<div class=\"swiper-slide\" role=\"group\" aria-roledescription=\"slide\">\n\t\t\t\t\t\t\t\t\t<div class=\"elementor-carousel-image swiper-lazy\" role=\"img\" aria-label=\"Spazio verde Guest house les m\u00e9ans\" data-background=\"https:\/\/rapideaupark.com\/wp-content\/uploads\/2023\/04\/Maison-dhote-les-means-3-1536x1152.jpg\">\n\n\t\t\t\t\t\t\t<div class=\"swiper-lazy-preloader\"><\/div>\n\t\t\t\n\t\t\t\t\t<\/div>\n\t\t\t\t\t\t\t\t<\/div>\n\t\t\t\t\t\t\t\t\t\t\t<div class=\"swiper-slide\" role=\"group\" aria-roledescription=\"slide\">\n\t\t\t\t\t\t\t\t\t<div class=\"elementor-carousel-image swiper-lazy\" role=\"img\" aria-label=\"Salone estivo Guest house les m\u00e9ans\" data-background=\"https:\/\/rapideaupark.com\/wp-content\/uploads\/2023\/04\/Maison-dhote-les-means-1.jpeg\">\n\n\t\t\t\t\t\t\t<div class=\"swiper-lazy-preloader\"><\/div>\n\t\t\t\n\t\t\t\t\t<\/div>\n\t\t\t\t\t\t\t\t<\/div>\n\t\t\t\t\t\t\t\t\t\t\t<div class=\"swiper-slide\" role=\"group\" aria-roledescription=\"slide\">\n\t\t\t\t\t\t\t\t\t<div class=\"elementor-carousel-image swiper-lazy\" role=\"img\" aria-label=\"Pensione les m\u00e9ans\" data-background=\"https:\/\/rapideaupark.com\/wp-content\/uploads\/2023\/04\/Maison-dhote-les-means-2-1536x1152.jpg\">\n\n\t\t\t\t\t\t\t<div class=\"swiper-lazy-preloader\"><\/div>\n\t\t\t\n\t\t\t\t\t<\/div>\n\t\t\t\t\t\t\t\t<\/div>\n\t\t\t\t\t\t\t\t\t\t\t<div class=\"swiper-slide\" role=\"group\" aria-roledescription=\"slide\">\n\t\t\t\t\t\t\t\t\t<div class=\"elementor-carousel-image swiper-lazy\" role=\"img\" aria-label=\"Veduta della pensione les m\u00e9ans\" data-background=\"https:\/\/rapideaupark.com\/wp-content\/uploads\/2023\/04\/Maison-dhote-les-means-1-1536x1152.jpg\">\n\n\t\t\t\t\t\t\t<div class=\"swiper-lazy-preloader\"><\/div>\n\t\t\t\n\t\t\t\t\t<\/div>\n\t\t\t\t\t\t\t\t<\/div>\n\t\t\t\t\t\t\t\t\t<\/div>\n\t\t\t\t\t\t\t\t\t\t\t\t\t\t\t\t\t\t\t\t\t<\/div>\n\t\t\t\t<\/div>\n\t\t\t\t\t\t\t\t<\/div>\n\t\t\t\t<\/div>\n\t\t\t\t<div class=\"elementor-element elementor-element-2da8e58 elementor-tabs-view-vertical elementor-tabs-alignment-stretch elementor-widget__width-initial elementor-widget elementor-widget-tabs\" data-id=\"2da8e58\" data-element_type=\"widget\" data-e-type=\"widget\" data-widget_type=\"tabs.default\">\n\t\t\t\t<div class=\"elementor-widget-container\">\n\t\t\t\t\t\t\t<div class=\"elementor-tabs\">\n\t\t\t<div class=\"elementor-tabs-wrapper\" role=\"tablist\" >\n\t\t\t\t\t\t\t\t\t<div id=\"elementor-tab-title-4781\" class=\"elementor-tab-title elementor-tab-desktop-title\" aria-selected=\"true\" data-tab=\"1\" role=\"tab\" tabindex=\"0\" aria-controls=\"elementor-tab-content-4781\" aria-expanded=\"false\">Descrizione<\/div>\n\t\t\t\t\t\t\t\t\t<div id=\"elementor-tab-title-4782\" class=\"elementor-tab-title elementor-tab-desktop-title\" aria-selected=\"false\" data-tab=\"2\" role=\"tab\" tabindex=\"-1\" aria-controls=\"elementor-tab-content-4782\" aria-expanded=\"false\">Posizione<\/div>\n\t\t\t\t\t\t\t\t\t<div id=\"elementor-tab-title-4783\" class=\"elementor-tab-title elementor-tab-desktop-title\" aria-selected=\"false\" data-tab=\"3\" role=\"tab\" tabindex=\"-1\" aria-controls=\"elementor-tab-content-4783\" aria-expanded=\"false\">Contatto<\/div>\n\t\t\t\t\t\t\t<\/div>\n\t\t\t<div class=\"elementor-tabs-content-wrapper\" role=\"tablist\" aria-orientation=\"vertical\">\n\t\t\t\t\t\t\t\t\t<div class=\"elementor-tab-title elementor-tab-mobile-title\" aria-selected=\"true\" data-tab=\"1\" role=\"tab\" tabindex=\"0\" aria-controls=\"elementor-tab-content-4781\" aria-expanded=\"false\">Descrizione<\/div>\n\t\t\t\t\t<div id=\"elementor-tab-content-4781\" class=\"elementor-tab-content elementor-clearfix\" data-tab=\"1\" role=\"tabpanel\" aria-labelledby=\"elementor-tab-title-4781\" tabindex=\"0\" hidden=\"false\"><p><span style=\"font-family: Cormorant SC; font-weight: 900; color: #000000; font-size: 20px;\">Maison d\u2019h\u00f4tes \u00ab\u00a0Les M\u00e9ans\u00a0\u00bb\u00a0<\/span><\/p><p>Cette demeure historique du XIIe si\u00e8cle fut occup\u00e9e \u00e0 l\u2019origine par des moines de l\u2019ordre des Chalaisiens. La r\u00e9novation de cet ancien presbyt\u00e8re a \u00e9t\u00e9 effectu\u00e9e en privil\u00e9giant des mat\u00e9riaux \u00e9cologiques tels que : la pierre, la chaux, le bois\u2026 ; tout en incluant les derni\u00e8res technologies environnementales comme l\u2019utilisation du chauffage \u00e0 granules de bois et l\u2019eau chaude solaire.<\/p><p>Les chambres et suites d\u2019h\u00f4tes sont meubl\u00e9es avec go\u00fbt. D\u2019une surface d\u2019approximativement 25\u2009m\u00b2, chacune comprend une d\u00e9coration soign\u00e9e et chaleureuse. Une vue d\u00e9gag\u00e9e sur les montagnes accompagne chaque chambre. La grande salle principale du rez de jardin pr\u00e9sente de belles voutes avec un grand foyer ouvert. Celle-ci est accompagn\u00e9e par une salle pour le petit d\u00e9jeuner aussi sous voutes, l\u2019ensemble de la demeure est desservie par un escalier central en bois de m\u00e9l\u00e8ze d\u2019origine et d\u2019autres entr\u00e9es individuelles\u2026<\/p><\/div>\n\t\t\t\t\t\t\t\t\t<div class=\"elementor-tab-title elementor-tab-mobile-title\" aria-selected=\"false\" data-tab=\"2\" role=\"tab\" tabindex=\"-1\" aria-controls=\"elementor-tab-content-4782\" aria-expanded=\"false\">Posizione<\/div>\n\t\t\t\t\t<div id=\"elementor-tab-content-4782\" class=\"elementor-tab-content elementor-clearfix\" data-tab=\"2\" role=\"tabpanel\" aria-labelledby=\"elementor-tab-title-4782\" tabindex=\"0\" hidden=\"hidden\"><p>Situ\u00e9e dans un hameau de la vall\u00e9e de l\u2019Ubaye, elle est entour\u00e9e de montagnes et de for\u00eats. Le domaine, du fait de sa situation g\u00e9ographique, vous assurera un s\u00e9jour au calme en pleine nature. \u00c0 l\u2019abri de ses vielles pierres avec une exposition tr\u00e8s ensoleill\u00e9e, comprenant un magnifique jardin d\u2019environ 3000\u2009m\u00b2, l\u2019ensemble de la propri\u00e9t\u00e9 est l\u00e0 pour vous offrir confort, repos et qui\u00e9tude.<\/p><p><b>Indirizzo :\u00a0<\/b>Frederic e Diana Brunet<\/p><p>490 i mezzi<\/p><p>04340 Meolans-Revel<\/p><\/div>\n\t\t\t\t\t\t\t\t\t<div class=\"elementor-tab-title elementor-tab-mobile-title\" aria-selected=\"false\" data-tab=\"3\" role=\"tab\" tabindex=\"-1\" aria-controls=\"elementor-tab-content-4783\" aria-expanded=\"false\">Contatto<\/div>\n\t\t\t\t\t<div id=\"elementor-tab-content-4783\" class=\"elementor-tab-content elementor-clearfix\" data-tab=\"3\" role=\"tabpanel\" aria-labelledby=\"elementor-tab-title-4783\" tabindex=\"0\" hidden=\"hidden\"><p><strong>Indirizzo :<\/strong> Frederic e Diana Brunet<br \/>490 i mezzi<br \/>04340 Meolans-Revel<\/p><p><strong>Telefono :<\/strong> 06 19 25 93 45<\/p><p><strong>Sito web :<\/strong> <a href=\"https:\/\/www.les-means.com\/fr\" target=\"_blank\" rel=\"nofollow noopener\">https:\/\/www.les-means.com\/<\/a><\/p><\/div>\n\t\t\t\t\t\t\t<\/div>\n\t\t<\/div>\n\t\t\t\t\t\t<\/div>\n\t\t\t\t<\/div>\n\t\t\t\t<div class=\"elementor-element elementor-element-e3f66fb e-transform elementor-widget-divider--separator-type-pattern elementor-widget-divider--no-spacing elementor-widget-divider--view-line elementor-widget elementor-widget-divider\" data-id=\"e3f66fb\" data-element_type=\"widget\" data-e-type=\"widget\" data-settings=\"{&quot;_transform_flipX_effect&quot;:&quot;transform&quot;}\" data-widget_type=\"divider.default\">\n\t\t\t\t<div class=\"elementor-widget-container\">\n\t\t\t\t\t\t\t<div class=\"elementor-divider\" style=\"--divider-pattern-url: url(&quot;data:image\/svg+xml,%3Csvg xmlns=&#039;http:\/\/www.w3.org\/2000\/svg&#039; preserveAspectRatio=&#039;xMidYMid meet&#039; overflow=&#039;visible&#039; height=&#039;100%&#039; viewBox=&#039;0 0 123 26&#039; fill=&#039;black&#039; stroke=&#039;none&#039;%3E%3Cpath d=&#039;M6.4,2l4.2,5.7H7.7v2.7l3.8,5.2l-3.8,0v7.8H4.8v-7.8H0l4.8-5.2V7.7H1.1L6.4,2z M25.6,2L31,7.7h-3.7v2.7l4.8,5.2h-4.8v7.8h-2.8v-7.8l-3.8,0l3.8-5.2V7.7h-2.9L25.6,2z M47.5,2l4.2,5.7h-3.3v2.7l3.8,5.2l-3.8,0l0.4,7.8h-2.8v-7.8H41l4.8-5.2V7.7h-3.7L47.5,2z M66.2,2l5.4,5.7h-3.7v2.7l4.8,5.2h-4.8v7.8H65v-7.8l-3.8,0l3.8-5.2V7.7h-2.9L66.2,2zM87.4,2l4.8,5.7h-2.9v3.1l3.8,4.8l-3.8,0v7.8h-2.8v-7.8h-4.8l4.8-4.8V7.7h-3.7L87.4,2z M107.3,2l5.4,5.7h-3.7v2.7l4.8,5.2h-4.8v7.8H106v-7.8l-3.8,0l3.8-5.2V7.7h-2.9L107.3,2z&#039;\/%3E%3C\/svg%3E&quot;);\">\n\t\t\t<span class=\"elementor-divider-separator\">\n\t\t\t\t\t\t<\/span>\n\t\t<\/div>\n\t\t\t\t\t\t<\/div>\n\t\t\t\t<\/div>\n\t\t\t\t\t<\/div>\n\t\t<\/div>\n\t\t\t\t\t<\/div>\n\t\t<\/section>\n\t\t\t\t\t<\/div>\n\t\t<\/div>\n\t\t\t\t\t<\/div>\n\t\t<\/section>\n\t\t\t\t<section class=\"elementor-section elementor-top-section elementor-element elementor-element-cf5aacc elementor-section-boxed elementor-section-height-default elementor-section-height-default\" data-id=\"cf5aacc\" data-element_type=\"section\" data-e-type=\"section\" data-settings=\"{&quot;ekit_has_onepagescroll_dot&quot;:&quot;yes&quot;}\">\n\t\t\t\t\t\t<div class=\"elementor-container elementor-column-gap-no\">\n\t\t\t\t\t<div class=\"elementor-column elementor-col-100 elementor-top-column elementor-element elementor-element-89bb5eb\" data-id=\"89bb5eb\" data-element_type=\"column\" data-e-type=\"column\">\n\t\t\t<div class=\"elementor-widget-wrap elementor-element-populated\">\n\t\t\t\t\t\t<div class=\"elementor-element elementor-element-d79ca7f elementor-widget elementor-widget-elementskit-heading\" data-id=\"d79ca7f\" data-element_type=\"widget\" data-e-type=\"widget\" data-widget_type=\"elementskit-heading.default\">\n\t\t\t\t<div class=\"elementor-widget-container\">\n\t\t\t\t\t<div class=\"ekit-wid-con\" ><div class=\"ekit-heading elementskit-section-title-wraper text_left   ekit_heading_tablet-text_center   ekit_heading_mobile-text_left\"><h2 class=\"ekit-heading--title elementskit-section-title\">Ostello Cottage <span><span>Le Terre Bianche<\/span><\/span><\/h2><\/div><\/div>\t\t\t\t<\/div>\n\t\t\t\t<\/div>\n\t\t\t\t<section class=\"elementor-section elementor-inner-section elementor-element elementor-element-69d8bbd elementor-section-boxed elementor-section-height-default elementor-section-height-default\" data-id=\"69d8bbd\" data-element_type=\"section\" data-e-type=\"section\" data-settings=\"{&quot;ekit_has_onepagescroll_dot&quot;:&quot;yes&quot;}\">\n\t\t\t\t\t\t<div class=\"elementor-container elementor-column-gap-no\">\n\t\t\t\t\t<div class=\"elementor-column elementor-col-100 elementor-inner-column elementor-element elementor-element-ec6694b\" data-id=\"ec6694b\" data-element_type=\"column\" data-e-type=\"column\">\n\t\t\t<div class=\"elementor-widget-wrap elementor-element-populated\">\n\t\t\t\t\t\t<div class=\"elementor-element elementor-element-59e215b elementor-skin-slideshow elementor-arrows-yes elementor-widget elementor-widget-media-carousel\" data-id=\"59e215b\" data-element_type=\"widget\" data-e-type=\"widget\" data-settings=\"{&quot;skin&quot;:&quot;slideshow&quot;,&quot;lazyload&quot;:&quot;yes&quot;,&quot;effect&quot;:&quot;slide&quot;,&quot;show_arrows&quot;:&quot;yes&quot;,&quot;speed&quot;:500,&quot;autoplay&quot;:&quot;yes&quot;,&quot;autoplay_speed&quot;:5000,&quot;loop&quot;:&quot;yes&quot;,&quot;pause_on_hover&quot;:&quot;yes&quot;,&quot;pause_on_interaction&quot;:&quot;yes&quot;,&quot;space_between&quot;:{&quot;unit&quot;:&quot;px&quot;,&quot;size&quot;:10,&quot;sizes&quot;:[]},&quot;space_between_tablet&quot;:{&quot;unit&quot;:&quot;px&quot;,&quot;size&quot;:10,&quot;sizes&quot;:[]},&quot;space_between_mobile&quot;:{&quot;unit&quot;:&quot;px&quot;,&quot;size&quot;:10,&quot;sizes&quot;:[]}}\" data-widget_type=\"media-carousel.default\">\n\t\t\t\t<div class=\"elementor-widget-container\">\n\t\t\t\t\t\t\t\t\t<div class=\"elementor-swiper\">\n\t\t\t\t\t<div class=\"elementor-main-swiper swiper\" role=\"region\" aria-roledescription=\"carousel\" aria-label=\"Slides\">\n\t\t\t\t<div class=\"swiper-wrapper\">\n\t\t\t\t\t\t\t\t\t\t\t<div class=\"swiper-slide\" role=\"group\" aria-roledescription=\"slide\">\n\t\t\t\t\t\t\t\t\t<div class=\"elementor-carousel-image swiper-lazy\" role=\"img\" aria-label=\"Cottage le Terre Bianche\" data-background=\"https:\/\/rapideaupark.com\/wp-content\/uploads\/2023\/04\/Gite-les-Terres-Blanches-1-1536x1152.jpg\">\n\n\t\t\t\t\t\t\t<div class=\"swiper-lazy-preloader\"><\/div>\n\t\t\t\n\t\t\t\t\t<\/div>\n\t\t\t\t\t\t\t\t<\/div>\n\t\t\t\t\t\t\t\t\t\t\t<div class=\"swiper-slide\" role=\"group\" aria-roledescription=\"slide\">\n\t\t\t\t\t\t\t\t\t<div class=\"elementor-carousel-image swiper-lazy\" role=\"img\" aria-label=\"Cottage le Terre Bianche\" data-background=\"https:\/\/rapideaupark.com\/wp-content\/uploads\/2023\/04\/Gite-les-Terres-Blanches-4-1536x1152.jpg\">\n\n\t\t\t\t\t\t\t<div class=\"swiper-lazy-preloader\"><\/div>\n\t\t\t\n\t\t\t\t\t<\/div>\n\t\t\t\t\t\t\t\t<\/div>\n\t\t\t\t\t\t\t\t\t\t\t<div class=\"swiper-slide\" role=\"group\" aria-roledescription=\"slide\">\n\t\t\t\t\t\t\t\t\t<div class=\"elementor-carousel-image swiper-lazy\" role=\"img\" aria-label=\"Camera da letto del G\u00eete les Terres Blanches\" data-background=\"https:\/\/rapideaupark.com\/wp-content\/uploads\/2023\/04\/Gite-les-Terres-Blanches-3-1536x1152.jpg\">\n\n\t\t\t\t\t\t\t<div class=\"swiper-lazy-preloader\"><\/div>\n\t\t\t\n\t\t\t\t\t<\/div>\n\t\t\t\t\t\t\t\t<\/div>\n\t\t\t\t\t\t\t\t\t\t\t<div class=\"swiper-slide\" role=\"group\" aria-roledescription=\"slide\">\n\t\t\t\t\t\t\t\t\t<div class=\"elementor-carousel-image swiper-lazy\" role=\"img\" aria-label=\"Terrazza del G\u00eete les Terres Blanches\" data-background=\"https:\/\/rapideaupark.com\/wp-content\/uploads\/2023\/04\/Gite-les-Terres-Blanches-2-1536x1152.jpg\">\n\n\t\t\t\t\t\t\t<div class=\"swiper-lazy-preloader\"><\/div>\n\t\t\t\n\t\t\t\t\t<\/div>\n\t\t\t\t\t\t\t\t<\/div>\n\t\t\t\t\t\t\t\t\t<\/div>\n\t\t\t\t\t\t\t\t\t\t\t\t\t\t\t<div class=\"elementor-swiper-button elementor-swiper-button-prev\" role=\"button\" tabindex=\"0\" aria-label=\"Previous\" data-no-translation-aria-label=\"\">\n\t\t\t\t\t\t\t<i aria-hidden=\"true\" class=\"eicon-chevron-left\"><\/i>\t\t\t\t\t\t<\/div>\n\t\t\t\t\t\t<div class=\"elementor-swiper-button elementor-swiper-button-next\" role=\"button\" tabindex=\"0\" aria-label=\"Next\" data-no-translation-aria-label=\"\">\n\t\t\t\t\t\t\t<i aria-hidden=\"true\" class=\"eicon-chevron-right\"><\/i>\t\t\t\t\t\t<\/div>\n\t\t\t\t\t\t\t\t\t\t\t\t\t\t\t\t\t<\/div>\n\t\t\t\t<\/div>\n\t\t\t\t\t\t\t\t<div class=\"elementor-swiper\">\n\t\t\t\t\t<div class=\"elementor-main-swiper swiper elementor-thumbnails-swiper swiper\" role=\"region region\" aria-roledescription=\"carousel carousel\" aria-label=\"Slides Slides\">\n\t\t\t\t<div class=\"swiper-wrapper\">\n\t\t\t\t\t\t\t\t\t\t\t<div class=\"swiper-slide\" role=\"group\" aria-roledescription=\"slide\">\n\t\t\t\t\t\t\t\t\t<div class=\"elementor-carousel-image swiper-lazy\" role=\"img\" aria-label=\"Cottage le Terre Bianche\" data-background=\"https:\/\/rapideaupark.com\/wp-content\/uploads\/2023\/04\/Gite-les-Terres-Blanches-1-1536x1152.jpg\">\n\n\t\t\t\t\t\t\t<div class=\"swiper-lazy-preloader\"><\/div>\n\t\t\t\n\t\t\t\t\t<\/div>\n\t\t\t\t\t\t\t\t<\/div>\n\t\t\t\t\t\t\t\t\t\t\t<div class=\"swiper-slide\" role=\"group\" aria-roledescription=\"slide\">\n\t\t\t\t\t\t\t\t\t<div class=\"elementor-carousel-image swiper-lazy\" role=\"img\" aria-label=\"Cottage le Terre Bianche\" data-background=\"https:\/\/rapideaupark.com\/wp-content\/uploads\/2023\/04\/Gite-les-Terres-Blanches-4-1536x1152.jpg\">\n\n\t\t\t\t\t\t\t<div class=\"swiper-lazy-preloader\"><\/div>\n\t\t\t\n\t\t\t\t\t<\/div>\n\t\t\t\t\t\t\t\t<\/div>\n\t\t\t\t\t\t\t\t\t\t\t<div class=\"swiper-slide\" role=\"group\" aria-roledescription=\"slide\">\n\t\t\t\t\t\t\t\t\t<div class=\"elementor-carousel-image swiper-lazy\" role=\"img\" aria-label=\"Camera da letto del G\u00eete les Terres Blanches\" data-background=\"https:\/\/rapideaupark.com\/wp-content\/uploads\/2023\/04\/Gite-les-Terres-Blanches-3-1536x1152.jpg\">\n\n\t\t\t\t\t\t\t<div class=\"swiper-lazy-preloader\"><\/div>\n\t\t\t\n\t\t\t\t\t<\/div>\n\t\t\t\t\t\t\t\t<\/div>\n\t\t\t\t\t\t\t\t\t\t\t<div class=\"swiper-slide\" role=\"group\" aria-roledescription=\"slide\">\n\t\t\t\t\t\t\t\t\t<div class=\"elementor-carousel-image swiper-lazy\" role=\"img\" aria-label=\"Terrazza del G\u00eete les Terres Blanches\" data-background=\"https:\/\/rapideaupark.com\/wp-content\/uploads\/2023\/04\/Gite-les-Terres-Blanches-2-1536x1152.jpg\">\n\n\t\t\t\t\t\t\t<div class=\"swiper-lazy-preloader\"><\/div>\n\t\t\t\n\t\t\t\t\t<\/div>\n\t\t\t\t\t\t\t\t<\/div>\n\t\t\t\t\t\t\t\t\t<\/div>\n\t\t\t\t\t\t\t\t\t\t\t\t\t\t\t\t\t\t\t\t\t<\/div>\n\t\t\t\t<\/div>\n\t\t\t\t\t\t\t\t<\/div>\n\t\t\t\t<\/div>\n\t\t\t\t<div class=\"elementor-element elementor-element-7010038 elementor-tabs-view-vertical elementor-tabs-alignment-stretch elementor-widget__width-initial elementor-widget elementor-widget-tabs\" data-id=\"7010038\" data-element_type=\"widget\" data-e-type=\"widget\" data-widget_type=\"tabs.default\">\n\t\t\t\t<div class=\"elementor-widget-container\">\n\t\t\t\t\t\t\t<div class=\"elementor-tabs\">\n\t\t\t<div class=\"elementor-tabs-wrapper\" role=\"tablist\" >\n\t\t\t\t\t\t\t\t\t<div id=\"elementor-tab-title-1171\" class=\"elementor-tab-title elementor-tab-desktop-title\" aria-selected=\"true\" data-tab=\"1\" role=\"tab\" tabindex=\"0\" aria-controls=\"elementor-tab-content-1171\" aria-expanded=\"false\">Descrizione<\/div>\n\t\t\t\t\t\t\t\t\t<div id=\"elementor-tab-title-1172\" class=\"elementor-tab-title elementor-tab-desktop-title\" aria-selected=\"false\" data-tab=\"2\" role=\"tab\" tabindex=\"-1\" aria-controls=\"elementor-tab-content-1172\" aria-expanded=\"false\">Posizione<\/div>\n\t\t\t\t\t\t\t\t\t<div id=\"elementor-tab-title-1173\" class=\"elementor-tab-title elementor-tab-desktop-title\" aria-selected=\"false\" data-tab=\"3\" role=\"tab\" tabindex=\"-1\" aria-controls=\"elementor-tab-content-1173\" aria-expanded=\"false\">Contatto<\/div>\n\t\t\t\t\t\t\t<\/div>\n\t\t\t<div class=\"elementor-tabs-content-wrapper\" role=\"tablist\" aria-orientation=\"vertical\">\n\t\t\t\t\t\t\t\t\t<div class=\"elementor-tab-title elementor-tab-mobile-title\" aria-selected=\"true\" data-tab=\"1\" role=\"tab\" tabindex=\"0\" aria-controls=\"elementor-tab-content-1171\" aria-expanded=\"false\">Descrizione<\/div>\n\t\t\t\t\t<div id=\"elementor-tab-content-1171\" class=\"elementor-tab-content elementor-clearfix\" data-tab=\"1\" role=\"tabpanel\" aria-labelledby=\"elementor-tab-title-1171\" tabindex=\"0\" hidden=\"false\"><span style=\"font-family: Cormorant SC; font-weight: 900; color: #000000; font-size: 20px;\">G\u00eete Auberge Les Terres Blanches<\/span><br><br>\n\nInverno ed estate, Les Terres Blanches vi d\u00e0 il benvenuto a Ubaye, a M\u00e9olans-Revel nelle Alpi dell&#039;Alta Provenza. Cerchi un posto per le tue vacanze in montagna o per un weekend?<br><br>\n\nPer un soggiorno ricco di attivit\u00e0 ricreative, sportive e culturali La valle dell&#039;Ubaye \u00e8 rinomata per la ricchezza delle sue attivit\u00e0 e del suo patrimonio culturale. \u00c8 anche uno dei cieli pi\u00f9 belli d&#039;Europa per gli appassionati di astronomia.<\/div>\n\t\t\t\t\t\t\t\t\t<div class=\"elementor-tab-title elementor-tab-mobile-title\" aria-selected=\"false\" data-tab=\"2\" role=\"tab\" tabindex=\"-1\" aria-controls=\"elementor-tab-content-1172\" aria-expanded=\"false\">Posizione<\/div>\n\t\t\t\t\t<div id=\"elementor-tab-content-1172\" class=\"elementor-tab-content elementor-clearfix\" data-tab=\"2\" role=\"tabpanel\" aria-labelledby=\"elementor-tab-title-1172\" tabindex=\"0\" hidden=\"hidden\"><p>Sandrine e Laurent vi danno un caloroso benvenuto nel loro ostello situato a M\u00e9olans-Revel, vicino a Barcelonnette, nel dipartimento delle Alpi dell&#039;Alta Provenza.<br \/>Il g\u00eete Terres Blanches \u00e8 idealmente situato a 1.100 metri di altitudine, vicino al lago di Serre-Pon\u00e7on e vicino ai sentieri escursionistici GR56 e GR6.<\/p><p><b>Indirizzo :\u00a0<\/b>Sandrine e Laurent RASPAUD<\/p><p>G\u00eete Auberge les Terres Blanches<\/p><p>45 Il villaggio di Meolans<\/p><p>04340 Meolans Revel<\/p><\/div>\n\t\t\t\t\t\t\t\t\t<div class=\"elementor-tab-title elementor-tab-mobile-title\" aria-selected=\"false\" data-tab=\"3\" role=\"tab\" tabindex=\"-1\" aria-controls=\"elementor-tab-content-1173\" aria-expanded=\"false\">Contatto<\/div>\n\t\t\t\t\t<div id=\"elementor-tab-content-1173\" class=\"elementor-tab-content elementor-clearfix\" data-tab=\"3\" role=\"tabpanel\" aria-labelledby=\"elementor-tab-title-1173\" tabindex=\"0\" hidden=\"hidden\"><p><strong>Indirizzo :<\/strong> Sandrine e Laurent RASPAUD<\/p><p>G\u00eete Auberge les Terres Blanches<\/p><p>45 Il villaggio di Meolans<\/p><p>04340 Meolans Revel<\/p><p><strong>Telefono :<\/strong> 0033-4-92-81-94-37<\/p><p><strong>E-mail: <\/strong>contact@les-terres-blanches<\/p><p><strong>Sito web :<\/strong> <a href=\"http:\/\/www.gite-auberge-ubaye.com\" target=\"_blank\" rel=\"noopener\">www.gite-auberge-ubaye.com<\/a><\/p><\/div>\n\t\t\t\t\t\t\t<\/div>\n\t\t<\/div>\n\t\t\t\t\t\t<\/div>\n\t\t\t\t<\/div>\n\t\t\t\t\t<\/div>\n\t\t<\/div>\n\t\t\t\t\t<\/div>\n\t\t<\/section>\n\t\t\t\t\t<\/div>\n\t\t<\/div>\n\t\t\t\t\t<\/div>\n\t\t<\/section>\n\t\t\t\t<\/div>","protected":false},"excerpt":{"rendered":"<p>H\u00e9bergeurs partenaires Liste d\u2019h\u00e9bergements de qualit\u00e9s situ\u00e9s \u00e0 proximit\u00e9 de la base Rapid\u2019Eau Park Camping Rioclar **** Pr\u00e9c\u00e9dent Suivant Description Activit\u00e9s Localisation Contact Description Le Camping Rioclar **** Au bord de la rivi\u00e8re Ubaye, le camping Rioclar vous accueille dans une for\u00eat de 8 ha de pins, d\u2019\u00e9pic\u00e9as et de m\u00e9l\u00e8zes \u00e0 1100 m\u00e8tres d\u2019altitude. [&hellip;]<\/p>\n","protected":false},"author":1,"featured_media":0,"parent":0,"menu_order":0,"comment_status":"closed","ping_status":"closed","template":"template-canvas.php","meta":{"_acf_changed":false,"footnotes":""},"class_list":["post-29083","page","type-page","status-publish","hentry"],"acf":[],"_links":{"self":[{"href":"https:\/\/rapideaupark.com\/it\/wp-json\/wp\/v2\/pages\/29083","targetHints":{"allow":["GET"]}}],"collection":[{"href":"https:\/\/rapideaupark.com\/it\/wp-json\/wp\/v2\/pages"}],"about":[{"href":"https:\/\/rapideaupark.com\/it\/wp-json\/wp\/v2\/types\/page"}],"author":[{"embeddable":true,"href":"https:\/\/rapideaupark.com\/it\/wp-json\/wp\/v2\/users\/1"}],"replies":[{"embeddable":true,"href":"https:\/\/rapideaupark.com\/it\/wp-json\/wp\/v2\/comments?post=29083"}],"version-history":[{"count":0,"href":"https:\/\/rapideaupark.com\/it\/wp-json\/wp\/v2\/pages\/29083\/revisions"}],"wp:attachment":[{"href":"https:\/\/rapideaupark.com\/it\/wp-json\/wp\/v2\/media?parent=29083"}],"curies":[{"name":"wp","href":"https:\/\/api.w.org\/{rel}","templated":true}]}}